{"id":2672,"date":"2021-02-22T09:28:29","date_gmt":"2021-02-22T09:28:29","guid":{"rendered":"https:\/\/www.garnigarten.it\/colazione-in-spiaggia-milano-marittima\/"},"modified":"2024-12-13T08:46:29","modified_gmt":"2024-12-13T08:46:29","slug":"fruehstueck-am-strand-in-milano-marittima","status":"publish","type":"page","link":"https:\/\/www.garnigarten.it\/de\/fruehstueck-am-strand-in-milano-marittima\/","title":{"rendered":"Fr\u00fchst\u00fcck am Strand in Milano Marittima"},"content":{"rendered":"<section class=\"l-section wpb_row height_auto full_height valign_center width_full with_img parallax_ver\"><div class=\"l-section-img\" role=\"img\" aria-label=\"Bild\" data-img-width=\"2025\" data-img-height=\"900\" style=\"background-image: url(https:\/\/www.garnigarten.it\/wp-content\/uploads\/2023\/01\/triade-colazione.jpg);background-repeat: no-repeat;\"><\/div><div class=\"l-section-h i-cf\"><div class=\"g-cols vc_row via_flex valign_top type_default stacking_default\"><div class=\"vc_col-sm-12 wpb_column vc_column_container\"><div class=\"vc_column-inner\"><div class=\"wpb_wrapper\"><\/div><\/div><\/div><\/div><\/div><\/section><section class=\"l-section wpb_row height_medium color_alternate\"><div class=\"l-section-h i-cf\"><div class=\"g-cols vc_row via_flex valign_top type_default stacking_default\"><div class=\"vc_col-sm-12 wpb_column vc_column_container\"><div class=\"vc_column-inner\"><div class=\"wpb_wrapper\">[vc_custom_heading text=&#8220;Sie k\u00f6nnen das Fr\u00fchst\u00fcck am Strand oder im Hotel w\u00e4hlen, je nach gew\u00e4hlter Behandlung&#8220; font_container=&#8220;tag:h2|text_align:center&#8220; google_fonts=&#8220;font_family:Raleway%3A100%2C200%2C300%2Cregular%2C500%2C600%2C700%2C800%2C900|font_style:300%20light%20regular%3A300%3Anormal&#8220; css=&#8220;%7B%22default%22%3A%7B%22color%22%3A%22%23599e41%22%2C%22font-size%22%3A%2222%22%7D%7D&#8220;]<div class=\"wpb_text_column\"><div class=\"wpb_wrapper\"><ul>\n<li><strong>Fr\u00fchst\u00fcck am STRAND<\/strong> (<em>Bar in unserem Bad Rosen Beach)<\/em> &gt;&gt; <strong>Verw\u00f6hnprogramm Bed and Breakfast<\/strong><\/li>\n<li><strong>Fr\u00fchst\u00fcck im HOTEL<\/strong> (in unserem Hotel Rosengarden ***S) &gt;&gt; <strong>All inklusive<\/strong><\/li>\n<\/ul>\n<\/div><\/div><div class=\"g-cols wpb_row via_flex valign_top type_default stacking_default\"><div class=\"vc_col-sm-6 wpb_column vc_column_container\"><div class=\"vc_column-inner\"><div class=\"wpb_wrapper\"><div class=\"w-btn-wrapper align_center\"><a class=\"w-btn us-btn-style_4\" href=\"https:\/\/www.garnigarten.it\/de\/anfrage\/\"><span class=\"w-btn-label\">Mehr Informationen zum ALL INCLUSIVE Paket<\/span><\/a><\/div><\/div><\/div><\/div><div class=\"vc_col-sm-6 wpb_column vc_column_container\"><div class=\"vc_column-inner\"><div class=\"wpb_wrapper\"><div class=\"w-btn-wrapper align_center\"><a class=\"w-btn us-btn-style_4\" href=\"https:\/\/www.garnigarten.it\/de\/anfrage\/\"><span class=\"w-btn-label\">Mehr Informationen zu unserem B&#038;B-Paket<\/span><\/a><\/div><\/div><\/div><\/div><\/div><\/div><\/div><\/div><\/div><\/div><\/section><section class=\"l-section wpb_row height_medium\"><div class=\"l-section-h i-cf\"><div class=\"g-cols vc_row via_flex valign_top type_default stacking_default\"><div class=\"vc_col-sm-6 wpb_column vc_column_container\"><div class=\"vc_column-inner\"><div class=\"wpb_wrapper\"><div class=\"w-grid type_grid layout_gallery_default cols_2 preload_style_spinner\" id=\"us_grid_1\" style=\"--columns:2;--gap:4px;\" data-filterable=\"true\"><style>.layout_gallery_default .w-grid-item-h{}<\/style><div class=\"w-grid-list\">\t<article class=\"w-grid-item size_1x1 post-2832 attachment type-attachment status-inherit hentry\" data-id=\"2832\">\n\t\t<div class=\"w-grid-item-h\">\n\t\t\t\t\t\t\t<a ref=\"magnificPopupGrid\" href=\"https:\/\/www.garnigarten.it\/wp-content\/uploads\/2024\/12\/1677-bar-spiaggia-grande.jpg\" class=\"w-grid-item-anchor\" aria-label=\"1677-bar-spiaggia-grande\"><\/a>\n\t\t\t\t\t\t<div class=\"w-post-elm post_image usg_post_image_1 stretched\"><img loading=\"lazy\" decoding=\"async\" width=\"150\" height=\"150\" src=\"https:\/\/www.garnigarten.it\/wp-content\/uploads\/2024\/12\/1677-bar-spiaggia-grande-150x150.jpg\" class=\"attachment-thumbnail size-thumbnail\" alt=\"\" srcset=\"https:\/\/www.garnigarten.it\/wp-content\/uploads\/2024\/12\/1677-bar-spiaggia-grande-150x150.jpg 150w, https:\/\/www.garnigarten.it\/wp-content\/uploads\/2024\/12\/1677-bar-spiaggia-grande-350x350.jpg 350w\" sizes=\"auto, (max-width: 150px) 100vw, 150px\" \/><\/div>\t\t<\/div>\n\t\t\t<\/article>\n\t<article class=\"w-grid-item size_1x1 post-2714 attachment type-attachment status-inherit hentry\" data-id=\"2714\">\n\t\t<div class=\"w-grid-item-h\">\n\t\t\t\t\t\t\t<a ref=\"magnificPopupGrid\" href=\"https:\/\/www.garnigarten.it\/wp-content\/uploads\/2021\/02\/colazione-spiaggia-verticale.jpg\" class=\"w-grid-item-anchor\" aria-label=\"colazione-spiaggia-verticale\"><\/a>\n\t\t\t\t\t\t<div class=\"w-post-elm post_image usg_post_image_1 stretched\"><img loading=\"lazy\" decoding=\"async\" width=\"150\" height=\"150\" src=\"https:\/\/www.garnigarten.it\/wp-content\/uploads\/2021\/02\/colazione-spiaggia-verticale-150x150.jpg\" class=\"attachment-thumbnail size-thumbnail\" alt=\"\" \/><\/div>\t\t<\/div>\n\t\t\t<\/article>\n\t<article class=\"w-grid-item size_1x1 post-2717 attachment type-attachment status-inherit hentry\" data-id=\"2717\">\n\t\t<div class=\"w-grid-item-h\">\n\t\t\t\t\t\t\t<a ref=\"magnificPopupGrid\" href=\"https:\/\/www.garnigarten.it\/wp-content\/uploads\/2021\/02\/tanti-bomboloni-5328.jpg\" class=\"w-grid-item-anchor\" aria-label=\"tanti-bomboloni-5328\"><\/a>\n\t\t\t\t\t\t<div class=\"w-post-elm post_image usg_post_image_1 stretched\"><img loading=\"lazy\" decoding=\"async\" width=\"150\" height=\"150\" src=\"https:\/\/www.garnigarten.it\/wp-content\/uploads\/2021\/02\/tanti-bomboloni-5328-150x150.jpg\" class=\"attachment-thumbnail size-thumbnail\" alt=\"\" \/><\/div>\t\t<\/div>\n\t\t\t<\/article>\n\t<article class=\"w-grid-item size_1x1 post-2710 attachment type-attachment status-inherit hentry\" data-id=\"2710\">\n\t\t<div class=\"w-grid-item-h\">\n\t\t\t\t\t\t\t<a ref=\"magnificPopupGrid\" href=\"https:\/\/www.garnigarten.it\/wp-content\/uploads\/2021\/02\/cappuccino-bomboloni-4740.jpg\" class=\"w-grid-item-anchor\" aria-label=\"cappuccino-bomboloni-4740\"><\/a>\n\t\t\t\t\t\t<div class=\"w-post-elm post_image usg_post_image_1 stretched\"><img loading=\"lazy\" decoding=\"async\" width=\"150\" height=\"150\" src=\"https:\/\/www.garnigarten.it\/wp-content\/uploads\/2021\/02\/cappuccino-bomboloni-4740-150x150.jpg\" class=\"attachment-thumbnail size-thumbnail\" alt=\"\" \/><\/div>\t\t<\/div>\n\t\t\t<\/article>\n<\/div><div class=\"w-grid-preloader\">\t<div class=\"g-preloader type_1\">\n\t\t<div><\/div>\n\t<\/div>\n\t<\/div>\t<div class=\"w-grid-json hidden\" onclick='return {&quot;action&quot;:&quot;us_ajax_grid&quot;,&quot;infinite_scroll&quot;:0,&quot;max_num_pages&quot;:1,&quot;pagination&quot;:&quot;none&quot;,&quot;template_vars&quot;:{&quot;columns&quot;:&quot;2&quot;,&quot;exclude_items&quot;:&quot;none&quot;,&quot;img_size&quot;:&quot;thumbnail&quot;,&quot;ignore_items_size&quot;:0,&quot;items_layout&quot;:&quot;gallery_default&quot;,&quot;items_offset&quot;:&quot;1&quot;,&quot;load_animation&quot;:&quot;none&quot;,&quot;overriding_link&quot;:&quot;%7B%22type%22%3A%22popup_image%22%7D&quot;,&quot;post_id&quot;:0,&quot;query_args&quot;:{&quot;post_type&quot;:[&quot;attachment&quot;],&quot;post__in&quot;:[&quot;2832&quot;,&quot;1844&quot;,&quot;2717&quot;,&quot;1840&quot;],&quot;post_status&quot;:&quot;inherit&quot;,&quot;post_mime_type&quot;:&quot;image&quot;,&quot;posts_per_page&quot;:999},&quot;orderby_query_args&quot;:{&quot;orderby&quot;:{&quot;post__in&quot;:&quot;ASC&quot;},&quot;order&quot;:&quot;ASC&quot;},&quot;type&quot;:&quot;grid&quot;,&quot;us_grid_post_type&quot;:&quot;attachment&quot;,&quot;us_grid_ajax_index&quot;:1,&quot;us_grid_filter_query_string&quot;:null,&quot;us_grid_index&quot;:1,&quot;page_args&quot;:[],&quot;lang&quot;:&quot;de&quot;}}'><\/div>\n\t<\/div><div class=\"w-separator size_small\"><\/div><\/div><\/div><\/div><div class=\"vc_col-sm-6 wpb_column vc_column_container\"><div class=\"vc_column-inner\"><div class=\"wpb_wrapper\">[vc_custom_heading text=&#8220;Fr\u00fchst\u00fcck am Strand!&#8220; font_container=&#8220;tag:h2|text_align:center&#8220; google_fonts=&#8220;font_family:Raleway%3A100%2C200%2C300%2Cregular%2C500%2C600%2C700%2C800%2C900|font_style:200%20light%20regular%3A200%3Anormal&#8220; css=&#8220;%7B%22default%22%3A%7B%22color%22%3A%22%23599e41%22%2C%22font-size%22%3A%2228%22%7D%7D&#8220;]<div class=\"wpb_text_column\"><div class=\"wpb_wrapper\"><p>Mit dem B&amp;B-Service <strong>jeden Morgen<\/strong> geniessen Sie ein <strong>feines Fr\u00fchst\u00fcck mit Meerblick<\/strong> und im Hintergrund das Rauschen der Wellen an der Bar des <strong>Bad Rosen Beach.<\/strong><\/p>\n<ul>\n<li>Strandbar ohne Strassen\u00fcberquerung, nur 50 m vom Garni Garten entfernt<\/li>\n<li><strong>FR\u00dcHST\u00dcCK<\/strong> von 7.30 bis 10.30 Uhr<\/li>\n<li>Wahl zwischen s\u00fcssen und salzigen Men\u00fcs<\/li>\n<li>gepflegtes Caf\u00e9 und grosse Auswahl an Tees<\/li>\n<\/ul>\n<\/div><\/div><div class=\"w-btn-wrapper align_center\"><a class=\"w-btn us-btn-style_3\" href=\"https:\/\/www.garnigarten.it\/de\/anfrage\/\"><span class=\"w-btn-label\">Fordern Sie jetzt das FR\u00dcHST\u00dcCK am STRAND<\/span><\/a><\/div><\/div><\/div><\/div><\/div><\/div><\/section><section class=\"l-section wpb_row height_medium color_alternate\"><div class=\"l-section-h i-cf\"><div class=\"g-cols vc_row via_flex valign_top type_default stacking_default\"><div class=\"vc_col-sm-8 wpb_column vc_column_container\"><div class=\"vc_column-inner\"><div class=\"wpb_wrapper\"><div class=\"w-grid type_grid layout_gallery_default cols_3 preload_style_spinner\" id=\"us_grid_2\" style=\"--columns:3;--gap:4px;\" data-filterable=\"true\"><style>@media (max-width:479px){#us_grid_2{--columns:2!important}}<\/style><div class=\"w-grid-list\">\t<article class=\"w-grid-item size_1x1 post-2851 attachment type-attachment status-inherit hentry\" data-id=\"2851\">\n\t\t<div class=\"w-grid-item-h\">\n\t\t\t\t\t\t\t<a ref=\"magnificPopupGrid\" href=\"https:\/\/www.garnigarten.it\/wp-content\/uploads\/2024\/12\/colazione-3740-hotel-rosengarden.jpg\" class=\"w-grid-item-anchor\" aria-label=\"colazione-3740-hotel-rosengarden\"><\/a>\n\t\t\t\t\t\t<div class=\"w-post-elm post_image usg_post_image_1 stretched\"><img loading=\"lazy\" decoding=\"async\" width=\"150\" height=\"150\" src=\"https:\/\/www.garnigarten.it\/wp-content\/uploads\/2024\/12\/colazione-3740-hotel-rosengarden-150x150.jpg\" class=\"attachment-thumbnail size-thumbnail\" alt=\"\" srcset=\"https:\/\/www.garnigarten.it\/wp-content\/uploads\/2024\/12\/colazione-3740-hotel-rosengarden-150x150.jpg 150w, https:\/\/www.garnigarten.it\/wp-content\/uploads\/2024\/12\/colazione-3740-hotel-rosengarden-350x350.jpg 350w\" sizes=\"auto, (max-width: 150px) 100vw, 150px\" \/><\/div>\t\t<\/div>\n\t\t\t<\/article>\n\t<article class=\"w-grid-item size_1x1 post-2848 attachment type-attachment status-inherit hentry\" data-id=\"2848\">\n\t\t<div class=\"w-grid-item-h\">\n\t\t\t\t\t\t\t<a ref=\"magnificPopupGrid\" href=\"https:\/\/www.garnigarten.it\/wp-content\/uploads\/2024\/12\/colazione-4659-hotel-rosengarden.jpg\" class=\"w-grid-item-anchor\" aria-label=\"colazione-4659-hotel-rosengarden\"><\/a>\n\t\t\t\t\t\t<div class=\"w-post-elm post_image usg_post_image_1 stretched\"><img loading=\"lazy\" decoding=\"async\" width=\"150\" height=\"150\" src=\"https:\/\/www.garnigarten.it\/wp-content\/uploads\/2024\/12\/colazione-4659-hotel-rosengarden-150x150.jpg\" class=\"attachment-thumbnail size-thumbnail\" alt=\"\" srcset=\"https:\/\/www.garnigarten.it\/wp-content\/uploads\/2024\/12\/colazione-4659-hotel-rosengarden-150x150.jpg 150w, https:\/\/www.garnigarten.it\/wp-content\/uploads\/2024\/12\/colazione-4659-hotel-rosengarden-350x350.jpg 350w\" sizes=\"auto, (max-width: 150px) 100vw, 150px\" \/><\/div>\t\t<\/div>\n\t\t\t<\/article>\n\t<article class=\"w-grid-item size_1x1 post-2845 attachment type-attachment status-inherit hentry\" data-id=\"2845\">\n\t\t<div class=\"w-grid-item-h\">\n\t\t\t\t\t\t\t<a ref=\"magnificPopupGrid\" href=\"https:\/\/www.garnigarten.it\/wp-content\/uploads\/2024\/12\/colazione-3739-hotel-rosengarden.jpg\" class=\"w-grid-item-anchor\" aria-label=\"colazione-3739-hotel-rosengarden\"><\/a>\n\t\t\t\t\t\t<div class=\"w-post-elm post_image usg_post_image_1 stretched\"><img loading=\"lazy\" decoding=\"async\" width=\"150\" height=\"150\" src=\"https:\/\/www.garnigarten.it\/wp-content\/uploads\/2024\/12\/colazione-3739-hotel-rosengarden-150x150.jpg\" class=\"attachment-thumbnail size-thumbnail\" alt=\"\" srcset=\"https:\/\/www.garnigarten.it\/wp-content\/uploads\/2024\/12\/colazione-3739-hotel-rosengarden-150x150.jpg 150w, https:\/\/www.garnigarten.it\/wp-content\/uploads\/2024\/12\/colazione-3739-hotel-rosengarden-350x350.jpg 350w\" sizes=\"auto, (max-width: 150px) 100vw, 150px\" \/><\/div>\t\t<\/div>\n\t\t\t<\/article>\n\t<article class=\"w-grid-item size_1x1 post-2842 attachment type-attachment status-inherit hentry\" data-id=\"2842\">\n\t\t<div class=\"w-grid-item-h\">\n\t\t\t\t\t\t\t<a ref=\"magnificPopupGrid\" href=\"https:\/\/www.garnigarten.it\/wp-content\/uploads\/2024\/12\/buffet-colazione-6278-hotel-milano-marittima.jpg\" class=\"w-grid-item-anchor\" aria-label=\"buffet-colazione-6278-hotel-milano-marittima\"><\/a>\n\t\t\t\t\t\t<div class=\"w-post-elm post_image usg_post_image_1 stretched\"><img loading=\"lazy\" decoding=\"async\" width=\"150\" height=\"150\" src=\"https:\/\/www.garnigarten.it\/wp-content\/uploads\/2024\/12\/buffet-colazione-6278-hotel-milano-marittima-150x150.jpg\" class=\"attachment-thumbnail size-thumbnail\" alt=\"\" srcset=\"https:\/\/www.garnigarten.it\/wp-content\/uploads\/2024\/12\/buffet-colazione-6278-hotel-milano-marittima-150x150.jpg 150w, https:\/\/www.garnigarten.it\/wp-content\/uploads\/2024\/12\/buffet-colazione-6278-hotel-milano-marittima-350x350.jpg 350w\" sizes=\"auto, (max-width: 150px) 100vw, 150px\" \/><\/div>\t\t<\/div>\n\t\t\t<\/article>\n\t<article class=\"w-grid-item size_1x1 post-2839 attachment type-attachment status-inherit hentry\" data-id=\"2839\">\n\t\t<div class=\"w-grid-item-h\">\n\t\t\t\t\t\t\t<a ref=\"magnificPopupGrid\" href=\"https:\/\/www.garnigarten.it\/wp-content\/uploads\/2024\/12\/colazione-4665-hotel-milano-marittima.jpg\" class=\"w-grid-item-anchor\" aria-label=\"colazione-4665-hotel-milano-marittima\"><\/a>\n\t\t\t\t\t\t<div class=\"w-post-elm post_image usg_post_image_1 stretched\"><img loading=\"lazy\" decoding=\"async\" width=\"150\" height=\"150\" src=\"https:\/\/www.garnigarten.it\/wp-content\/uploads\/2024\/12\/colazione-4665-hotel-milano-marittima-150x150.jpg\" class=\"attachment-thumbnail size-thumbnail\" alt=\"\" srcset=\"https:\/\/www.garnigarten.it\/wp-content\/uploads\/2024\/12\/colazione-4665-hotel-milano-marittima-150x150.jpg 150w, https:\/\/www.garnigarten.it\/wp-content\/uploads\/2024\/12\/colazione-4665-hotel-milano-marittima-350x350.jpg 350w\" sizes=\"auto, (max-width: 150px) 100vw, 150px\" \/><\/div>\t\t<\/div>\n\t\t\t<\/article>\n\t<article class=\"w-grid-item size_1x1 post-2836 attachment type-attachment status-inherit hentry\" data-id=\"2836\">\n\t\t<div class=\"w-grid-item-h\">\n\t\t\t\t\t\t\t<a ref=\"magnificPopupGrid\" href=\"https:\/\/www.garnigarten.it\/wp-content\/uploads\/2024\/12\/buffet-colazione-6272-hotel-milano-marittima.jpg\" class=\"w-grid-item-anchor\" aria-label=\"buffet-colazione-6272-hotel-milano-marittima\"><\/a>\n\t\t\t\t\t\t<div class=\"w-post-elm post_image usg_post_image_1 stretched\"><img loading=\"lazy\" decoding=\"async\" width=\"150\" height=\"150\" src=\"https:\/\/www.garnigarten.it\/wp-content\/uploads\/2024\/12\/buffet-colazione-6272-hotel-milano-marittima-150x150.jpg\" class=\"attachment-thumbnail size-thumbnail\" alt=\"\" srcset=\"https:\/\/www.garnigarten.it\/wp-content\/uploads\/2024\/12\/buffet-colazione-6272-hotel-milano-marittima-150x150.jpg 150w, https:\/\/www.garnigarten.it\/wp-content\/uploads\/2024\/12\/buffet-colazione-6272-hotel-milano-marittima-350x350.jpg 350w\" sizes=\"auto, (max-width: 150px) 100vw, 150px\" \/><\/div>\t\t<\/div>\n\t\t\t<\/article>\n<\/div><div class=\"w-grid-preloader\">\t<div class=\"g-preloader type_1\">\n\t\t<div><\/div>\n\t<\/div>\n\t<\/div>\t<div class=\"w-grid-json hidden\" onclick='return {&quot;action&quot;:&quot;us_ajax_grid&quot;,&quot;infinite_scroll&quot;:0,&quot;max_num_pages&quot;:1,&quot;pagination&quot;:&quot;none&quot;,&quot;template_vars&quot;:{&quot;columns&quot;:&quot;3&quot;,&quot;exclude_items&quot;:&quot;none&quot;,&quot;img_size&quot;:&quot;thumbnail&quot;,&quot;ignore_items_size&quot;:0,&quot;items_layout&quot;:&quot;gallery_default&quot;,&quot;items_offset&quot;:&quot;1&quot;,&quot;load_animation&quot;:&quot;none&quot;,&quot;overriding_link&quot;:&quot;%7B%22type%22%3A%22popup_image%22%7D&quot;,&quot;post_id&quot;:0,&quot;query_args&quot;:{&quot;post_type&quot;:[&quot;attachment&quot;],&quot;post__in&quot;:[&quot;2851&quot;,&quot;2848&quot;,&quot;2845&quot;,&quot;2842&quot;,&quot;2839&quot;,&quot;2836&quot;],&quot;post_status&quot;:&quot;inherit&quot;,&quot;post_mime_type&quot;:&quot;image&quot;,&quot;posts_per_page&quot;:999},&quot;orderby_query_args&quot;:{&quot;orderby&quot;:{&quot;post__in&quot;:&quot;ASC&quot;},&quot;order&quot;:&quot;ASC&quot;},&quot;type&quot;:&quot;grid&quot;,&quot;us_grid_post_type&quot;:&quot;attachment&quot;,&quot;us_grid_ajax_index&quot;:2,&quot;us_grid_filter_query_string&quot;:null,&quot;us_grid_index&quot;:2,&quot;page_args&quot;:[],&quot;lang&quot;:&quot;de&quot;}}'><\/div>\n\t<\/div><div class=\"w-separator size_small\"><\/div><\/div><\/div><\/div><div class=\"vc_col-sm-4 wpb_column vc_column_container\"><div class=\"vc_column-inner\"><div class=\"wpb_wrapper\">[vc_custom_heading text=&#8220;Fr\u00fchst\u00fcck im Hotel&#8220; font_container=&#8220;tag:h2|text_align:center&#8220; google_fonts=&#8220;font_family:Raleway%3A100%2C200%2C300%2Cregular%2C500%2C600%2C700%2C800%2C900|font_style:200%20light%20regular%3A200%3Anormal&#8220; css=&#8220;%7B%22default%22%3A%7B%22color%22%3A%22%23599e41%22%2C%22font-size%22%3A%2228%22%7D%7D&#8220;]<div class=\"w-separator size_small\"><\/div><div class=\"wpb_text_column\"><div class=\"wpb_wrapper\"><p>Mit dem <strong>All-Inclusive-Paket<\/strong> wird das Fr\u00fchst\u00fcck im angrenzenden Hotel Rosen Garden***S in demselben grossen Garten von 7.30 bis 9.30 Uhr serviert.<\/p>\n<\/div><\/div><div class=\"w-btn-wrapper align_center\"><a class=\"w-btn us-btn-style_3\" href=\"https:\/\/www.garnigarten.it\/de\/anfrage\/\"><span class=\"w-btn-label\">Fordern Sie jetzt das FR\u00dcHST\u00dcCK im HOTEL<\/span><\/a><\/div><\/div><\/div><\/div><\/div><\/div><\/section>\n","protected":false},"excerpt":{"rendered":"","protected":false},"author":2,"featured_media":0,"parent":0,"menu_order":0,"comment_status":"closed","ping_status":"closed","template":"","meta":{"footnotes":""},"class_list":["post-2672","page","type-page","status-publish","hentry"],"yoast_head":"<!-- This site is optimized with the Yoast SEO plugin v27.4 - https:\/\/yoast.com\/product\/yoast-seo-wordpress\/ -->\n<title>Fr\u00fchst\u00fcck am Strand in Milano Marittima<\/title>\n<meta name=\"description\" content=\"Fr\u00fchst\u00fcck am Strand in Milano Marittima\" \/>\n<meta name=\"robots\" content=\"index, follow, max-snippet:-1, max-image-preview:large, max-video-preview:-1\" \/>\n<link rel=\"canonical\" href=\"https:\/\/www.garnigarten.it\/de\/fruehstueck-am-strand-in-milano-marittima\/\" \/>\n<meta property=\"og:locale\" content=\"de_DE\" \/>\n<meta property=\"og:type\" content=\"article\" \/>\n<meta property=\"og:title\" content=\"Fr\u00fchst\u00fcck am Strand in Milano Marittima\" \/>\n<meta property=\"og:description\" content=\"Fr\u00fchst\u00fcck am Strand in Milano Marittima\" \/>\n<meta property=\"og:url\" content=\"https:\/\/www.garnigarten.it\/de\/fruehstueck-am-strand-in-milano-marittima\/\" \/>\n<meta property=\"og:site_name\" content=\"Garni Garten Milano Marittima\" \/>\n<meta property=\"article:modified_time\" content=\"2024-12-13T08:46:29+00:00\" \/>\n<meta name=\"twitter:card\" content=\"summary_large_image\" \/>\n<meta name=\"twitter:label1\" content=\"Gesch\u00e4tzte Lesezeit\" \/>\n\t<meta name=\"twitter:data1\" content=\"2\u00a0Minuten\" \/>\n<script type=\"application\/ld+json\" class=\"yoast-schema-graph\">{\"@context\":\"https:\\\/\\\/schema.org\",\"@graph\":[{\"@type\":\"WebPage\",\"@id\":\"https:\\\/\\\/www.garnigarten.it\\\/de\\\/fruehstueck-am-strand-in-milano-marittima\\\/\",\"url\":\"https:\\\/\\\/www.garnigarten.it\\\/de\\\/fruehstueck-am-strand-in-milano-marittima\\\/\",\"name\":\"Fr\u00fchst\u00fcck am Strand in Milano Marittima\",\"isPartOf\":{\"@id\":\"https:\\\/\\\/www.garnigarten.it\\\/de\\\/#website\"},\"datePublished\":\"2021-02-22T09:28:29+00:00\",\"dateModified\":\"2024-12-13T08:46:29+00:00\",\"description\":\"Fr\u00fchst\u00fcck am Strand in Milano Marittima\",\"breadcrumb\":{\"@id\":\"https:\\\/\\\/www.garnigarten.it\\\/de\\\/fruehstueck-am-strand-in-milano-marittima\\\/#breadcrumb\"},\"inLanguage\":\"de\",\"potentialAction\":[{\"@type\":\"ReadAction\",\"target\":[\"https:\\\/\\\/www.garnigarten.it\\\/de\\\/fruehstueck-am-strand-in-milano-marittima\\\/\"]}]},{\"@type\":\"BreadcrumbList\",\"@id\":\"https:\\\/\\\/www.garnigarten.it\\\/de\\\/fruehstueck-am-strand-in-milano-marittima\\\/#breadcrumb\",\"itemListElement\":[{\"@type\":\"ListItem\",\"position\":1,\"name\":\"Home\",\"item\":\"https:\\\/\\\/www.garnigarten.it\\\/de\\\/\"},{\"@type\":\"ListItem\",\"position\":2,\"name\":\"Fr\u00fchst\u00fcck am Strand in Milano Marittima\"}]},{\"@type\":\"WebSite\",\"@id\":\"https:\\\/\\\/www.garnigarten.it\\\/de\\\/#website\",\"url\":\"https:\\\/\\\/www.garnigarten.it\\\/de\\\/\",\"name\":\"Garni Garten Milano Marittima\",\"description\":\"\",\"potentialAction\":[{\"@type\":\"SearchAction\",\"target\":{\"@type\":\"EntryPoint\",\"urlTemplate\":\"https:\\\/\\\/www.garnigarten.it\\\/de\\\/?s={search_term_string}\"},\"query-input\":{\"@type\":\"PropertyValueSpecification\",\"valueRequired\":true,\"valueName\":\"search_term_string\"}}],\"inLanguage\":\"de\"}]}<\/script>\n<!-- \/ Yoast SEO plugin. -->","yoast_head_json":{"title":"Fr\u00fchst\u00fcck am Strand in Milano Marittima","description":"Fr\u00fchst\u00fcck am Strand in Milano Marittima","robots":{"index":"index","follow":"follow","max-snippet":"max-snippet:-1","max-image-preview":"max-image-preview:large","max-video-preview":"max-video-preview:-1"},"canonical":"https:\/\/www.garnigarten.it\/de\/fruehstueck-am-strand-in-milano-marittima\/","og_locale":"de_DE","og_type":"article","og_title":"Fr\u00fchst\u00fcck am Strand in Milano Marittima","og_description":"Fr\u00fchst\u00fcck am Strand in Milano Marittima","og_url":"https:\/\/www.garnigarten.it\/de\/fruehstueck-am-strand-in-milano-marittima\/","og_site_name":"Garni Garten Milano Marittima","article_modified_time":"2024-12-13T08:46:29+00:00","twitter_card":"summary_large_image","twitter_misc":{"Gesch\u00e4tzte Lesezeit":"2\u00a0Minuten"},"schema":{"@context":"https:\/\/schema.org","@graph":[{"@type":"WebPage","@id":"https:\/\/www.garnigarten.it\/de\/fruehstueck-am-strand-in-milano-marittima\/","url":"https:\/\/www.garnigarten.it\/de\/fruehstueck-am-strand-in-milano-marittima\/","name":"Fr\u00fchst\u00fcck am Strand in Milano Marittima","isPartOf":{"@id":"https:\/\/www.garnigarten.it\/de\/#website"},"datePublished":"2021-02-22T09:28:29+00:00","dateModified":"2024-12-13T08:46:29+00:00","description":"Fr\u00fchst\u00fcck am Strand in Milano Marittima","breadcrumb":{"@id":"https:\/\/www.garnigarten.it\/de\/fruehstueck-am-strand-in-milano-marittima\/#breadcrumb"},"inLanguage":"de","potentialAction":[{"@type":"ReadAction","target":["https:\/\/www.garnigarten.it\/de\/fruehstueck-am-strand-in-milano-marittima\/"]}]},{"@type":"BreadcrumbList","@id":"https:\/\/www.garnigarten.it\/de\/fruehstueck-am-strand-in-milano-marittima\/#breadcrumb","itemListElement":[{"@type":"ListItem","position":1,"name":"Home","item":"https:\/\/www.garnigarten.it\/de\/"},{"@type":"ListItem","position":2,"name":"Fr\u00fchst\u00fcck am Strand in Milano Marittima"}]},{"@type":"WebSite","@id":"https:\/\/www.garnigarten.it\/de\/#website","url":"https:\/\/www.garnigarten.it\/de\/","name":"Garni Garten Milano Marittima","description":"","potentialAction":[{"@type":"SearchAction","target":{"@type":"EntryPoint","urlTemplate":"https:\/\/www.garnigarten.it\/de\/?s={search_term_string}"},"query-input":{"@type":"PropertyValueSpecification","valueRequired":true,"valueName":"search_term_string"}}],"inLanguage":"de"}]}},"_links":{"self":[{"href":"https:\/\/www.garnigarten.it\/de\/wp-json\/wp\/v2\/pages\/2672","targetHints":{"allow":["GET"]}}],"collection":[{"href":"https:\/\/www.garnigarten.it\/de\/wp-json\/wp\/v2\/pages"}],"about":[{"href":"https:\/\/www.garnigarten.it\/de\/wp-json\/wp\/v2\/types\/page"}],"author":[{"embeddable":true,"href":"https:\/\/www.garnigarten.it\/de\/wp-json\/wp\/v2\/users\/2"}],"replies":[{"embeddable":true,"href":"https:\/\/www.garnigarten.it\/de\/wp-json\/wp\/v2\/comments?post=2672"}],"version-history":[{"count":7,"href":"https:\/\/www.garnigarten.it\/de\/wp-json\/wp\/v2\/pages\/2672\/revisions"}],"predecessor-version":[{"id":2854,"href":"https:\/\/www.garnigarten.it\/de\/wp-json\/wp\/v2\/pages\/2672\/revisions\/2854"}],"wp:attachment":[{"href":"https:\/\/www.garnigarten.it\/de\/wp-json\/wp\/v2\/media?parent=2672"}],"curies":[{"name":"wp","href":"https:\/\/api.w.org\/{rel}","templated":true}]}}