{"id":2678,"date":"2016-02-20T10:27:39","date_gmt":"2016-02-20T10:27:39","guid":{"rendered":"https:\/\/www.garnigarten.it\/prezzi-all-inclusive-milano-marittima-economici\/"},"modified":"2024-12-13T09:44:22","modified_gmt":"2024-12-13T09:44:22","slug":"hotel-all-inklusive-milano-marittima","status":"publish","type":"page","link":"https:\/\/www.garnigarten.it\/de\/hotel-all-inklusive-milano-marittima\/","title":{"rendered":"Hotel All inklusive Milano Marittima, 80 Meter vom Meer"},"content":{"rendered":"<section class=\"l-section wpb_row height_auto\"><div class=\"l-section-h i-cf\"><div class=\"g-cols vc_row via_flex valign_top type_default stacking_default\"><div class=\"vc_col-sm-12 wpb_column vc_column_container\"><div class=\"vc_column-inner\"><div class=\"wpb_wrapper\">\n\t\t\t<!-- START videoristorante REVOLUTION SLIDER 6.7.20 --><p class=\"rs-p-wp-fix\"><\/p>\n\t\t\t<rs-module-wrap id=\"rev_slider_11_1_wrapper\" data-source=\"gallery\" style=\"visibility:hidden;background:transparent;padding:0;margin:0px auto;margin-top:0;margin-bottom:0;\">\n\t\t\t\t<rs-module id=\"rev_slider_11_1\" style=\"\" data-version=\"6.7.20\">\n\t\t\t\t\t<rs-slides style=\"overflow: hidden; position: absolute;\">\n\t\t\t\t\t\t<rs-slide style=\"position: absolute;\" data-key=\"rs-12\" data-title=\"Slide\" data-in=\"o:0;\" data-out=\"a:false;\">\n\t\t\t\t\t\t\t<img decoding=\"async\" src=\"\/\/www.garnigarten.it\/wp-content\/plugins\/revslider\/sr6\/assets\/assets\/dummy.png\" alt=\"\" title=\"CUCINA_12.jpeg\" width=\"1920\" height=\"1080\" class=\"rev-slidebg tp-rs-img rs-lazyload\" data-lazyload=\"\/\/www.garnigarten.it\/wp-content\/uploads\/revslider\/video-media\/CUCINA_12.jpeg\" data-no-retina>\n\t\t\t\t\t\t\t<rs-bgvideo \n\t\t\t\t\t\t\t\tdata-video=\"w:100%;h:100%;nse:false;l:true;ptimer:false;vfc:true;\"\n\t\t\t\t\t\t\t\tdata-mp4=\"\/\/www.garnigarten.it\/wp-content\/uploads\/2023\/01\/CUCINA.mp4\"\n\t\t\t\t\t\t\t><\/rs-bgvideo>\n<!---->\t\t\t\t\t<\/rs-slide>\n\t\t\t\t\t<\/rs-slides>\n\t\t\t\t<\/rs-module>\n\t\t\t\t<script>\n\t\t\t\t\tsetREVStartSize({c: 'rev_slider_11_1',rl:[1240,1024,778,480],el:[900,768,960,720],gw:[1240,1024,778,480],gh:[900,768,960,720],type:'hero',justify:'',layout:'fullwidth',mh:\"0\"});if (window.RS_MODULES!==undefined && window.RS_MODULES.modules!==undefined && window.RS_MODULES.modules[\"revslider111\"]!==undefined) {window.RS_MODULES.modules[\"revslider111\"].once = false;window.revapi11 = undefined;if (window.RS_MODULES.checkMinimal!==undefined) window.RS_MODULES.checkMinimal()}\n\t\t\t\t<\/script>\n\t\t\t<\/rs-module-wrap>\n\t\t\t<!-- END REVOLUTION SLIDER -->\n<\/div><\/div><\/div><\/div><\/div><\/section><section class=\"l-section wpb_row us_custom_da6da72d height_medium\"><div class=\"l-section-h i-cf\"><div class=\"g-cols vc_row via_flex valign_top type_default stacking_default\"><div class=\"vc_col-sm-12 wpb_column vc_column_container\"><div class=\"vc_column-inner\"><div class=\"wpb_wrapper\">[vc_custom_heading text=&#8220;Dienstleistungen All inklusive bei Garni Garten&#8220; font_container=&#8220;tag:h2|font_size:42|text_align:center|color:%23cc488b&#8220; google_fonts=&#8220;font_family:Raleway%3A100%2C200%2C300%2Cregular%2C500%2C600%2C700%2C800%2C900|font_style:300%20light%20regular%3A300%3Anormal&#8220; css=&#8220;%7B%22default%22%3A%7B%22color%22%3A%22%23cc488b%22%2C%22font-size%22%3A%2242%22%7D%7D&#8220;]<div class=\"wpb_text_column\"><div class=\"wpb_wrapper\"><p>Die oben genannten Preise gelten pro Person und Tag, nur f\u00fcr einen Mindestaufenthalt von 3 Tagen, wenn mindestens zwei Erwachsene im Zimmer sind und enthalten:<\/p>\n<ul>\n<li>Verw\u00f6hnprogramm <strong>Vollpension all inklusive<\/strong> (Wasser und Wein mit den Mahlzeiten)<\/li>\n<li>Check-in ab 12.00 Uhr am Anreisetag, Check-out bis 10.00 Uhr am Abreisetag;<\/li>\n<li>feines <strong>Fr\u00fchst\u00fccksbuffet<\/strong> inkl. Brotecke, M\u00fcsli, Joghurt, Marmeladen, S\u00e4fte, hausgemachte Kuchen, Croissants, Guetzli, Aufschnitt, Eier und Speck, serviert im Hotel Rosen Garden***S von 7.30 bis 9.30 Uhr<\/li>\n<li>stilvoll <strong>Mittag- und Abendessen<\/strong> 4-Gang-Men\u00fc am Tisch, Vorspeise nach Wahl am Tisch, 1. Gang nach Wahl aus 4 G\u00e4ngen sowie 2. Gang, Dessert und Obst. <strong>Wasser und Wein aus der Region zu den Mahlzeiten inklusive<\/strong>. Alles serviert im Hotel Rosen Garden***S von 12.30 bis 13.20 und von 19.30 bis 20.20 Uhr (Eingangszeiten);<\/li>\n<li>ein Sonnenschirm und zwei Liegen in unserem Rosen Beach Bad in Standardposition (von der vierten Reihe zur\u00fcck) f\u00fcr einen Mindestaufenthalt von drei Tagen, wenn mindestens zwei Erwachsene im Zimmer sind. Abreisetag ausgeschlossen;<\/li>\n<li>beheiztes Schwimmbad mit Whirlpool und Nackendusche;<\/li>\n<li>Gratis WLAN;<\/li>\n<li>Ohne Kurtaxe.<\/li>\n<\/ul>\n<\/div><\/div><div class=\"w-grid type_grid layout_gallery_default cols_6 preload_style_spinner\" id=\"us_grid_1\" style=\"--columns:6;--gap:5px;\" data-filterable=\"true\"><style>@media (max-width:767px){#us_grid_1{--columns:5!important}}@media (max-width:479px){#us_grid_1{--columns:4!important}}.layout_gallery_default .w-grid-item-h{}<\/style><div class=\"w-grid-list\">\t<article class=\"w-grid-item size_1x1 post-2857 attachment type-attachment status-inherit hentry\" data-id=\"2857\">\n\t\t<div class=\"w-grid-item-h\">\n\t\t\t\t\t\t\t<a ref=\"magnificPopupGrid\" href=\"https:\/\/www.garnigarten.it\/wp-content\/uploads\/2024\/12\/secondi-piatti-6334-rosengarden.jpg\" class=\"w-grid-item-anchor\" aria-label=\"secondi-piatti-6334-rosengarden\"><\/a>\n\t\t\t\t\t\t<div class=\"w-post-elm post_image usg_post_image_1 stretched\"><img loading=\"lazy\" decoding=\"async\" width=\"150\" height=\"150\" src=\"https:\/\/www.garnigarten.it\/wp-content\/uploads\/2024\/12\/secondi-piatti-6334-rosengarden-150x150.jpg\" class=\"attachment-thumbnail size-thumbnail\" alt=\"\" srcset=\"https:\/\/www.garnigarten.it\/wp-content\/uploads\/2024\/12\/secondi-piatti-6334-rosengarden-150x150.jpg 150w, https:\/\/www.garnigarten.it\/wp-content\/uploads\/2024\/12\/secondi-piatti-6334-rosengarden-350x350.jpg 350w\" sizes=\"auto, (max-width: 150px) 100vw, 150px\" \/><\/div>\t\t<\/div>\n\t\t\t<\/article>\n\t<article class=\"w-grid-item size_1x1 post-2860 attachment type-attachment status-inherit hentry\" data-id=\"2860\">\n\t\t<div class=\"w-grid-item-h\">\n\t\t\t\t\t\t\t<a ref=\"magnificPopupGrid\" href=\"https:\/\/www.garnigarten.it\/wp-content\/uploads\/2024\/12\/secondi-piatti-6109-rosengarden.jpg\" class=\"w-grid-item-anchor\" aria-label=\"secondi-piatti-6109-rosengarden\"><\/a>\n\t\t\t\t\t\t<div class=\"w-post-elm post_image usg_post_image_1 stretched\"><img loading=\"lazy\" decoding=\"async\" width=\"150\" height=\"150\" src=\"https:\/\/www.garnigarten.it\/wp-content\/uploads\/2024\/12\/secondi-piatti-6109-rosengarden-150x150.jpg\" class=\"attachment-thumbnail size-thumbnail\" alt=\"\" srcset=\"https:\/\/www.garnigarten.it\/wp-content\/uploads\/2024\/12\/secondi-piatti-6109-rosengarden-150x150.jpg 150w, https:\/\/www.garnigarten.it\/wp-content\/uploads\/2024\/12\/secondi-piatti-6109-rosengarden-350x350.jpg 350w\" sizes=\"auto, (max-width: 150px) 100vw, 150px\" \/><\/div>\t\t<\/div>\n\t\t\t<\/article>\n\t<article class=\"w-grid-item size_1x1 post-2863 attachment type-attachment status-inherit hentry\" data-id=\"2863\">\n\t\t<div class=\"w-grid-item-h\">\n\t\t\t\t\t\t\t<a ref=\"magnificPopupGrid\" href=\"https:\/\/www.garnigarten.it\/wp-content\/uploads\/2024\/12\/secondi-piatti-6022-rosengarden.jpg\" class=\"w-grid-item-anchor\" aria-label=\"secondi-piatti-6022-rosengarden\"><\/a>\n\t\t\t\t\t\t<div class=\"w-post-elm post_image usg_post_image_1 stretched\"><img loading=\"lazy\" decoding=\"async\" width=\"150\" height=\"150\" src=\"https:\/\/www.garnigarten.it\/wp-content\/uploads\/2024\/12\/secondi-piatti-6022-rosengarden-150x150.jpg\" class=\"attachment-thumbnail size-thumbnail\" alt=\"\" srcset=\"https:\/\/www.garnigarten.it\/wp-content\/uploads\/2024\/12\/secondi-piatti-6022-rosengarden-150x150.jpg 150w, https:\/\/www.garnigarten.it\/wp-content\/uploads\/2024\/12\/secondi-piatti-6022-rosengarden-350x350.jpg 350w\" sizes=\"auto, (max-width: 150px) 100vw, 150px\" \/><\/div>\t\t<\/div>\n\t\t\t<\/article>\n\t<article class=\"w-grid-item size_1x1 post-2866 attachment type-attachment status-inherit hentry\" data-id=\"2866\">\n\t\t<div class=\"w-grid-item-h\">\n\t\t\t\t\t\t\t<a ref=\"magnificPopupGrid\" href=\"https:\/\/www.garnigarten.it\/wp-content\/uploads\/2024\/12\/secondi-piatti-5816-rosengarden.jpg\" class=\"w-grid-item-anchor\" aria-label=\"secondi-piatti-5816-rosengarden\"><\/a>\n\t\t\t\t\t\t<div class=\"w-post-elm post_image usg_post_image_1 stretched\"><img loading=\"lazy\" decoding=\"async\" width=\"150\" height=\"150\" src=\"https:\/\/www.garnigarten.it\/wp-content\/uploads\/2024\/12\/secondi-piatti-5816-rosengarden-150x150.jpg\" class=\"attachment-thumbnail size-thumbnail\" alt=\"\" srcset=\"https:\/\/www.garnigarten.it\/wp-content\/uploads\/2024\/12\/secondi-piatti-5816-rosengarden-150x150.jpg 150w, https:\/\/www.garnigarten.it\/wp-content\/uploads\/2024\/12\/secondi-piatti-5816-rosengarden-350x350.jpg 350w\" sizes=\"auto, (max-width: 150px) 100vw, 150px\" \/><\/div>\t\t<\/div>\n\t\t\t<\/article>\n\t<article class=\"w-grid-item size_1x1 post-2869 attachment type-attachment status-inherit hentry\" data-id=\"2869\">\n\t\t<div class=\"w-grid-item-h\">\n\t\t\t\t\t\t\t<a ref=\"magnificPopupGrid\" href=\"https:\/\/www.garnigarten.it\/wp-content\/uploads\/2024\/12\/secondi-piatti-5757-rosengarden.jpg\" class=\"w-grid-item-anchor\" aria-label=\"secondi-piatti-5757-rosengarden\"><\/a>\n\t\t\t\t\t\t<div class=\"w-post-elm post_image usg_post_image_1 stretched\"><img loading=\"lazy\" decoding=\"async\" width=\"150\" height=\"150\" src=\"https:\/\/www.garnigarten.it\/wp-content\/uploads\/2024\/12\/secondi-piatti-5757-rosengarden-150x150.jpg\" class=\"attachment-thumbnail size-thumbnail\" alt=\"\" srcset=\"https:\/\/www.garnigarten.it\/wp-content\/uploads\/2024\/12\/secondi-piatti-5757-rosengarden-150x150.jpg 150w, https:\/\/www.garnigarten.it\/wp-content\/uploads\/2024\/12\/secondi-piatti-5757-rosengarden-350x350.jpg 350w\" sizes=\"auto, (max-width: 150px) 100vw, 150px\" \/><\/div>\t\t<\/div>\n\t\t\t<\/article>\n\t<article class=\"w-grid-item size_1x1 post-2872 attachment type-attachment status-inherit hentry\" data-id=\"2872\">\n\t\t<div class=\"w-grid-item-h\">\n\t\t\t\t\t\t\t<a ref=\"magnificPopupGrid\" href=\"https:\/\/www.garnigarten.it\/wp-content\/uploads\/2024\/12\/secondi-piatti-4883-rosengarden.jpg\" class=\"w-grid-item-anchor\" aria-label=\"secondi-piatti-4883-rosengarden\"><\/a>\n\t\t\t\t\t\t<div class=\"w-post-elm post_image usg_post_image_1 stretched\"><img loading=\"lazy\" decoding=\"async\" width=\"150\" height=\"150\" src=\"https:\/\/www.garnigarten.it\/wp-content\/uploads\/2024\/12\/secondi-piatti-4883-rosengarden-150x150.jpg\" class=\"attachment-thumbnail size-thumbnail\" alt=\"\" srcset=\"https:\/\/www.garnigarten.it\/wp-content\/uploads\/2024\/12\/secondi-piatti-4883-rosengarden-150x150.jpg 150w, https:\/\/www.garnigarten.it\/wp-content\/uploads\/2024\/12\/secondi-piatti-4883-rosengarden-350x350.jpg 350w\" sizes=\"auto, (max-width: 150px) 100vw, 150px\" \/><\/div>\t\t<\/div>\n\t\t\t<\/article>\n\t<article class=\"w-grid-item size_1x1 post-2875 attachment type-attachment status-inherit hentry\" data-id=\"2875\">\n\t\t<div class=\"w-grid-item-h\">\n\t\t\t\t\t\t\t<a ref=\"magnificPopupGrid\" href=\"https:\/\/www.garnigarten.it\/wp-content\/uploads\/2024\/12\/primi-piatti-6306-rosengarden-milano-marittima.jpg\" class=\"w-grid-item-anchor\" aria-label=\"primi-piatti-6306-rosengarden-milano-marittima\"><\/a>\n\t\t\t\t\t\t<div class=\"w-post-elm post_image usg_post_image_1 stretched\"><img loading=\"lazy\" decoding=\"async\" width=\"150\" height=\"150\" src=\"https:\/\/www.garnigarten.it\/wp-content\/uploads\/2024\/12\/primi-piatti-6306-rosengarden-milano-marittima-150x150.jpg\" class=\"attachment-thumbnail size-thumbnail\" alt=\"\" srcset=\"https:\/\/www.garnigarten.it\/wp-content\/uploads\/2024\/12\/primi-piatti-6306-rosengarden-milano-marittima-150x150.jpg 150w, https:\/\/www.garnigarten.it\/wp-content\/uploads\/2024\/12\/primi-piatti-6306-rosengarden-milano-marittima-350x350.jpg 350w\" sizes=\"auto, (max-width: 150px) 100vw, 150px\" \/><\/div>\t\t<\/div>\n\t\t\t<\/article>\n\t<article class=\"w-grid-item size_1x1 post-2878 attachment type-attachment status-inherit hentry\" data-id=\"2878\">\n\t\t<div class=\"w-grid-item-h\">\n\t\t\t\t\t\t\t<a ref=\"magnificPopupGrid\" href=\"https:\/\/www.garnigarten.it\/wp-content\/uploads\/2024\/12\/primi-piatti-6261-rosengarden-milano-marittima.jpg\" class=\"w-grid-item-anchor\" aria-label=\"primi-piatti-6261-rosengarden-milano-marittima\"><\/a>\n\t\t\t\t\t\t<div class=\"w-post-elm post_image usg_post_image_1 stretched\"><img loading=\"lazy\" decoding=\"async\" width=\"150\" height=\"150\" src=\"https:\/\/www.garnigarten.it\/wp-content\/uploads\/2024\/12\/primi-piatti-6261-rosengarden-milano-marittima-150x150.jpg\" class=\"attachment-thumbnail size-thumbnail\" alt=\"\" srcset=\"https:\/\/www.garnigarten.it\/wp-content\/uploads\/2024\/12\/primi-piatti-6261-rosengarden-milano-marittima-150x150.jpg 150w, https:\/\/www.garnigarten.it\/wp-content\/uploads\/2024\/12\/primi-piatti-6261-rosengarden-milano-marittima-350x350.jpg 350w\" sizes=\"auto, (max-width: 150px) 100vw, 150px\" \/><\/div>\t\t<\/div>\n\t\t\t<\/article>\n\t<article class=\"w-grid-item size_1x1 post-2881 attachment type-attachment status-inherit hentry\" data-id=\"2881\">\n\t\t<div class=\"w-grid-item-h\">\n\t\t\t\t\t\t\t<a ref=\"magnificPopupGrid\" href=\"https:\/\/www.garnigarten.it\/wp-content\/uploads\/2024\/12\/primi-piatti-6206-rosengarden-milano-marittima.jpg\" class=\"w-grid-item-anchor\" aria-label=\"primi-piatti-6206-rosengarden-milano-marittima\"><\/a>\n\t\t\t\t\t\t<div class=\"w-post-elm post_image usg_post_image_1 stretched\"><img loading=\"lazy\" decoding=\"async\" width=\"150\" height=\"150\" src=\"https:\/\/www.garnigarten.it\/wp-content\/uploads\/2024\/12\/primi-piatti-6206-rosengarden-milano-marittima-150x150.jpg\" class=\"attachment-thumbnail size-thumbnail\" alt=\"\" srcset=\"https:\/\/www.garnigarten.it\/wp-content\/uploads\/2024\/12\/primi-piatti-6206-rosengarden-milano-marittima-150x150.jpg 150w, https:\/\/www.garnigarten.it\/wp-content\/uploads\/2024\/12\/primi-piatti-6206-rosengarden-milano-marittima-350x350.jpg 350w\" sizes=\"auto, (max-width: 150px) 100vw, 150px\" \/><\/div>\t\t<\/div>\n\t\t\t<\/article>\n\t<article class=\"w-grid-item size_1x1 post-2884 attachment type-attachment status-inherit hentry\" data-id=\"2884\">\n\t\t<div class=\"w-grid-item-h\">\n\t\t\t\t\t\t\t<a ref=\"magnificPopupGrid\" href=\"https:\/\/www.garnigarten.it\/wp-content\/uploads\/2024\/12\/primi-piatti-5842-rosengarden-milano-marittima.jpg\" class=\"w-grid-item-anchor\" aria-label=\"primi-piatti-5842-rosengarden-milano-marittima\"><\/a>\n\t\t\t\t\t\t<div class=\"w-post-elm post_image usg_post_image_1 stretched\"><img loading=\"lazy\" decoding=\"async\" width=\"150\" height=\"150\" src=\"https:\/\/www.garnigarten.it\/wp-content\/uploads\/2024\/12\/primi-piatti-5842-rosengarden-milano-marittima-150x150.jpg\" class=\"attachment-thumbnail size-thumbnail\" alt=\"\" srcset=\"https:\/\/www.garnigarten.it\/wp-content\/uploads\/2024\/12\/primi-piatti-5842-rosengarden-milano-marittima-150x150.jpg 150w, https:\/\/www.garnigarten.it\/wp-content\/uploads\/2024\/12\/primi-piatti-5842-rosengarden-milano-marittima-350x350.jpg 350w\" sizes=\"auto, (max-width: 150px) 100vw, 150px\" \/><\/div>\t\t<\/div>\n\t\t\t<\/article>\n\t<article class=\"w-grid-item size_1x1 post-2887 attachment type-attachment status-inherit hentry\" data-id=\"2887\">\n\t\t<div class=\"w-grid-item-h\">\n\t\t\t\t\t\t\t<a ref=\"magnificPopupGrid\" href=\"https:\/\/www.garnigarten.it\/wp-content\/uploads\/2024\/12\/primi-piatti-5796-rosengarden-milano-marittima.jpg\" class=\"w-grid-item-anchor\" aria-label=\"primi-piatti-5796-rosengarden-milano-marittima\"><\/a>\n\t\t\t\t\t\t<div class=\"w-post-elm post_image usg_post_image_1 stretched\"><img loading=\"lazy\" decoding=\"async\" width=\"150\" height=\"150\" src=\"https:\/\/www.garnigarten.it\/wp-content\/uploads\/2024\/12\/primi-piatti-5796-rosengarden-milano-marittima-150x150.jpg\" class=\"attachment-thumbnail size-thumbnail\" alt=\"\" srcset=\"https:\/\/www.garnigarten.it\/wp-content\/uploads\/2024\/12\/primi-piatti-5796-rosengarden-milano-marittima-150x150.jpg 150w, https:\/\/www.garnigarten.it\/wp-content\/uploads\/2024\/12\/primi-piatti-5796-rosengarden-milano-marittima-350x350.jpg 350w\" sizes=\"auto, (max-width: 150px) 100vw, 150px\" \/><\/div>\t\t<\/div>\n\t\t\t<\/article>\n\t<article class=\"w-grid-item size_1x1 post-2890 attachment type-attachment status-inherit hentry\" data-id=\"2890\">\n\t\t<div class=\"w-grid-item-h\">\n\t\t\t\t\t\t\t<a ref=\"magnificPopupGrid\" href=\"https:\/\/www.garnigarten.it\/wp-content\/uploads\/2024\/12\/primi-piatti-5776-rosengarden-milano-marittima.jpg\" class=\"w-grid-item-anchor\" aria-label=\"primi-piatti-5776-rosengarden-milano-marittima\"><\/a>\n\t\t\t\t\t\t<div class=\"w-post-elm post_image usg_post_image_1 stretched\"><img loading=\"lazy\" decoding=\"async\" width=\"150\" height=\"150\" src=\"https:\/\/www.garnigarten.it\/wp-content\/uploads\/2024\/12\/primi-piatti-5776-rosengarden-milano-marittima-150x150.jpg\" class=\"attachment-thumbnail size-thumbnail\" alt=\"\" srcset=\"https:\/\/www.garnigarten.it\/wp-content\/uploads\/2024\/12\/primi-piatti-5776-rosengarden-milano-marittima-150x150.jpg 150w, https:\/\/www.garnigarten.it\/wp-content\/uploads\/2024\/12\/primi-piatti-5776-rosengarden-milano-marittima-350x350.jpg 350w\" sizes=\"auto, (max-width: 150px) 100vw, 150px\" \/><\/div>\t\t<\/div>\n\t\t\t<\/article>\n\t<article class=\"w-grid-item size_1x1 post-2893 attachment type-attachment status-inherit hentry\" data-id=\"2893\">\n\t\t<div class=\"w-grid-item-h\">\n\t\t\t\t\t\t\t<a ref=\"magnificPopupGrid\" href=\"https:\/\/www.garnigarten.it\/wp-content\/uploads\/2024\/12\/primi-piatti-4998-rosengarden-milano-marittima.jpg\" class=\"w-grid-item-anchor\" aria-label=\"primi-piatti-4998-rosengarden-milano-marittima\"><\/a>\n\t\t\t\t\t\t<div class=\"w-post-elm post_image usg_post_image_1 stretched\"><img loading=\"lazy\" decoding=\"async\" width=\"150\" height=\"150\" src=\"https:\/\/www.garnigarten.it\/wp-content\/uploads\/2024\/12\/primi-piatti-4998-rosengarden-milano-marittima-150x150.jpg\" class=\"attachment-thumbnail size-thumbnail\" alt=\"\" srcset=\"https:\/\/www.garnigarten.it\/wp-content\/uploads\/2024\/12\/primi-piatti-4998-rosengarden-milano-marittima-150x150.jpg 150w, https:\/\/www.garnigarten.it\/wp-content\/uploads\/2024\/12\/primi-piatti-4998-rosengarden-milano-marittima-350x350.jpg 350w\" sizes=\"auto, (max-width: 150px) 100vw, 150px\" \/><\/div>\t\t<\/div>\n\t\t\t<\/article>\n\t<article class=\"w-grid-item size_1x1 post-2896 attachment type-attachment status-inherit hentry\" data-id=\"2896\">\n\t\t<div class=\"w-grid-item-h\">\n\t\t\t\t\t\t\t<a ref=\"magnificPopupGrid\" href=\"https:\/\/www.garnigarten.it\/wp-content\/uploads\/2024\/12\/antipasto-rosengarden-milano-marittima.jpg\" class=\"w-grid-item-anchor\" aria-label=\"antipasto-rosengarden-milano-marittima\"><\/a>\n\t\t\t\t\t\t<div class=\"w-post-elm post_image usg_post_image_1 stretched\"><img loading=\"lazy\" decoding=\"async\" width=\"150\" height=\"150\" src=\"https:\/\/www.garnigarten.it\/wp-content\/uploads\/2024\/12\/antipasto-rosengarden-milano-marittima-150x150.jpg\" class=\"attachment-thumbnail size-thumbnail\" alt=\"\" srcset=\"https:\/\/www.garnigarten.it\/wp-content\/uploads\/2024\/12\/antipasto-rosengarden-milano-marittima-150x150.jpg 150w, https:\/\/www.garnigarten.it\/wp-content\/uploads\/2024\/12\/antipasto-rosengarden-milano-marittima-350x350.jpg 350w\" sizes=\"auto, (max-width: 150px) 100vw, 150px\" \/><\/div>\t\t<\/div>\n\t\t\t<\/article>\n\t<article class=\"w-grid-item size_1x1 post-2900 attachment type-attachment status-inherit hentry\" data-id=\"2900\">\n\t\t<div class=\"w-grid-item-h\">\n\t\t\t\t\t\t\t<a ref=\"magnificPopupGrid\" href=\"https:\/\/www.garnigarten.it\/wp-content\/uploads\/2024\/12\/antipasto5929-rosengarden.jpg\" class=\"w-grid-item-anchor\" aria-label=\"antipasto5929-rosengarden\"><\/a>\n\t\t\t\t\t\t<div class=\"w-post-elm post_image usg_post_image_1 stretched\"><img loading=\"lazy\" decoding=\"async\" width=\"150\" height=\"150\" src=\"https:\/\/www.garnigarten.it\/wp-content\/uploads\/2024\/12\/antipasto5929-rosengarden-150x150.jpg\" class=\"attachment-thumbnail size-thumbnail\" alt=\"\" srcset=\"https:\/\/www.garnigarten.it\/wp-content\/uploads\/2024\/12\/antipasto5929-rosengarden-150x150.jpg 150w, https:\/\/www.garnigarten.it\/wp-content\/uploads\/2024\/12\/antipasto5929-rosengarden-350x350.jpg 350w\" sizes=\"auto, (max-width: 150px) 100vw, 150px\" \/><\/div>\t\t<\/div>\n\t\t\t<\/article>\n\t<article class=\"w-grid-item size_1x1 post-2903 attachment type-attachment status-inherit hentry\" data-id=\"2903\">\n\t\t<div class=\"w-grid-item-h\">\n\t\t\t\t\t\t\t<a ref=\"magnificPopupGrid\" href=\"https:\/\/www.garnigarten.it\/wp-content\/uploads\/2024\/12\/antipasto4832-rosengarden.jpg\" class=\"w-grid-item-anchor\" aria-label=\"antipasto4832-rosengarden\"><\/a>\n\t\t\t\t\t\t<div class=\"w-post-elm post_image usg_post_image_1 stretched\"><img loading=\"lazy\" decoding=\"async\" width=\"150\" height=\"150\" src=\"https:\/\/www.garnigarten.it\/wp-content\/uploads\/2024\/12\/antipasto4832-rosengarden-150x150.jpg\" class=\"attachment-thumbnail size-thumbnail\" alt=\"\" srcset=\"https:\/\/www.garnigarten.it\/wp-content\/uploads\/2024\/12\/antipasto4832-rosengarden-150x150.jpg 150w, https:\/\/www.garnigarten.it\/wp-content\/uploads\/2024\/12\/antipasto4832-rosengarden-350x350.jpg 350w\" sizes=\"auto, (max-width: 150px) 100vw, 150px\" \/><\/div>\t\t<\/div>\n\t\t\t<\/article>\n\t<article class=\"w-grid-item size_1x1 post-2906 attachment type-attachment status-inherit hentry\" data-id=\"2906\">\n\t\t<div class=\"w-grid-item-h\">\n\t\t\t\t\t\t\t<a ref=\"magnificPopupGrid\" href=\"https:\/\/www.garnigarten.it\/wp-content\/uploads\/2024\/12\/antipasto2716-rosengarden.jpg\" class=\"w-grid-item-anchor\" aria-label=\"antipasto2716-rosengarden\"><\/a>\n\t\t\t\t\t\t<div class=\"w-post-elm post_image usg_post_image_1 stretched\"><img loading=\"lazy\" decoding=\"async\" width=\"150\" height=\"150\" src=\"https:\/\/www.garnigarten.it\/wp-content\/uploads\/2024\/12\/antipasto2716-rosengarden-150x150.jpg\" class=\"attachment-thumbnail size-thumbnail\" alt=\"\" srcset=\"https:\/\/www.garnigarten.it\/wp-content\/uploads\/2024\/12\/antipasto2716-rosengarden-150x150.jpg 150w, https:\/\/www.garnigarten.it\/wp-content\/uploads\/2024\/12\/antipasto2716-rosengarden-350x350.jpg 350w\" sizes=\"auto, (max-width: 150px) 100vw, 150px\" \/><\/div>\t\t<\/div>\n\t\t\t<\/article>\n\t<article class=\"w-grid-item size_1x1 post-2909 attachment type-attachment status-inherit hentry\" data-id=\"2909\">\n\t\t<div class=\"w-grid-item-h\">\n\t\t\t\t\t\t\t<a ref=\"magnificPopupGrid\" href=\"https:\/\/www.garnigarten.it\/wp-content\/uploads\/2024\/12\/antipasto2565-rosengarden.jpg\" class=\"w-grid-item-anchor\" aria-label=\"antipasto2565-rosengarden\"><\/a>\n\t\t\t\t\t\t<div class=\"w-post-elm post_image usg_post_image_1 stretched\"><img loading=\"lazy\" decoding=\"async\" width=\"150\" height=\"150\" src=\"https:\/\/www.garnigarten.it\/wp-content\/uploads\/2024\/12\/antipasto2565-rosengarden-150x150.jpg\" class=\"attachment-thumbnail size-thumbnail\" alt=\"\" srcset=\"https:\/\/www.garnigarten.it\/wp-content\/uploads\/2024\/12\/antipasto2565-rosengarden-150x150.jpg 150w, https:\/\/www.garnigarten.it\/wp-content\/uploads\/2024\/12\/antipasto2565-rosengarden-350x350.jpg 350w\" sizes=\"auto, (max-width: 150px) 100vw, 150px\" \/><\/div>\t\t<\/div>\n\t\t\t<\/article>\n<\/div><div class=\"w-grid-preloader\">\t<div class=\"g-preloader type_1\">\n\t\t<div><\/div>\n\t<\/div>\n\t<\/div>\t<div class=\"w-grid-json hidden\" onclick='return {&quot;action&quot;:&quot;us_ajax_grid&quot;,&quot;infinite_scroll&quot;:0,&quot;max_num_pages&quot;:1,&quot;pagination&quot;:&quot;none&quot;,&quot;template_vars&quot;:{&quot;columns&quot;:&quot;6&quot;,&quot;exclude_items&quot;:&quot;none&quot;,&quot;img_size&quot;:&quot;thumbnail&quot;,&quot;ignore_items_size&quot;:0,&quot;items_layout&quot;:&quot;gallery_default&quot;,&quot;items_offset&quot;:&quot;1&quot;,&quot;load_animation&quot;:&quot;none&quot;,&quot;overriding_link&quot;:&quot;%7B%22type%22%3A%22popup_image%22%7D&quot;,&quot;post_id&quot;:0,&quot;query_args&quot;:{&quot;post_type&quot;:[&quot;attachment&quot;],&quot;post__in&quot;:[&quot;2857&quot;,&quot;2860&quot;,&quot;2863&quot;,&quot;2866&quot;,&quot;2869&quot;,&quot;2872&quot;,&quot;2875&quot;,&quot;2878&quot;,&quot;2881&quot;,&quot;2884&quot;,&quot;2887&quot;,&quot;2890&quot;,&quot;2893&quot;,&quot;2896&quot;,&quot;2900&quot;,&quot;2903&quot;,&quot;2906&quot;,&quot;2909&quot;],&quot;post_status&quot;:&quot;inherit&quot;,&quot;post_mime_type&quot;:&quot;image&quot;,&quot;posts_per_page&quot;:999},&quot;orderby_query_args&quot;:{&quot;orderby&quot;:{&quot;post__in&quot;:&quot;ASC&quot;},&quot;order&quot;:&quot;ASC&quot;},&quot;type&quot;:&quot;grid&quot;,&quot;us_grid_post_type&quot;:&quot;attachment&quot;,&quot;us_grid_ajax_index&quot;:1,&quot;us_grid_filter_query_string&quot;:null,&quot;us_grid_index&quot;:1,&quot;page_args&quot;:[],&quot;lang&quot;:&quot;de&quot;}}'><\/div>\n\t<\/div><\/div><\/div><\/div><\/div><\/div><\/section><!-- Row Backgrounds --><div class=\"upb_color\" data-bg-override=\"0\" data-bg-color=\"#e6e3da\" data-fadeout=\"\" data-fadeout-percentage=\"30\" data-parallax-content=\"\" data-parallax-content-sense=\"30\" data-row-effect-mobile-disable=\"true\" data-img-parallax-mobile-disable=\"true\" data-rtl=\"false\"  data-custom-vc-row=\"\"  data-vc=\"8.7.2\"  data-is_old_vc=\"\"  data-theme-support=\"\"   data-overlay=\"false\" data-overlay-color=\"\" data-overlay-pattern=\"\" data-overlay-pattern-opacity=\"\" data-overlay-pattern-size=\"\"    ><\/div><section class=\"l-section wpb_row height_medium\"><div class=\"l-section-h i-cf\"><div class=\"g-cols vc_row via_flex valign_top type_default stacking_default\"><div class=\"vc_col-sm-8 wpb_column vc_column_container\"><div class=\"vc_column-inner\"><div class=\"wpb_wrapper\"><div class=\"wpb_text_column\"><div class=\"wpb_wrapper\"><p><strong>Das g\u00fcnstige Hotel Milano Marittima<\/strong> bietet Ihnen im Garni Garten nicht nur die wichtigsten Serviceleistungen zu <strong> g\u00fcnstigen Preisen<\/strong>, sondern auch <strong>Pauschalangebote<\/strong>, um Ihren Aufenthalt unvergesslich zu machen.<\/p>\n<p>Zu den Serviceleistungen im <strong>Garn\u00ec Garten di Milano Marittima<\/strong> mit <strong>All Inclusive<\/strong> geh\u00f6ren: <strong>Privatstrand<\/strong> mit Strandt\u00fcchern, Liegest\u00fchlen und Sonnenschirmen, Aussenpool, grosser Garten mit Pinien, Relaxtische und -st\u00fchle, Kinderspielplatz, <strong>WLAN free<\/strong> im gesamten Haus, kostenlose Nutzung der hoteleigenen Fahrr\u00e4der.<\/p>\n<p>Das Garn\u00ec Garten ist ein Hotel in Milano Marittima mit <strong>Vollpension<\/strong> inklusive <em>Fr\u00fchst\u00fccksbuffet<\/em>, <em>4-Gang-Mittagessen und -Abendessen<\/em>, <em>Wasser und Getr\u00e4nke inbegriffen<\/em>. Seine K\u00fcche ist eine Ode an die Adria und an Fischgerichte, von Spaghetti \u00fcber Meeresfr\u00fcchte bis hin zu knusprigen Pommes frites. Es mangelt nicht an ausgesuchten Fleischgerichten sowie einer grossen Auswahl an gef\u00fcllten Primi und Pasteten, die der <strong>mythischen romagnolischen Tradition<\/strong> gerecht werden!<\/p>\n<\/div><\/div><\/div><\/div><\/div><div class=\"vc_col-sm-4 wpb_column vc_column_container\"><div class=\"vc_column-inner\"><div class=\"wpb_wrapper\"><div class=\"w-image align_none\"><div class=\"w-image-h\"><img decoding=\"async\" width=\"783\" height=\"660\" src=\"https:\/\/www.garnigarten.it\/wp-content\/uploads\/2019\/11\/garni-garten-milano-marittima.jpg\" class=\"attachment-large size-large\" alt=\"\" loading=\"lazy\" srcset=\"https:\/\/www.garnigarten.it\/wp-content\/uploads\/2019\/11\/garni-garten-milano-marittima.jpg 783w, https:\/\/www.garnigarten.it\/wp-content\/uploads\/2019\/11\/garni-garten-milano-marittima-300x253.jpg 300w, https:\/\/www.garnigarten.it\/wp-content\/uploads\/2019\/11\/garni-garten-milano-marittima-600x506.jpg 600w, https:\/\/www.garnigarten.it\/wp-content\/uploads\/2019\/11\/garni-garten-milano-marittima-768x647.jpg 768w\" sizes=\"auto, (max-width: 783px) 100vw, 783px\" \/><\/div><\/div><\/div><\/div><\/div><\/div><\/div><\/section>\n","protected":false},"excerpt":{"rendered":"","protected":false},"author":1,"featured_media":0,"parent":0,"menu_order":0,"comment_status":"closed","ping_status":"closed","template":"","meta":{"footnotes":""},"class_list":["post-2678","page","type-page","status-publish","hentry"],"yoast_head":"<!-- This site is optimized with the Yoast SEO plugin v27.4 - https:\/\/yoast.com\/product\/yoast-seo-wordpress\/ -->\n<title>Hotel All inklusive Milano Marittima, 80 Meter vom Meer<\/title>\n<meta name=\"description\" content=\"Garni Garten All inklusive preiswert in Milano Marittima: Vollpension, Getr\u00e4nke inbegriffen, Pool, Strand Rosen Beach, Parkplatz, Wifi, Gro\u00dfer Garten: Was will man mehr von einem Urlaub zu einem g\u00fcnstigen Preis?\" \/>\n<meta name=\"robots\" content=\"index, follow, max-snippet:-1, max-image-preview:large, max-video-preview:-1\" \/>\n<link rel=\"canonical\" href=\"https:\/\/www.garnigarten.it\/de\/hotel-all-inklusive-milano-marittima\/\" \/>\n<meta property=\"og:locale\" content=\"de_DE\" \/>\n<meta property=\"og:type\" content=\"article\" \/>\n<meta property=\"og:title\" content=\"Hotel All inklusive Milano Marittima, 80 Meter vom Meer\" \/>\n<meta property=\"og:description\" content=\"Garni Garten All inklusive preiswert in Milano Marittima: Vollpension, Getr\u00e4nke inbegriffen, Pool, Strand Rosen Beach, Parkplatz, Wifi, Gro\u00dfer Garten: Was will man mehr von einem Urlaub zu einem g\u00fcnstigen Preis?\" \/>\n<meta property=\"og:url\" content=\"https:\/\/www.garnigarten.it\/de\/hotel-all-inklusive-milano-marittima\/\" \/>\n<meta property=\"og:site_name\" content=\"Garni Garten Milano Marittima\" \/>\n<meta property=\"article:modified_time\" content=\"2024-12-13T09:44:22+00:00\" \/>\n<meta name=\"twitter:card\" content=\"summary_large_image\" \/>\n<meta name=\"twitter:label1\" content=\"Gesch\u00e4tzte Lesezeit\" \/>\n\t<meta name=\"twitter:data1\" content=\"3\u00a0Minuten\" \/>\n<script type=\"application\/ld+json\" class=\"yoast-schema-graph\">{\"@context\":\"https:\\\/\\\/schema.org\",\"@graph\":[{\"@type\":\"WebPage\",\"@id\":\"https:\\\/\\\/www.garnigarten.it\\\/de\\\/hotel-all-inklusive-milano-marittima\\\/\",\"url\":\"https:\\\/\\\/www.garnigarten.it\\\/de\\\/hotel-all-inklusive-milano-marittima\\\/\",\"name\":\"Hotel All inklusive Milano Marittima, 80 Meter vom Meer\",\"isPartOf\":{\"@id\":\"https:\\\/\\\/www.garnigarten.it\\\/de\\\/#website\"},\"datePublished\":\"2016-02-20T10:27:39+00:00\",\"dateModified\":\"2024-12-13T09:44:22+00:00\",\"description\":\"Garni Garten All inklusive preiswert in Milano Marittima: Vollpension, Getr\u00e4nke inbegriffen, Pool, Strand Rosen Beach, Parkplatz, Wifi, Gro\u00dfer Garten: Was will man mehr von einem Urlaub zu einem g\u00fcnstigen Preis?\",\"breadcrumb\":{\"@id\":\"https:\\\/\\\/www.garnigarten.it\\\/de\\\/hotel-all-inklusive-milano-marittima\\\/#breadcrumb\"},\"inLanguage\":\"de\",\"potentialAction\":[{\"@type\":\"ReadAction\",\"target\":[\"https:\\\/\\\/www.garnigarten.it\\\/de\\\/hotel-all-inklusive-milano-marittima\\\/\"]}]},{\"@type\":\"BreadcrumbList\",\"@id\":\"https:\\\/\\\/www.garnigarten.it\\\/de\\\/hotel-all-inklusive-milano-marittima\\\/#breadcrumb\",\"itemListElement\":[{\"@type\":\"ListItem\",\"position\":1,\"name\":\"Home\",\"item\":\"https:\\\/\\\/www.garnigarten.it\\\/de\\\/\"},{\"@type\":\"ListItem\",\"position\":2,\"name\":\"Hotel All inklusive Milano Marittima, 80 Meter vom Meer\"}]},{\"@type\":\"WebSite\",\"@id\":\"https:\\\/\\\/www.garnigarten.it\\\/de\\\/#website\",\"url\":\"https:\\\/\\\/www.garnigarten.it\\\/de\\\/\",\"name\":\"Garni Garten Milano Marittima\",\"description\":\"\",\"potentialAction\":[{\"@type\":\"SearchAction\",\"target\":{\"@type\":\"EntryPoint\",\"urlTemplate\":\"https:\\\/\\\/www.garnigarten.it\\\/de\\\/?s={search_term_string}\"},\"query-input\":{\"@type\":\"PropertyValueSpecification\",\"valueRequired\":true,\"valueName\":\"search_term_string\"}}],\"inLanguage\":\"de\"}]}<\/script>\n<!-- \/ Yoast SEO plugin. -->","yoast_head_json":{"title":"Hotel All inklusive Milano Marittima, 80 Meter vom Meer","description":"Garni Garten All inklusive preiswert in Milano Marittima: Vollpension, Getr\u00e4nke inbegriffen, Pool, Strand Rosen Beach, Parkplatz, Wifi, Gro\u00dfer Garten: Was will man mehr von einem Urlaub zu einem g\u00fcnstigen Preis?","robots":{"index":"index","follow":"follow","max-snippet":"max-snippet:-1","max-image-preview":"max-image-preview:large","max-video-preview":"max-video-preview:-1"},"canonical":"https:\/\/www.garnigarten.it\/de\/hotel-all-inklusive-milano-marittima\/","og_locale":"de_DE","og_type":"article","og_title":"Hotel All inklusive Milano Marittima, 80 Meter vom Meer","og_description":"Garni Garten All inklusive preiswert in Milano Marittima: Vollpension, Getr\u00e4nke inbegriffen, Pool, Strand Rosen Beach, Parkplatz, Wifi, Gro\u00dfer Garten: Was will man mehr von einem Urlaub zu einem g\u00fcnstigen Preis?","og_url":"https:\/\/www.garnigarten.it\/de\/hotel-all-inklusive-milano-marittima\/","og_site_name":"Garni Garten Milano Marittima","article_modified_time":"2024-12-13T09:44:22+00:00","twitter_card":"summary_large_image","twitter_misc":{"Gesch\u00e4tzte Lesezeit":"3\u00a0Minuten"},"schema":{"@context":"https:\/\/schema.org","@graph":[{"@type":"WebPage","@id":"https:\/\/www.garnigarten.it\/de\/hotel-all-inklusive-milano-marittima\/","url":"https:\/\/www.garnigarten.it\/de\/hotel-all-inklusive-milano-marittima\/","name":"Hotel All inklusive Milano Marittima, 80 Meter vom Meer","isPartOf":{"@id":"https:\/\/www.garnigarten.it\/de\/#website"},"datePublished":"2016-02-20T10:27:39+00:00","dateModified":"2024-12-13T09:44:22+00:00","description":"Garni Garten All inklusive preiswert in Milano Marittima: Vollpension, Getr\u00e4nke inbegriffen, Pool, Strand Rosen Beach, Parkplatz, Wifi, Gro\u00dfer Garten: Was will man mehr von einem Urlaub zu einem g\u00fcnstigen Preis?","breadcrumb":{"@id":"https:\/\/www.garnigarten.it\/de\/hotel-all-inklusive-milano-marittima\/#breadcrumb"},"inLanguage":"de","potentialAction":[{"@type":"ReadAction","target":["https:\/\/www.garnigarten.it\/de\/hotel-all-inklusive-milano-marittima\/"]}]},{"@type":"BreadcrumbList","@id":"https:\/\/www.garnigarten.it\/de\/hotel-all-inklusive-milano-marittima\/#breadcrumb","itemListElement":[{"@type":"ListItem","position":1,"name":"Home","item":"https:\/\/www.garnigarten.it\/de\/"},{"@type":"ListItem","position":2,"name":"Hotel All inklusive Milano Marittima, 80 Meter vom Meer"}]},{"@type":"WebSite","@id":"https:\/\/www.garnigarten.it\/de\/#website","url":"https:\/\/www.garnigarten.it\/de\/","name":"Garni Garten Milano Marittima","description":"","potentialAction":[{"@type":"SearchAction","target":{"@type":"EntryPoint","urlTemplate":"https:\/\/www.garnigarten.it\/de\/?s={search_term_string}"},"query-input":{"@type":"PropertyValueSpecification","valueRequired":true,"valueName":"search_term_string"}}],"inLanguage":"de"}]}},"_links":{"self":[{"href":"https:\/\/www.garnigarten.it\/de\/wp-json\/wp\/v2\/pages\/2678","targetHints":{"allow":["GET"]}}],"collection":[{"href":"https:\/\/www.garnigarten.it\/de\/wp-json\/wp\/v2\/pages"}],"about":[{"href":"https:\/\/www.garnigarten.it\/de\/wp-json\/wp\/v2\/types\/page"}],"author":[{"embeddable":true,"href":"https:\/\/www.garnigarten.it\/de\/wp-json\/wp\/v2\/users\/1"}],"replies":[{"embeddable":true,"href":"https:\/\/www.garnigarten.it\/de\/wp-json\/wp\/v2\/comments?post=2678"}],"version-history":[{"count":4,"href":"https:\/\/www.garnigarten.it\/de\/wp-json\/wp\/v2\/pages\/2678\/revisions"}],"predecessor-version":[{"id":2899,"href":"https:\/\/www.garnigarten.it\/de\/wp-json\/wp\/v2\/pages\/2678\/revisions\/2899"}],"wp:attachment":[{"href":"https:\/\/www.garnigarten.it\/de\/wp-json\/wp\/v2\/media?parent=2678"}],"curies":[{"name":"wp","href":"https:\/\/api.w.org\/{rel}","templated":true}]}}