{"id":2744,"date":"2016-02-10T08:28:02","date_gmt":"2016-02-10T08:28:02","guid":{"rendered":"https:\/\/www.garnigarten.it\/romagna-luoghi-da-visitare\/"},"modified":"2024-11-19T11:07:03","modified_gmt":"2024-11-19T11:07:03","slug":"was-zu-besuchen-romagna","status":"publish","type":"page","link":"https:\/\/www.garnigarten.it\/de\/was-zu-besuchen-romagna\/","title":{"rendered":"Was zu besuchen in Romagna, die Top 10 Sehensw\u00fcrdigkeiten"},"content":{"rendered":"<section class=\"l-section wpb_row height_auto\"><div class=\"l-section-h i-cf\"><div class=\"g-cols vc_row via_flex valign_top type_default stacking_default\"><div class=\"vc_col-sm-12 wpb_column vc_column_container\"><div class=\"vc_column-inner\"><div class=\"wpb_wrapper\">[rev_slider_vc alias=&#8220;romagna&#8220;]<div class=\"w-separator size_custom\" style=\"height:15px\"><\/div>[vc_custom_heading text=&#8220;Gute K\u00fcche, Gastfreundschaft, Strand, Meer, Vergn\u00fcgungsparks, Mittelalterliche Orte, Schl\u00f6sser, romanische Br\u00fccken &#8230; Das ist die Romagna, ein Ort f\u00fcr einen wunderbaren Urlaub im Zeichen der Unterhaltung, der Kultur und der Traditionen dieser Gegend.&#8220; font_container=&#8220;tag:h2|font_size:28|text_align:center|color:%23599e41&#8243; google_fonts=&#8220;font_family:Raleway%3A100%2C200%2C300%2Cregular%2C500%2C600%2C700%2C800%2C900|font_style:300%20light%20regular%3A300%3Anormal&#8220; css=&#8220;%7B%22default%22%3A%7B%22color%22%3A%22%23599e41%22%2C%22font-size%22%3A%2228%22%7D%7D&#8220;]<div class=\"w-separator size_custom\" style=\"height:15px\"><\/div><div class=\"g-cols wpb_row us_custom_da6da72d via_flex valign_top type_default stacking_default\"><div class=\"vc_col-sm-12 wpb_column vc_column_container\"><div class=\"vc_column-inner\"><div class=\"wpb_wrapper\"><div class=\"w-separator size_custom\" style=\"height:32px\"><\/div><div class=\"wpb_text_column\"><div class=\"wpb_wrapper\"><h1 style=\"text-align: center;\">Was zu besuchen in Romagna<\/h1>\n<\/div><\/div><div class=\"w-separator size_custom\" style=\"height:20px\"><\/div><\/div><\/div><\/div><\/div><div class=\"g-cols wpb_row us_custom_4ee6b562 via_flex valign_top type_default stacking_default\"><div class=\"vc_col-sm-4 wpb_column vc_column_container\"><div class=\"vc_column-inner\"><div class=\"wpb_wrapper\"><div class=\"w-slider style_none fit_cover nav_thumbs count_6\" style=\"--thumbs-width:4rem;--thumbs-gap:4px;\"><div class=\"w-slider-h\"><div class=\"royalSlider\"><div class=\"rsContent\"><a class=\"rsImg\" data-rsw=\"1024\" data-rsh=\"678\" data-rsBigImg=\"https:\/\/www.garnigarten.it\/wp-content\/uploads\/2016\/02\/ravenna2.jpg\" href=\"https:\/\/www.garnigarten.it\/wp-content\/uploads\/2016\/02\/ravenna2-1024x678.jpg\"><span data-alt=\"\"><\/span><\/a><img loading=\"lazy\" decoding=\"async\" width=\"150\" height=\"150\" src=\"https:\/\/www.garnigarten.it\/wp-content\/uploads\/2016\/02\/ravenna2-150x150.jpg\" class=\"rsTmb\" alt=\"\" srcset=\"https:\/\/www.garnigarten.it\/wp-content\/uploads\/2016\/02\/ravenna2-150x150.jpg 150w, https:\/\/www.garnigarten.it\/wp-content\/uploads\/2016\/02\/ravenna2-350x350.jpg 350w, https:\/\/www.garnigarten.it\/wp-content\/uploads\/2016\/02\/ravenna2-600x600.jpg 600w\" sizes=\"auto, (max-width: 150px) 100vw, 150px\" \/><\/div><div class=\"rsContent\"><a class=\"rsImg\" data-rsw=\"1024\" data-rsh=\"768\" data-rsBigImg=\"https:\/\/www.garnigarten.it\/wp-content\/uploads\/2016\/02\/sanvitale.jpg\" href=\"https:\/\/www.garnigarten.it\/wp-content\/uploads\/2016\/02\/sanvitale-1024x768.jpg\"><span data-alt=\"\"><\/span><\/a><img loading=\"lazy\" decoding=\"async\" width=\"150\" height=\"150\" src=\"https:\/\/www.garnigarten.it\/wp-content\/uploads\/2016\/02\/sanvitale-150x150.jpg\" class=\"rsTmb\" alt=\"\" srcset=\"https:\/\/www.garnigarten.it\/wp-content\/uploads\/2016\/02\/sanvitale-150x150.jpg 150w, https:\/\/www.garnigarten.it\/wp-content\/uploads\/2016\/02\/sanvitale-350x350.jpg 350w, https:\/\/www.garnigarten.it\/wp-content\/uploads\/2016\/02\/sanvitale-600x600.jpg 600w\" sizes=\"auto, (max-width: 150px) 100vw, 150px\" \/><\/div><div class=\"rsContent\"><a class=\"rsImg\" data-rsw=\"1024\" data-rsh=\"683\" data-rsBigImg=\"https:\/\/www.garnigarten.it\/wp-content\/uploads\/2016\/02\/centrostoricoravenna.jpg\" href=\"https:\/\/www.garnigarten.it\/wp-content\/uploads\/2016\/02\/centrostoricoravenna-1024x683.jpg\"><span data-alt=\"\"><\/span><\/a><img loading=\"lazy\" decoding=\"async\" width=\"150\" height=\"150\" src=\"https:\/\/www.garnigarten.it\/wp-content\/uploads\/2016\/02\/centrostoricoravenna-150x150.jpg\" class=\"rsTmb\" alt=\"\" srcset=\"https:\/\/www.garnigarten.it\/wp-content\/uploads\/2016\/02\/centrostoricoravenna-150x150.jpg 150w, https:\/\/www.garnigarten.it\/wp-content\/uploads\/2016\/02\/centrostoricoravenna-350x350.jpg 350w, https:\/\/www.garnigarten.it\/wp-content\/uploads\/2016\/02\/centrostoricoravenna-600x600.jpg 600w\" sizes=\"auto, (max-width: 150px) 100vw, 150px\" \/><\/div><div class=\"rsContent\"><a class=\"rsImg\" data-rsw=\"1024\" data-rsh=\"685\" data-rsBigImg=\"https:\/\/www.garnigarten.it\/wp-content\/uploads\/2016\/02\/battistero-neoniano.jpg\" href=\"https:\/\/www.garnigarten.it\/wp-content\/uploads\/2016\/02\/battistero-neoniano-1024x685.jpg\"><span data-alt=\"\"><\/span><\/a><img loading=\"lazy\" decoding=\"async\" width=\"150\" height=\"150\" src=\"https:\/\/www.garnigarten.it\/wp-content\/uploads\/2016\/02\/battistero-neoniano-150x150.jpg\" class=\"rsTmb\" alt=\"\" srcset=\"https:\/\/www.garnigarten.it\/wp-content\/uploads\/2016\/02\/battistero-neoniano-150x150.jpg 150w, https:\/\/www.garnigarten.it\/wp-content\/uploads\/2016\/02\/battistero-neoniano-350x350.jpg 350w, https:\/\/www.garnigarten.it\/wp-content\/uploads\/2016\/02\/battistero-neoniano-600x600.jpg 600w\" sizes=\"auto, (max-width: 150px) 100vw, 150px\" \/><\/div><div class=\"rsContent\"><a class=\"rsImg\" data-rsw=\"1024\" data-rsh=\"768\" data-rsBigImg=\"https:\/\/www.garnigarten.it\/wp-content\/uploads\/2016\/02\/MM-Il-Mausoleo-di-Teodorico-a-Ravenna.jpg\" href=\"https:\/\/www.garnigarten.it\/wp-content\/uploads\/2016\/02\/MM-Il-Mausoleo-di-Teodorico-a-Ravenna-1024x768.jpg\"><span data-alt=\"\"><\/span><\/a><img loading=\"lazy\" decoding=\"async\" width=\"150\" height=\"150\" src=\"https:\/\/www.garnigarten.it\/wp-content\/uploads\/2016\/02\/MM-Il-Mausoleo-di-Teodorico-a-Ravenna-150x150.jpg\" class=\"rsTmb\" alt=\"\" srcset=\"https:\/\/www.garnigarten.it\/wp-content\/uploads\/2016\/02\/MM-Il-Mausoleo-di-Teodorico-a-Ravenna-150x150.jpg 150w, https:\/\/www.garnigarten.it\/wp-content\/uploads\/2016\/02\/MM-Il-Mausoleo-di-Teodorico-a-Ravenna-350x350.jpg 350w, https:\/\/www.garnigarten.it\/wp-content\/uploads\/2016\/02\/MM-Il-Mausoleo-di-Teodorico-a-Ravenna-600x600.jpg 600w\" sizes=\"auto, (max-width: 150px) 100vw, 150px\" \/><\/div><div class=\"rsContent\"><a class=\"rsImg\" data-rsw=\"800\" data-rsh=\"573\" data-rsBigImg=\"https:\/\/www.garnigarten.it\/wp-content\/uploads\/2016\/02\/MM-Mausoleums_der_Galla_Placidia_in_Ravenna_008.jpg\" href=\"https:\/\/www.garnigarten.it\/wp-content\/uploads\/2016\/02\/MM-Mausoleums_der_Galla_Placidia_in_Ravenna_008.jpg\"><span data-alt=\"\"><\/span><\/a><img loading=\"lazy\" decoding=\"async\" width=\"150\" height=\"150\" src=\"https:\/\/www.garnigarten.it\/wp-content\/uploads\/2016\/02\/MM-Mausoleums_der_Galla_Placidia_in_Ravenna_008-150x150.jpg\" class=\"rsTmb\" alt=\"\" srcset=\"https:\/\/www.garnigarten.it\/wp-content\/uploads\/2016\/02\/MM-Mausoleums_der_Galla_Placidia_in_Ravenna_008-150x150.jpg 150w, https:\/\/www.garnigarten.it\/wp-content\/uploads\/2016\/02\/MM-Mausoleums_der_Galla_Placidia_in_Ravenna_008-350x350.jpg 350w\" sizes=\"auto, (max-width: 150px) 100vw, 150px\" \/><\/div><\/div><img decoding=\"async\" src=\"https:\/\/www.garnigarten.it\/wp-content\/uploads\/2016\/02\/ravenna2-1024x678.jpg\" width=\"1024\" height=\"678\" alt loading=\"lazy\"><\/div><div class=\"w-slider-json\" onclick='return {&quot;autoScaleSlider&quot;:true,&quot;addActiveClass&quot;:true,&quot;loop&quot;:true,&quot;fadeInLoadedSlide&quot;:false,&quot;slidesSpacing&quot;:0,&quot;imageScalePadding&quot;:0,&quot;numImagesToPreload&quot;:2,&quot;arrowsNav&quot;:true,&quot;arrowsNavAutoHide&quot;:true,&quot;transitionType&quot;:&quot;move&quot;,&quot;transitionSpeed&quot;:250,&quot;block&quot;:{&quot;moveEffect&quot;:&quot;none&quot;,&quot;speed&quot;:300},&quot;thumbs&quot;:{&quot;fitInViewport&quot;:false,&quot;firstMargin&quot;:false,&quot;spacing&quot;:4},&quot;controlNavigation&quot;:&quot;thumbnails&quot;,&quot;fullscreen&quot;:{&quot;enabled&quot;:true},&quot;autoScaleSliderWidth&quot;:1024,&quot;autoScaleSliderHeight&quot;:678}'><\/div><\/div><div class=\"wpb_text_column\"><div class=\"wpb_wrapper\"><p><span style=\"color: #cc488b;\"><span style=\"color: #599e41;\"><strong>RAVENNA<\/strong><\/span><br \/>\n<\/span>R\u00f6mische Hauptstadt und letzte Haus von Dante Alighieri.\u2026<\/p>\n<\/div><\/div><\/div><\/div><\/div><div class=\"vc_col-sm-4 wpb_column vc_column_container\"><div class=\"vc_column-inner\"><div class=\"wpb_wrapper\"><div class=\"w-slider style_none fit_cover nav_thumbs count_5\" style=\"--thumbs-width:4rem;--thumbs-gap:4px;\"><div class=\"w-slider-h\"><div class=\"royalSlider\"><div class=\"rsContent\"><a class=\"rsImg\" data-rsw=\"1024\" data-rsh=\"678\" data-rsBigImg=\"https:\/\/www.garnigarten.it\/wp-content\/uploads\/2016\/02\/min_-San-Marino.jpg\" href=\"https:\/\/www.garnigarten.it\/wp-content\/uploads\/2016\/02\/min_-San-Marino-1024x678.jpg\"><span data-alt=\"\"><\/span><\/a><img loading=\"lazy\" decoding=\"async\" width=\"150\" height=\"150\" src=\"https:\/\/www.garnigarten.it\/wp-content\/uploads\/2016\/02\/min_-San-Marino-150x150.jpg\" class=\"rsTmb\" alt=\"\" srcset=\"https:\/\/www.garnigarten.it\/wp-content\/uploads\/2016\/02\/min_-San-Marino-150x150.jpg 150w, https:\/\/www.garnigarten.it\/wp-content\/uploads\/2016\/02\/min_-San-Marino-350x350.jpg 350w, https:\/\/www.garnigarten.it\/wp-content\/uploads\/2016\/02\/min_-San-Marino-600x600.jpg 600w\" sizes=\"auto, (max-width: 150px) 100vw, 150px\" \/><\/div><div class=\"rsContent\"><a class=\"rsImg\" data-rsw=\"971\" data-rsh=\"614\" data-rsBigImg=\"https:\/\/www.garnigarten.it\/wp-content\/uploads\/2016\/02\/min_-san-marino-palazzo-pubblico.jpg\" href=\"https:\/\/www.garnigarten.it\/wp-content\/uploads\/2016\/02\/min_-san-marino-palazzo-pubblico.jpg\"><span data-alt=\"\"><\/span><\/a><img loading=\"lazy\" decoding=\"async\" width=\"150\" height=\"150\" src=\"https:\/\/www.garnigarten.it\/wp-content\/uploads\/2016\/02\/min_-san-marino-palazzo-pubblico-150x150.jpg\" class=\"rsTmb\" alt=\"\" srcset=\"https:\/\/www.garnigarten.it\/wp-content\/uploads\/2016\/02\/min_-san-marino-palazzo-pubblico-150x150.jpg 150w, https:\/\/www.garnigarten.it\/wp-content\/uploads\/2016\/02\/min_-san-marino-palazzo-pubblico-350x350.jpg 350w, https:\/\/www.garnigarten.it\/wp-content\/uploads\/2016\/02\/min_-san-marino-palazzo-pubblico-600x600.jpg 600w\" sizes=\"auto, (max-width: 150px) 100vw, 150px\" \/><\/div><div class=\"rsContent\"><a class=\"rsImg\" data-rsw=\"1024\" data-rsh=\"656\" data-rsBigImg=\"https:\/\/www.garnigarten.it\/wp-content\/uploads\/2016\/02\/min_-rocca1.jpg\" href=\"https:\/\/www.garnigarten.it\/wp-content\/uploads\/2016\/02\/min_-rocca1-1024x656.jpg\"><span data-alt=\"\"><\/span><\/a><img loading=\"lazy\" decoding=\"async\" width=\"150\" height=\"150\" src=\"https:\/\/www.garnigarten.it\/wp-content\/uploads\/2016\/02\/min_-rocca1-150x150.jpg\" class=\"rsTmb\" alt=\"\" srcset=\"https:\/\/www.garnigarten.it\/wp-content\/uploads\/2016\/02\/min_-rocca1-150x150.jpg 150w, https:\/\/www.garnigarten.it\/wp-content\/uploads\/2016\/02\/min_-rocca1-350x350.jpg 350w, https:\/\/www.garnigarten.it\/wp-content\/uploads\/2016\/02\/min_-rocca1-600x600.jpg 600w\" sizes=\"auto, (max-width: 150px) 100vw, 150px\" \/><\/div><div class=\"rsContent\"><a class=\"rsImg\" data-rsw=\"520\" data-rsh=\"386\" data-rsBigImg=\"https:\/\/www.garnigarten.it\/wp-content\/uploads\/2016\/02\/min_-Mura-e-porte.jpg\" href=\"https:\/\/www.garnigarten.it\/wp-content\/uploads\/2016\/02\/min_-Mura-e-porte.jpg\"><span data-alt=\"\"><\/span><\/a><img loading=\"lazy\" decoding=\"async\" width=\"150\" height=\"150\" src=\"https:\/\/www.garnigarten.it\/wp-content\/uploads\/2016\/02\/min_-Mura-e-porte-150x150.jpg\" class=\"rsTmb\" alt=\"\" srcset=\"https:\/\/www.garnigarten.it\/wp-content\/uploads\/2016\/02\/min_-Mura-e-porte-150x150.jpg 150w, https:\/\/www.garnigarten.it\/wp-content\/uploads\/2016\/02\/min_-Mura-e-porte-350x350.jpg 350w\" sizes=\"auto, (max-width: 150px) 100vw, 150px\" \/><\/div><div class=\"rsContent\"><a class=\"rsImg\" data-rsw=\"520\" data-rsh=\"390\" data-rsBigImg=\"https:\/\/www.garnigarten.it\/wp-content\/uploads\/2016\/02\/min_-Centro-storico-di-San-Marino.jpg\" href=\"https:\/\/www.garnigarten.it\/wp-content\/uploads\/2016\/02\/min_-Centro-storico-di-San-Marino.jpg\"><span data-alt=\"\"><\/span><\/a><img loading=\"lazy\" decoding=\"async\" width=\"150\" height=\"150\" src=\"https:\/\/www.garnigarten.it\/wp-content\/uploads\/2016\/02\/min_-Centro-storico-di-San-Marino-150x150.jpg\" class=\"rsTmb\" alt=\"\" srcset=\"https:\/\/www.garnigarten.it\/wp-content\/uploads\/2016\/02\/min_-Centro-storico-di-San-Marino-150x150.jpg 150w, https:\/\/www.garnigarten.it\/wp-content\/uploads\/2016\/02\/min_-Centro-storico-di-San-Marino-350x350.jpg 350w\" sizes=\"auto, (max-width: 150px) 100vw, 150px\" \/><\/div><\/div><img decoding=\"async\" src=\"https:\/\/www.garnigarten.it\/wp-content\/uploads\/2016\/02\/min_-San-Marino-1024x678.jpg\" width=\"1024\" height=\"678\" alt loading=\"lazy\"><\/div><div class=\"w-slider-json\" onclick='return {&quot;autoScaleSlider&quot;:true,&quot;addActiveClass&quot;:true,&quot;loop&quot;:true,&quot;fadeInLoadedSlide&quot;:false,&quot;slidesSpacing&quot;:0,&quot;imageScalePadding&quot;:0,&quot;numImagesToPreload&quot;:2,&quot;arrowsNav&quot;:true,&quot;arrowsNavAutoHide&quot;:true,&quot;transitionType&quot;:&quot;move&quot;,&quot;transitionSpeed&quot;:250,&quot;block&quot;:{&quot;moveEffect&quot;:&quot;none&quot;,&quot;speed&quot;:300},&quot;thumbs&quot;:{&quot;fitInViewport&quot;:false,&quot;firstMargin&quot;:false,&quot;spacing&quot;:4},&quot;controlNavigation&quot;:&quot;thumbnails&quot;,&quot;fullscreen&quot;:{&quot;enabled&quot;:true},&quot;autoScaleSliderWidth&quot;:1024,&quot;autoScaleSliderHeight&quot;:678}'><\/div><\/div><div class=\"wpb_text_column\"><div class=\"wpb_wrapper\"><p><span style=\"color: #cc488b;\"><span style=\"color: #599e41;\"><strong>SAN MARINO<\/strong><\/span><br \/>\n<\/span>Altenstadt, Herzogsgeb\u00e4ude\u2026<\/p>\n<\/div><\/div><\/div><\/div><\/div><div class=\"vc_col-sm-4 wpb_column vc_column_container\"><div class=\"vc_column-inner\"><div class=\"wpb_wrapper\"><div class=\"w-slider style_none fit_cover nav_thumbs count_5\" style=\"--thumbs-width:4rem;--thumbs-gap:4px;\"><div class=\"w-slider-h\"><div class=\"royalSlider\"><div class=\"rsContent\"><a class=\"rsImg\" data-rsw=\"1024\" data-rsh=\"678\" data-rsBigImg=\"https:\/\/www.garnigarten.it\/wp-content\/uploads\/2016\/02\/rimini.jpg\" href=\"https:\/\/www.garnigarten.it\/wp-content\/uploads\/2016\/02\/rimini-1024x678.jpg\"><span data-alt=\"\"><\/span><\/a><img loading=\"lazy\" decoding=\"async\" width=\"150\" height=\"150\" src=\"https:\/\/www.garnigarten.it\/wp-content\/uploads\/2016\/02\/rimini-150x150.jpg\" class=\"rsTmb\" alt=\"\" srcset=\"https:\/\/www.garnigarten.it\/wp-content\/uploads\/2016\/02\/rimini-150x150.jpg 150w, https:\/\/www.garnigarten.it\/wp-content\/uploads\/2016\/02\/rimini-350x350.jpg 350w, https:\/\/www.garnigarten.it\/wp-content\/uploads\/2016\/02\/rimini-600x600.jpg 600w\" sizes=\"auto, (max-width: 150px) 100vw, 150px\" \/><\/div><div class=\"rsContent\"><a class=\"rsImg\" data-rsw=\"1024\" data-rsh=\"767\" data-rsBigImg=\"https:\/\/www.garnigarten.it\/wp-content\/uploads\/2016\/02\/min_-duomo.jpg\" href=\"https:\/\/www.garnigarten.it\/wp-content\/uploads\/2016\/02\/min_-duomo-1024x767.jpg\"><span data-alt=\"\"><\/span><\/a><img loading=\"lazy\" decoding=\"async\" width=\"150\" height=\"150\" src=\"https:\/\/www.garnigarten.it\/wp-content\/uploads\/2016\/02\/min_-duomo-150x150.jpg\" class=\"rsTmb\" alt=\"\" srcset=\"https:\/\/www.garnigarten.it\/wp-content\/uploads\/2016\/02\/min_-duomo-150x150.jpg 150w, https:\/\/www.garnigarten.it\/wp-content\/uploads\/2016\/02\/min_-duomo-350x350.jpg 350w, https:\/\/www.garnigarten.it\/wp-content\/uploads\/2016\/02\/min_-duomo-600x600.jpg 600w\" sizes=\"auto, (max-width: 150px) 100vw, 150px\" \/><\/div><div class=\"rsContent\"><a class=\"rsImg\" data-rsw=\"1024\" data-rsh=\"683\" data-rsBigImg=\"https:\/\/www.garnigarten.it\/wp-content\/uploads\/2016\/02\/min_-arco-augusto.jpg\" href=\"https:\/\/www.garnigarten.it\/wp-content\/uploads\/2016\/02\/min_-arco-augusto-1024x683.jpg\"><span data-alt=\"\"><\/span><\/a><img loading=\"lazy\" decoding=\"async\" width=\"150\" height=\"150\" src=\"https:\/\/www.garnigarten.it\/wp-content\/uploads\/2016\/02\/min_-arco-augusto-150x150.jpg\" class=\"rsTmb\" alt=\"\" srcset=\"https:\/\/www.garnigarten.it\/wp-content\/uploads\/2016\/02\/min_-arco-augusto-150x150.jpg 150w, https:\/\/www.garnigarten.it\/wp-content\/uploads\/2016\/02\/min_-arco-augusto-350x350.jpg 350w, https:\/\/www.garnigarten.it\/wp-content\/uploads\/2016\/02\/min_-arco-augusto-600x600.jpg 600w\" sizes=\"auto, (max-width: 150px) 100vw, 150px\" \/><\/div><div class=\"rsContent\"><a class=\"rsImg\" data-rsw=\"1024\" data-rsh=\"768\" data-rsBigImg=\"https:\/\/www.garnigarten.it\/wp-content\/uploads\/2016\/02\/min_-rimini-castel-sismondo.jpg\" href=\"https:\/\/www.garnigarten.it\/wp-content\/uploads\/2016\/02\/min_-rimini-castel-sismondo-1024x768.jpg\"><span data-alt=\"\"><\/span><\/a><img loading=\"lazy\" decoding=\"async\" width=\"150\" height=\"150\" src=\"https:\/\/www.garnigarten.it\/wp-content\/uploads\/2016\/02\/min_-rimini-castel-sismondo-150x150.jpg\" class=\"rsTmb\" alt=\"\" srcset=\"https:\/\/www.garnigarten.it\/wp-content\/uploads\/2016\/02\/min_-rimini-castel-sismondo-150x150.jpg 150w, https:\/\/www.garnigarten.it\/wp-content\/uploads\/2016\/02\/min_-rimini-castel-sismondo-350x350.jpg 350w, https:\/\/www.garnigarten.it\/wp-content\/uploads\/2016\/02\/min_-rimini-castel-sismondo-600x600.jpg 600w\" sizes=\"auto, (max-width: 150px) 100vw, 150px\" \/><\/div><div class=\"rsContent\"><a class=\"rsImg\" data-rsw=\"1024\" data-rsh=\"768\" data-rsBigImg=\"https:\/\/www.garnigarten.it\/wp-content\/uploads\/2016\/02\/min_-domus-del-chirurgo.jpg\" href=\"https:\/\/www.garnigarten.it\/wp-content\/uploads\/2016\/02\/min_-domus-del-chirurgo-1024x768.jpg\"><span data-alt=\"\"><\/span><\/a><img loading=\"lazy\" decoding=\"async\" width=\"150\" height=\"150\" src=\"https:\/\/www.garnigarten.it\/wp-content\/uploads\/2016\/02\/min_-domus-del-chirurgo-150x150.jpg\" class=\"rsTmb\" alt=\"\" srcset=\"https:\/\/www.garnigarten.it\/wp-content\/uploads\/2016\/02\/min_-domus-del-chirurgo-150x150.jpg 150w, https:\/\/www.garnigarten.it\/wp-content\/uploads\/2016\/02\/min_-domus-del-chirurgo-350x350.jpg 350w, https:\/\/www.garnigarten.it\/wp-content\/uploads\/2016\/02\/min_-domus-del-chirurgo-600x600.jpg 600w\" sizes=\"auto, (max-width: 150px) 100vw, 150px\" \/><\/div><\/div><img decoding=\"async\" src=\"https:\/\/www.garnigarten.it\/wp-content\/uploads\/2016\/02\/rimini-1024x678.jpg\" width=\"1024\" height=\"678\" alt loading=\"lazy\"><\/div><div class=\"w-slider-json\" onclick='return {&quot;autoScaleSlider&quot;:true,&quot;addActiveClass&quot;:true,&quot;loop&quot;:true,&quot;fadeInLoadedSlide&quot;:false,&quot;slidesSpacing&quot;:0,&quot;imageScalePadding&quot;:0,&quot;numImagesToPreload&quot;:2,&quot;arrowsNav&quot;:true,&quot;arrowsNavAutoHide&quot;:true,&quot;transitionType&quot;:&quot;move&quot;,&quot;transitionSpeed&quot;:250,&quot;block&quot;:{&quot;moveEffect&quot;:&quot;none&quot;,&quot;speed&quot;:300},&quot;thumbs&quot;:{&quot;fitInViewport&quot;:false,&quot;firstMargin&quot;:false,&quot;spacing&quot;:4},&quot;controlNavigation&quot;:&quot;thumbnails&quot;,&quot;fullscreen&quot;:{&quot;enabled&quot;:true},&quot;autoScaleSliderWidth&quot;:1024,&quot;autoScaleSliderHeight&quot;:678}'><\/div><\/div><div class=\"wpb_text_column\"><div class=\"wpb_wrapper\"><p><span style=\"color: #599e41;\"><strong>RIMINI<\/strong><\/span><br \/>\nMittelalterliche Dorf, Altstadt, r\u00f6mische Br\u00fccken\u2026<\/p>\n<\/div><\/div><\/div><\/div><\/div><\/div><\/div><\/div><\/div><\/div><\/div><\/section><section class=\"l-section wpb_row height_small\"><div class=\"l-section-h i-cf\"><div class=\"g-cols vc_row via_flex valign_top type_default stacking_default\"><div class=\"vc_col-sm-12 wpb_column vc_column_container\"><div class=\"vc_column-inner\"><div class=\"wpb_wrapper\"><div class=\"g-cols wpb_row us_custom_5b1892f8 via_flex valign_top type_default stacking_default\"><div class=\"vc_col-sm-3 wpb_column vc_column_container\"><div class=\"vc_column-inner\"><div class=\"wpb_wrapper\"><div class=\"w-image align_none\"><div class=\"w-image-h\"><img decoding=\"async\" width=\"1024\" height=\"678\" src=\"https:\/\/www.garnigarten.it\/wp-content\/uploads\/2018\/10\/La_rocca_malatestiana_di_Cesena-1024x678.jpg\" class=\"attachment-large size-large\" alt=\"\" loading=\"lazy\" srcset=\"https:\/\/www.garnigarten.it\/wp-content\/uploads\/2018\/10\/La_rocca_malatestiana_di_Cesena-1024x678.jpg 1024w, https:\/\/www.garnigarten.it\/wp-content\/uploads\/2018\/10\/La_rocca_malatestiana_di_Cesena-300x199.jpg 300w, https:\/\/www.garnigarten.it\/wp-content\/uploads\/2018\/10\/La_rocca_malatestiana_di_Cesena-768x509.jpg 768w, https:\/\/www.garnigarten.it\/wp-content\/uploads\/2018\/10\/La_rocca_malatestiana_di_Cesena-600x398.jpg 600w, https:\/\/www.garnigarten.it\/wp-content\/uploads\/2018\/10\/La_rocca_malatestiana_di_Cesena.jpg 1280w\" sizes=\"auto, (max-width: 1024px) 100vw, 1024px\" \/><\/div><\/div><div class=\"wpb_text_column\"><div class=\"wpb_wrapper\"><p style=\"text-align: center;\"><span style=\"color: #599e41;\"><strong>CESENA<\/strong><\/span><\/p>\n<\/div><\/div><\/div><\/div><\/div><div class=\"vc_col-sm-3 wpb_column vc_column_container\"><div class=\"vc_column-inner\"><div class=\"wpb_wrapper\"><div class=\"w-image align_none\"><div class=\"w-image-h\"><img decoding=\"async\" width=\"1024\" height=\"678\" src=\"https:\/\/www.garnigarten.it\/wp-content\/uploads\/2016\/02\/sogliano-1024x678.jpg\" class=\"attachment-large size-large\" alt=\"\" loading=\"lazy\" srcset=\"https:\/\/www.garnigarten.it\/wp-content\/uploads\/2016\/02\/sogliano-1024x678.jpg 1024w, https:\/\/www.garnigarten.it\/wp-content\/uploads\/2016\/02\/sogliano-300x199.jpg 300w, https:\/\/www.garnigarten.it\/wp-content\/uploads\/2016\/02\/sogliano-768x509.jpg 768w, https:\/\/www.garnigarten.it\/wp-content\/uploads\/2016\/02\/sogliano-600x398.jpg 600w, https:\/\/www.garnigarten.it\/wp-content\/uploads\/2016\/02\/sogliano.jpg 1280w\" sizes=\"auto, (max-width: 1024px) 100vw, 1024px\" \/><\/div><\/div><div class=\"wpb_text_column\"><div class=\"wpb_wrapper\"><p style=\"text-align: center;\"><span style=\"color: #599e41;\"><strong>SOGLIANO<\/strong><\/span><\/p>\n<\/div><\/div><\/div><\/div><\/div><div class=\"vc_col-sm-3 wpb_column vc_column_container\"><div class=\"vc_column-inner\"><div class=\"wpb_wrapper\"><div class=\"w-image align_none\"><div class=\"w-image-h\"><img decoding=\"async\" width=\"1024\" height=\"678\" src=\"https:\/\/www.garnigarten.it\/wp-content\/uploads\/2016\/02\/perticara-1024x678.jpg\" class=\"attachment-large size-large\" alt=\"\" loading=\"lazy\" srcset=\"https:\/\/www.garnigarten.it\/wp-content\/uploads\/2016\/02\/perticara-1024x678.jpg 1024w, https:\/\/www.garnigarten.it\/wp-content\/uploads\/2016\/02\/perticara-300x199.jpg 300w, https:\/\/www.garnigarten.it\/wp-content\/uploads\/2016\/02\/perticara-768x509.jpg 768w, https:\/\/www.garnigarten.it\/wp-content\/uploads\/2016\/02\/perticara-600x398.jpg 600w, https:\/\/www.garnigarten.it\/wp-content\/uploads\/2016\/02\/perticara.jpg 1280w\" sizes=\"auto, (max-width: 1024px) 100vw, 1024px\" \/><\/div><\/div><div class=\"wpb_text_column\"><div class=\"wpb_wrapper\"><p style=\"text-align: center;\"><span style=\"color: #599e41;\"><strong>PERTICARA<\/strong><\/span><\/p>\n<\/div><\/div><\/div><\/div><\/div><div class=\"vc_col-sm-3 wpb_column vc_column_container\"><div class=\"vc_column-inner\"><div class=\"wpb_wrapper\"><div class=\"w-image align_none\"><div class=\"w-image-h\"><img decoding=\"async\" width=\"1024\" height=\"678\" src=\"https:\/\/www.garnigarten.it\/wp-content\/uploads\/2016\/02\/MONTEBELLO-1024x678.jpg\" class=\"attachment-large size-large\" alt=\"\" loading=\"lazy\" srcset=\"https:\/\/www.garnigarten.it\/wp-content\/uploads\/2016\/02\/MONTEBELLO-1024x678.jpg 1024w, https:\/\/www.garnigarten.it\/wp-content\/uploads\/2016\/02\/MONTEBELLO-300x199.jpg 300w, https:\/\/www.garnigarten.it\/wp-content\/uploads\/2016\/02\/MONTEBELLO-768x509.jpg 768w, https:\/\/www.garnigarten.it\/wp-content\/uploads\/2016\/02\/MONTEBELLO-600x398.jpg 600w, https:\/\/www.garnigarten.it\/wp-content\/uploads\/2016\/02\/MONTEBELLO.jpg 1280w\" sizes=\"auto, (max-width: 1024px) 100vw, 1024px\" \/><\/div><\/div><div class=\"wpb_text_column\"><div class=\"wpb_wrapper\"><p style=\"text-align: center;\"><span style=\"color: #599e41;\"><strong>MONTEBELLO<\/strong><\/span><\/p>\n<\/div><\/div><\/div><\/div><\/div><\/div><\/div><\/div><\/div><\/div><\/div><\/section><section class=\"l-section wpb_row height_auto\"><div class=\"l-section-h i-cf\"><div class=\"g-cols vc_row via_flex valign_top type_default stacking_default\"><div class=\"vc_col-sm-12 wpb_column vc_column_container\"><div class=\"vc_column-inner\"><div class=\"wpb_wrapper\"><div class=\"g-cols wpb_row us_custom_0ca20747 via_flex valign_top type_default stacking_default\"><div class=\"vc_col-sm-4 wpb_column vc_column_container\"><div class=\"vc_column-inner\"><div class=\"wpb_wrapper\"><div class=\"w-slider style_none fit_cover nav_thumbs count_4\" style=\"--thumbs-width:4rem;--thumbs-gap:4px;\"><div class=\"w-slider-h\"><div class=\"royalSlider\"><div class=\"rsContent\"><a class=\"rsImg\" data-rsw=\"999\" data-rsh=\"666\" data-rsBigImg=\"https:\/\/www.garnigarten.it\/wp-content\/uploads\/2016\/02\/min_-castelllo.jpg\" href=\"https:\/\/www.garnigarten.it\/wp-content\/uploads\/2016\/02\/min_-castelllo.jpg\"><span data-alt=\"\"><\/span><\/a><img loading=\"lazy\" decoding=\"async\" width=\"150\" height=\"150\" src=\"https:\/\/www.garnigarten.it\/wp-content\/uploads\/2016\/02\/min_-castelllo-150x150.jpg\" class=\"rsTmb\" alt=\"\" srcset=\"https:\/\/www.garnigarten.it\/wp-content\/uploads\/2016\/02\/min_-castelllo-150x150.jpg 150w, https:\/\/www.garnigarten.it\/wp-content\/uploads\/2016\/02\/min_-castelllo-350x350.jpg 350w, https:\/\/www.garnigarten.it\/wp-content\/uploads\/2016\/02\/min_-castelllo-600x600.jpg 600w\" sizes=\"auto, (max-width: 150px) 100vw, 150px\" \/><\/div><div class=\"rsContent\"><a class=\"rsImg\" data-rsw=\"998\" data-rsh=\"666\" data-rsBigImg=\"https:\/\/www.garnigarten.it\/wp-content\/uploads\/2016\/02\/min_-img_0045.jpg\" href=\"https:\/\/www.garnigarten.it\/wp-content\/uploads\/2016\/02\/min_-img_0045.jpg\"><span data-alt=\"\"><\/span><\/a><img loading=\"lazy\" decoding=\"async\" width=\"150\" height=\"150\" src=\"https:\/\/www.garnigarten.it\/wp-content\/uploads\/2016\/02\/min_-img_0045-150x150.jpg\" class=\"rsTmb\" alt=\"\" srcset=\"https:\/\/www.garnigarten.it\/wp-content\/uploads\/2016\/02\/min_-img_0045-150x150.jpg 150w, https:\/\/www.garnigarten.it\/wp-content\/uploads\/2016\/02\/min_-img_0045-350x350.jpg 350w, https:\/\/www.garnigarten.it\/wp-content\/uploads\/2016\/02\/min_-img_0045-600x600.jpg 600w\" sizes=\"auto, (max-width: 150px) 100vw, 150px\" \/><\/div><div class=\"rsContent\"><a class=\"rsImg\" data-rsw=\"957\" data-rsh=\"828\" data-rsBigImg=\"https:\/\/www.garnigarten.it\/wp-content\/uploads\/2016\/02\/S.-Leo-pieve-abside.jpg\" href=\"https:\/\/www.garnigarten.it\/wp-content\/uploads\/2016\/02\/S.-Leo-pieve-abside.jpg\"><span data-alt=\"\"><\/span><\/a><img loading=\"lazy\" decoding=\"async\" width=\"150\" height=\"150\" src=\"https:\/\/www.garnigarten.it\/wp-content\/uploads\/2016\/02\/S.-Leo-pieve-abside-150x150.jpg\" class=\"rsTmb\" alt=\"\" srcset=\"https:\/\/www.garnigarten.it\/wp-content\/uploads\/2016\/02\/S.-Leo-pieve-abside-150x150.jpg 150w, https:\/\/www.garnigarten.it\/wp-content\/uploads\/2016\/02\/S.-Leo-pieve-abside-350x350.jpg 350w, https:\/\/www.garnigarten.it\/wp-content\/uploads\/2016\/02\/S.-Leo-pieve-abside-600x600.jpg 600w\" sizes=\"auto, (max-width: 150px) 100vw, 150px\" \/><\/div><div class=\"rsContent\"><a class=\"rsImg\" data-rsw=\"768\" data-rsh=\"768\" data-rsBigImg=\"https:\/\/www.garnigarten.it\/wp-content\/uploads\/2016\/02\/min_-San-Leo-vista-centrostorico.jpg\" href=\"https:\/\/www.garnigarten.it\/wp-content\/uploads\/2016\/02\/min_-San-Leo-vista-centrostorico.jpg\"><span data-alt=\"\"><\/span><\/a><img loading=\"lazy\" decoding=\"async\" width=\"150\" height=\"150\" src=\"https:\/\/www.garnigarten.it\/wp-content\/uploads\/2016\/02\/min_-San-Leo-vista-centrostorico-150x150.jpg\" class=\"rsTmb\" alt=\"\" srcset=\"https:\/\/www.garnigarten.it\/wp-content\/uploads\/2016\/02\/min_-San-Leo-vista-centrostorico-150x150.jpg 150w, https:\/\/www.garnigarten.it\/wp-content\/uploads\/2016\/02\/min_-San-Leo-vista-centrostorico-300x300.jpg 300w, https:\/\/www.garnigarten.it\/wp-content\/uploads\/2016\/02\/min_-San-Leo-vista-centrostorico.jpg 768w, https:\/\/www.garnigarten.it\/wp-content\/uploads\/2016\/02\/min_-San-Leo-vista-centrostorico-350x350.jpg 350w, https:\/\/www.garnigarten.it\/wp-content\/uploads\/2016\/02\/min_-San-Leo-vista-centrostorico-600x600.jpg 600w\" sizes=\"auto, (max-width: 150px) 100vw, 150px\" \/><\/div><\/div><img decoding=\"async\" src=\"https:\/\/www.garnigarten.it\/wp-content\/uploads\/2016\/02\/min_-castelllo.jpg\" width=\"999\" height=\"666\" alt loading=\"lazy\"><\/div><div class=\"w-slider-json\" onclick='return {&quot;autoScaleSlider&quot;:true,&quot;addActiveClass&quot;:true,&quot;loop&quot;:true,&quot;fadeInLoadedSlide&quot;:false,&quot;slidesSpacing&quot;:0,&quot;imageScalePadding&quot;:0,&quot;numImagesToPreload&quot;:2,&quot;arrowsNav&quot;:true,&quot;arrowsNavAutoHide&quot;:true,&quot;transitionType&quot;:&quot;move&quot;,&quot;transitionSpeed&quot;:250,&quot;block&quot;:{&quot;moveEffect&quot;:&quot;none&quot;,&quot;speed&quot;:300},&quot;thumbs&quot;:{&quot;fitInViewport&quot;:false,&quot;firstMargin&quot;:false,&quot;spacing&quot;:4},&quot;controlNavigation&quot;:&quot;thumbnails&quot;,&quot;fullscreen&quot;:{&quot;enabled&quot;:true},&quot;autoScaleSliderWidth&quot;:999,&quot;autoScaleSliderHeight&quot;:666}'><\/div><\/div><div class=\"wpb_text_column\"><div class=\"wpb_wrapper\"><p><span style=\"color: #cc488b;\"><span style=\"color: #599e41;\"><b>SAN LEO<\/b><\/span><br \/>\n<\/span>Mittelalterliche Dorf, Kirche und Schloss<\/p>\n<\/div><\/div><\/div><\/div><\/div><div class=\"vc_col-sm-4 wpb_column vc_column_container\"><div class=\"vc_column-inner\"><div class=\"wpb_wrapper\"><div class=\"w-slider style_none fit_cover nav_thumbs count_4\" style=\"--thumbs-width:4rem;--thumbs-gap:4px;\"><div class=\"w-slider-h\"><div class=\"royalSlider\"><div class=\"rsContent\"><a class=\"rsImg\" data-rsw=\"996\" data-rsh=\"666\" data-rsBigImg=\"https:\/\/www.garnigarten.it\/wp-content\/uploads\/2016\/02\/min_-santarcangelo.jpg\" href=\"https:\/\/www.garnigarten.it\/wp-content\/uploads\/2016\/02\/min_-santarcangelo.jpg\"><span data-alt=\"\"><\/span><\/a><img loading=\"lazy\" decoding=\"async\" width=\"150\" height=\"150\" src=\"https:\/\/www.garnigarten.it\/wp-content\/uploads\/2016\/02\/min_-santarcangelo-150x150.jpg\" class=\"rsTmb\" alt=\"\" srcset=\"https:\/\/www.garnigarten.it\/wp-content\/uploads\/2016\/02\/min_-santarcangelo-150x150.jpg 150w, https:\/\/www.garnigarten.it\/wp-content\/uploads\/2016\/02\/min_-santarcangelo-350x350.jpg 350w, https:\/\/www.garnigarten.it\/wp-content\/uploads\/2016\/02\/min_-santarcangelo-600x600.jpg 600w\" sizes=\"auto, (max-width: 150px) 100vw, 150px\" \/><\/div><div class=\"rsContent\"><a class=\"rsImg\" data-rsw=\"900\" data-rsh=\"600\" data-rsBigImg=\"https:\/\/www.garnigarten.it\/wp-content\/uploads\/2016\/02\/min_-grottetufacee.jpg\" href=\"https:\/\/www.garnigarten.it\/wp-content\/uploads\/2016\/02\/min_-grottetufacee.jpg\"><span data-alt=\"\"><\/span><\/a><img loading=\"lazy\" decoding=\"async\" width=\"150\" height=\"150\" src=\"https:\/\/www.garnigarten.it\/wp-content\/uploads\/2016\/02\/min_-grottetufacee-150x150.jpg\" class=\"rsTmb\" alt=\"\" srcset=\"https:\/\/www.garnigarten.it\/wp-content\/uploads\/2016\/02\/min_-grottetufacee-150x150.jpg 150w, https:\/\/www.garnigarten.it\/wp-content\/uploads\/2016\/02\/min_-grottetufacee-350x350.jpg 350w, https:\/\/www.garnigarten.it\/wp-content\/uploads\/2016\/02\/min_-grottetufacee-600x600.jpg 600w\" sizes=\"auto, (max-width: 150px) 100vw, 150px\" \/><\/div><div class=\"rsContent\"><a class=\"rsImg\" data-rsw=\"1000\" data-rsh=\"664\" data-rsBigImg=\"https:\/\/www.garnigarten.it\/wp-content\/uploads\/2016\/02\/min_-torre-orologio.jpg\" href=\"https:\/\/www.garnigarten.it\/wp-content\/uploads\/2016\/02\/min_-torre-orologio.jpg\"><span data-alt=\"\"><\/span><\/a><img loading=\"lazy\" decoding=\"async\" width=\"150\" height=\"150\" src=\"https:\/\/www.garnigarten.it\/wp-content\/uploads\/2016\/02\/min_-torre-orologio-150x150.jpg\" class=\"rsTmb\" alt=\"\" srcset=\"https:\/\/www.garnigarten.it\/wp-content\/uploads\/2016\/02\/min_-torre-orologio-150x150.jpg 150w, https:\/\/www.garnigarten.it\/wp-content\/uploads\/2016\/02\/min_-torre-orologio-350x350.jpg 350w, https:\/\/www.garnigarten.it\/wp-content\/uploads\/2016\/02\/min_-torre-orologio-600x600.jpg 600w\" sizes=\"auto, (max-width: 150px) 100vw, 150px\" \/><\/div><div class=\"rsContent\"><a class=\"rsImg\" data-rsw=\"660\" data-rsh=\"440\" data-rsBigImg=\"https:\/\/www.garnigarten.it\/wp-content\/uploads\/2016\/02\/min_-pievesanmichele.jpg\" href=\"https:\/\/www.garnigarten.it\/wp-content\/uploads\/2016\/02\/min_-pievesanmichele.jpg\"><span data-alt=\"\"><\/span><\/a><img loading=\"lazy\" decoding=\"async\" width=\"150\" height=\"150\" src=\"https:\/\/www.garnigarten.it\/wp-content\/uploads\/2016\/02\/min_-pievesanmichele-150x150.jpg\" class=\"rsTmb\" alt=\"\" srcset=\"https:\/\/www.garnigarten.it\/wp-content\/uploads\/2016\/02\/min_-pievesanmichele-150x150.jpg 150w, https:\/\/www.garnigarten.it\/wp-content\/uploads\/2016\/02\/min_-pievesanmichele-350x350.jpg 350w\" sizes=\"auto, (max-width: 150px) 100vw, 150px\" \/><\/div><\/div><img decoding=\"async\" src=\"https:\/\/www.garnigarten.it\/wp-content\/uploads\/2016\/02\/min_-santarcangelo.jpg\" width=\"996\" height=\"666\" alt loading=\"lazy\"><\/div><div class=\"w-slider-json\" onclick='return {&quot;autoScaleSlider&quot;:true,&quot;addActiveClass&quot;:true,&quot;loop&quot;:true,&quot;fadeInLoadedSlide&quot;:false,&quot;slidesSpacing&quot;:0,&quot;imageScalePadding&quot;:0,&quot;numImagesToPreload&quot;:2,&quot;arrowsNav&quot;:true,&quot;arrowsNavAutoHide&quot;:true,&quot;transitionType&quot;:&quot;move&quot;,&quot;transitionSpeed&quot;:250,&quot;block&quot;:{&quot;moveEffect&quot;:&quot;none&quot;,&quot;speed&quot;:300},&quot;thumbs&quot;:{&quot;fitInViewport&quot;:false,&quot;firstMargin&quot;:false,&quot;spacing&quot;:4},&quot;controlNavigation&quot;:&quot;thumbnails&quot;,&quot;fullscreen&quot;:{&quot;enabled&quot;:true},&quot;autoScaleSliderWidth&quot;:996,&quot;autoScaleSliderHeight&quot;:666}'><\/div><\/div><div class=\"wpb_text_column\"><div class=\"wpb_wrapper\"><p><span style=\"color: #cc488b;\"><span style=\"color: #599e41;\"><strong>SANTARCANGELO<\/strong><\/span><br \/>\n<\/span>Altstadt\u2026<\/p>\n<\/div><\/div><\/div><\/div><\/div><div class=\"vc_col-sm-4 wpb_column vc_column_container\"><div class=\"vc_column-inner\"><div class=\"wpb_wrapper\"><div class=\"w-slider style_none fit_cover nav_thumbs count_4\" style=\"--thumbs-width:4rem;--thumbs-gap:4px;\"><div class=\"w-slider-h\"><div class=\"royalSlider\"><div class=\"rsContent\"><a class=\"rsImg\" data-rsw=\"1024\" data-rsh=\"678\" data-rsBigImg=\"https:\/\/www.garnigarten.it\/wp-content\/uploads\/2016\/02\/gradara.jpg\" href=\"https:\/\/www.garnigarten.it\/wp-content\/uploads\/2016\/02\/gradara-1024x678.jpg\"><span data-alt=\"\"><\/span><\/a><img loading=\"lazy\" decoding=\"async\" width=\"150\" height=\"150\" src=\"https:\/\/www.garnigarten.it\/wp-content\/uploads\/2016\/02\/gradara-150x150.jpg\" class=\"rsTmb\" alt=\"\" srcset=\"https:\/\/www.garnigarten.it\/wp-content\/uploads\/2016\/02\/gradara-150x150.jpg 150w, https:\/\/www.garnigarten.it\/wp-content\/uploads\/2016\/02\/gradara-350x350.jpg 350w, https:\/\/www.garnigarten.it\/wp-content\/uploads\/2016\/02\/gradara-600x600.jpg 600w\" sizes=\"auto, (max-width: 150px) 100vw, 150px\" \/><\/div><div class=\"rsContent\"><a class=\"rsImg\" data-rsw=\"1024\" data-rsh=\"736\" data-rsBigImg=\"https:\/\/www.garnigarten.it\/wp-content\/uploads\/2016\/02\/min_-castello.jpg\" href=\"https:\/\/www.garnigarten.it\/wp-content\/uploads\/2016\/02\/min_-castello-1024x736.jpg\"><span data-alt=\"\"><\/span><\/a><img loading=\"lazy\" decoding=\"async\" width=\"150\" height=\"150\" src=\"https:\/\/www.garnigarten.it\/wp-content\/uploads\/2016\/02\/min_-castello-150x150.jpg\" class=\"rsTmb\" alt=\"\" srcset=\"https:\/\/www.garnigarten.it\/wp-content\/uploads\/2016\/02\/min_-castello-150x150.jpg 150w, https:\/\/www.garnigarten.it\/wp-content\/uploads\/2016\/02\/min_-castello-350x350.jpg 350w, https:\/\/www.garnigarten.it\/wp-content\/uploads\/2016\/02\/min_-castello-600x600.jpg 600w\" sizes=\"auto, (max-width: 150px) 100vw, 150px\" \/><\/div><div class=\"rsContent\"><a class=\"rsImg\" data-rsw=\"700\" data-rsh=\"525\" data-rsBigImg=\"https:\/\/www.garnigarten.it\/wp-content\/uploads\/2016\/02\/min_-centro-1.jpg\" href=\"https:\/\/www.garnigarten.it\/wp-content\/uploads\/2016\/02\/min_-centro-1.jpg\"><span data-alt=\"\"><\/span><\/a><img loading=\"lazy\" decoding=\"async\" width=\"150\" height=\"150\" src=\"https:\/\/www.garnigarten.it\/wp-content\/uploads\/2016\/02\/min_-centro-1-150x150.jpg\" class=\"rsTmb\" alt=\"\" srcset=\"https:\/\/www.garnigarten.it\/wp-content\/uploads\/2016\/02\/min_-centro-1-150x150.jpg 150w, https:\/\/www.garnigarten.it\/wp-content\/uploads\/2016\/02\/min_-centro-1-350x350.jpg 350w\" sizes=\"auto, (max-width: 150px) 100vw, 150px\" \/><\/div><div class=\"rsContent\"><a class=\"rsImg\" data-rsw=\"510\" data-rsh=\"382\" data-rsBigImg=\"https:\/\/www.garnigarten.it\/wp-content\/uploads\/2016\/02\/min_-centro-2.jpg\" href=\"https:\/\/www.garnigarten.it\/wp-content\/uploads\/2016\/02\/min_-centro-2.jpg\"><span data-alt=\"\"><\/span><\/a><img loading=\"lazy\" decoding=\"async\" width=\"150\" height=\"150\" src=\"https:\/\/www.garnigarten.it\/wp-content\/uploads\/2016\/02\/min_-centro-2-150x150.jpg\" class=\"rsTmb\" alt=\"\" srcset=\"https:\/\/www.garnigarten.it\/wp-content\/uploads\/2016\/02\/min_-centro-2-150x150.jpg 150w, https:\/\/www.garnigarten.it\/wp-content\/uploads\/2016\/02\/min_-centro-2-350x350.jpg 350w\" sizes=\"auto, (max-width: 150px) 100vw, 150px\" \/><\/div><\/div><img decoding=\"async\" src=\"https:\/\/www.garnigarten.it\/wp-content\/uploads\/2016\/02\/gradara-1024x678.jpg\" width=\"1024\" height=\"678\" alt loading=\"lazy\"><\/div><div class=\"w-slider-json\" onclick='return {&quot;autoScaleSlider&quot;:true,&quot;addActiveClass&quot;:true,&quot;loop&quot;:true,&quot;fadeInLoadedSlide&quot;:false,&quot;slidesSpacing&quot;:0,&quot;imageScalePadding&quot;:0,&quot;numImagesToPreload&quot;:2,&quot;arrowsNav&quot;:true,&quot;arrowsNavAutoHide&quot;:true,&quot;transitionType&quot;:&quot;move&quot;,&quot;transitionSpeed&quot;:250,&quot;block&quot;:{&quot;moveEffect&quot;:&quot;none&quot;,&quot;speed&quot;:300},&quot;thumbs&quot;:{&quot;fitInViewport&quot;:false,&quot;firstMargin&quot;:false,&quot;spacing&quot;:4},&quot;controlNavigation&quot;:&quot;thumbnails&quot;,&quot;fullscreen&quot;:{&quot;enabled&quot;:true},&quot;autoScaleSliderWidth&quot;:1024,&quot;autoScaleSliderHeight&quot;:678}'><\/div><\/div><div class=\"wpb_text_column\"><div class=\"wpb_wrapper\"><p><span style=\"color: #cc488b;\"><span style=\"color: #599e41;\"><strong>GRADARA<\/strong><\/span><br \/>\n<\/span>Mittelalterliche Dorf, Schloss\u2026<\/p>\n<\/div><\/div><\/div><\/div><\/div><\/div><\/div><\/div><\/div><\/div><\/div><\/section>\n","protected":false},"excerpt":{"rendered":"[rev_slider_vc alias=\"romagna\"][vc_custom_heading text=\"Gute K\u00fcche, Gastfreundschaft, Strand, Meer, Vergn\u00fcgungsparks, Mittelalterliche Orte, Schl\u00f6sser, romanische Br\u00fccken ... Das ist die Romagna, ein Ort f\u00fcr einen wunderbaren Urlaub im Zeichen der Unterhaltung, der Kultur und der Traditionen dieser Gegend.\" font_container=\"tag:h2|font_size:28|text_align:center|color:%23599e41\" google_fonts=\"font_family:Raleway%3A100%2C200%2C300%2Cregular%2C500%2C600%2C700%2C800%2C900|font_style:300%20light%20regular%3A300%3Anormal\" css=\"%7B%22default%22%3A%7B%22color%22%3A%22%23599e41%22%2C%22font-size%22%3A%2228%22%7D%7D\"]Was zu besuchen in Romagna RAVENNA R\u00f6mische Hauptstadt und letzte Haus von Dante Alighieri.\u2026 SAN MARINO Altenstadt, Herzogsgeb\u00e4ude\u2026...","protected":false},"author":1,"featured_media":0,"parent":0,"menu_order":0,"comment_status":"closed","ping_status":"closed","template":"","meta":{"footnotes":""},"class_list":["post-2744","page","type-page","status-publish","hentry"],"yoast_head":"<!-- This site is optimized with the Yoast SEO plugin v27.4 - https:\/\/yoast.com\/product\/yoast-seo-wordpress\/ -->\n<title>Was zu besuchen in Romagna, die Top 10 Sehensw\u00fcrdigkeiten<\/title>\n<meta name=\"description\" content=\"Die Top 10 Sehensw\u00fcrdigkeiten in Romagna: Ravenna, San Marino, Rimini, Cesena, Sogliano al Rubicone, San leo, Santarcangelo di Romagna, Gradara.\" \/>\n<meta name=\"robots\" content=\"index, follow, max-snippet:-1, max-image-preview:large, max-video-preview:-1\" \/>\n<link rel=\"canonical\" href=\"https:\/\/www.garnigarten.it\/de\/was-zu-besuchen-romagna\/\" \/>\n<meta property=\"og:locale\" content=\"de_DE\" \/>\n<meta property=\"og:type\" content=\"article\" \/>\n<meta property=\"og:title\" content=\"Was zu besuchen in Romagna, die Top 10 Sehensw\u00fcrdigkeiten\" \/>\n<meta property=\"og:description\" content=\"Die Top 10 Sehensw\u00fcrdigkeiten in Romagna: Ravenna, San Marino, Rimini, Cesena, Sogliano al Rubicone, San leo, Santarcangelo di Romagna, Gradara.\" \/>\n<meta property=\"og:url\" content=\"https:\/\/www.garnigarten.it\/de\/was-zu-besuchen-romagna\/\" \/>\n<meta property=\"og:site_name\" content=\"Garni Garten Milano Marittima\" \/>\n<meta property=\"article:modified_time\" content=\"2024-11-19T11:07:03+00:00\" \/>\n<meta name=\"twitter:card\" content=\"summary_large_image\" \/>\n<meta name=\"twitter:label1\" content=\"Gesch\u00e4tzte Lesezeit\" \/>\n\t<meta name=\"twitter:data1\" content=\"1\u00a0Minute\" \/>\n<script type=\"application\/ld+json\" class=\"yoast-schema-graph\">{\"@context\":\"https:\\\/\\\/schema.org\",\"@graph\":[{\"@type\":\"WebPage\",\"@id\":\"https:\\\/\\\/www.garnigarten.it\\\/de\\\/was-zu-besuchen-romagna\\\/\",\"url\":\"https:\\\/\\\/www.garnigarten.it\\\/de\\\/was-zu-besuchen-romagna\\\/\",\"name\":\"Was zu besuchen in Romagna, die Top 10 Sehensw\u00fcrdigkeiten\",\"isPartOf\":{\"@id\":\"https:\\\/\\\/www.garnigarten.it\\\/de\\\/#website\"},\"datePublished\":\"2016-02-10T08:28:02+00:00\",\"dateModified\":\"2024-11-19T11:07:03+00:00\",\"description\":\"Die Top 10 Sehensw\u00fcrdigkeiten in Romagna: Ravenna, San Marino, Rimini, Cesena, Sogliano al Rubicone, San leo, Santarcangelo di Romagna, Gradara.\",\"breadcrumb\":{\"@id\":\"https:\\\/\\\/www.garnigarten.it\\\/de\\\/was-zu-besuchen-romagna\\\/#breadcrumb\"},\"inLanguage\":\"de\",\"potentialAction\":[{\"@type\":\"ReadAction\",\"target\":[\"https:\\\/\\\/www.garnigarten.it\\\/de\\\/was-zu-besuchen-romagna\\\/\"]}]},{\"@type\":\"BreadcrumbList\",\"@id\":\"https:\\\/\\\/www.garnigarten.it\\\/de\\\/was-zu-besuchen-romagna\\\/#breadcrumb\",\"itemListElement\":[{\"@type\":\"ListItem\",\"position\":1,\"name\":\"Home\",\"item\":\"https:\\\/\\\/www.garnigarten.it\\\/de\\\/\"},{\"@type\":\"ListItem\",\"position\":2,\"name\":\"Was zu besuchen in Romagna, die Top 10 Sehensw\u00fcrdigkeiten\"}]},{\"@type\":\"WebSite\",\"@id\":\"https:\\\/\\\/www.garnigarten.it\\\/de\\\/#website\",\"url\":\"https:\\\/\\\/www.garnigarten.it\\\/de\\\/\",\"name\":\"Garni Garten Milano Marittima\",\"description\":\"\",\"potentialAction\":[{\"@type\":\"SearchAction\",\"target\":{\"@type\":\"EntryPoint\",\"urlTemplate\":\"https:\\\/\\\/www.garnigarten.it\\\/de\\\/?s={search_term_string}\"},\"query-input\":{\"@type\":\"PropertyValueSpecification\",\"valueRequired\":true,\"valueName\":\"search_term_string\"}}],\"inLanguage\":\"de\"}]}<\/script>\n<!-- \/ Yoast SEO plugin. -->","yoast_head_json":{"title":"Was zu besuchen in Romagna, die Top 10 Sehensw\u00fcrdigkeiten","description":"Die Top 10 Sehensw\u00fcrdigkeiten in Romagna: Ravenna, San Marino, Rimini, Cesena, Sogliano al Rubicone, San leo, Santarcangelo di Romagna, Gradara.","robots":{"index":"index","follow":"follow","max-snippet":"max-snippet:-1","max-image-preview":"max-image-preview:large","max-video-preview":"max-video-preview:-1"},"canonical":"https:\/\/www.garnigarten.it\/de\/was-zu-besuchen-romagna\/","og_locale":"de_DE","og_type":"article","og_title":"Was zu besuchen in Romagna, die Top 10 Sehensw\u00fcrdigkeiten","og_description":"Die Top 10 Sehensw\u00fcrdigkeiten in Romagna: Ravenna, San Marino, Rimini, Cesena, Sogliano al Rubicone, San leo, Santarcangelo di Romagna, Gradara.","og_url":"https:\/\/www.garnigarten.it\/de\/was-zu-besuchen-romagna\/","og_site_name":"Garni Garten Milano Marittima","article_modified_time":"2024-11-19T11:07:03+00:00","twitter_card":"summary_large_image","twitter_misc":{"Gesch\u00e4tzte Lesezeit":"1\u00a0Minute"},"schema":{"@context":"https:\/\/schema.org","@graph":[{"@type":"WebPage","@id":"https:\/\/www.garnigarten.it\/de\/was-zu-besuchen-romagna\/","url":"https:\/\/www.garnigarten.it\/de\/was-zu-besuchen-romagna\/","name":"Was zu besuchen in Romagna, die Top 10 Sehensw\u00fcrdigkeiten","isPartOf":{"@id":"https:\/\/www.garnigarten.it\/de\/#website"},"datePublished":"2016-02-10T08:28:02+00:00","dateModified":"2024-11-19T11:07:03+00:00","description":"Die Top 10 Sehensw\u00fcrdigkeiten in Romagna: Ravenna, San Marino, Rimini, Cesena, Sogliano al Rubicone, San leo, Santarcangelo di Romagna, Gradara.","breadcrumb":{"@id":"https:\/\/www.garnigarten.it\/de\/was-zu-besuchen-romagna\/#breadcrumb"},"inLanguage":"de","potentialAction":[{"@type":"ReadAction","target":["https:\/\/www.garnigarten.it\/de\/was-zu-besuchen-romagna\/"]}]},{"@type":"BreadcrumbList","@id":"https:\/\/www.garnigarten.it\/de\/was-zu-besuchen-romagna\/#breadcrumb","itemListElement":[{"@type":"ListItem","position":1,"name":"Home","item":"https:\/\/www.garnigarten.it\/de\/"},{"@type":"ListItem","position":2,"name":"Was zu besuchen in Romagna, die Top 10 Sehensw\u00fcrdigkeiten"}]},{"@type":"WebSite","@id":"https:\/\/www.garnigarten.it\/de\/#website","url":"https:\/\/www.garnigarten.it\/de\/","name":"Garni Garten Milano Marittima","description":"","potentialAction":[{"@type":"SearchAction","target":{"@type":"EntryPoint","urlTemplate":"https:\/\/www.garnigarten.it\/de\/?s={search_term_string}"},"query-input":{"@type":"PropertyValueSpecification","valueRequired":true,"valueName":"search_term_string"}}],"inLanguage":"de"}]}},"_links":{"self":[{"href":"https:\/\/www.garnigarten.it\/de\/wp-json\/wp\/v2\/pages\/2744","targetHints":{"allow":["GET"]}}],"collection":[{"href":"https:\/\/www.garnigarten.it\/de\/wp-json\/wp\/v2\/pages"}],"about":[{"href":"https:\/\/www.garnigarten.it\/de\/wp-json\/wp\/v2\/types\/page"}],"author":[{"embeddable":true,"href":"https:\/\/www.garnigarten.it\/de\/wp-json\/wp\/v2\/users\/1"}],"replies":[{"embeddable":true,"href":"https:\/\/www.garnigarten.it\/de\/wp-json\/wp\/v2\/comments?post=2744"}],"version-history":[{"count":2,"href":"https:\/\/www.garnigarten.it\/de\/wp-json\/wp\/v2\/pages\/2744\/revisions"}],"predecessor-version":[{"id":2779,"href":"https:\/\/www.garnigarten.it\/de\/wp-json\/wp\/v2\/pages\/2744\/revisions\/2779"}],"wp:attachment":[{"href":"https:\/\/www.garnigarten.it\/de\/wp-json\/wp\/v2\/media?parent=2744"}],"curies":[{"name":"wp","href":"https:\/\/api.w.org\/{rel}","templated":true}]}}