{"id":2794,"date":"2016-01-31T13:43:49","date_gmt":"2016-01-31T13:43:49","guid":{"rendered":"https:\/\/www.garnigarten.it\/bed-breakfast-milano-marittina-garni-garten\/"},"modified":"2026-04-17T08:54:31","modified_gmt":"2026-04-17T08:54:31","slug":"bed-breakfast-milano-marittina-garni-garten","status":"publish","type":"page","link":"https:\/\/www.garnigarten.it\/de\/","title":{"rendered":"Bed and Breakfast Milano Marittima, Garni Garten"},"content":{"rendered":"<section class=\"l-section wpb_row height_auto full_height valign_center width_full with_img parallax_ver\"><div class=\"l-section-img\" role=\"img\" aria-label=\"Bild\" data-img-width=\"2500\" data-img-height=\"1630\" style=\"background-image: url(https:\/\/www.garnigarten.it\/wp-content\/uploads\/2023\/01\/1927-rosen-beach-grande.jpg);background-repeat: no-repeat;\"><\/div><div class=\"l-section-h i-cf\"><div class=\"g-cols vc_row via_flex valign_top type_default stacking_default\"><div class=\"vc_col-sm-12 wpb_column vc_column_container\"><div class=\"vc_column-inner\"><div class=\"wpb_wrapper\"><\/div><\/div><\/div><\/div><\/div><\/section><section class=\"l-section wpb_row height_medium\"><div class=\"l-section-h i-cf\"><div class=\"g-cols vc_row via_flex valign_top type_default stacking_default\"><div class=\"vc_col-sm-12 wpb_column vc_column_container\"><div class=\"vc_column-inner\"><div class=\"wpb_wrapper\">[vc_custom_heading text=&#8220;Ihre Ferien in Milano Marittima:<br \/>\nEr\u00f6ffnung am 21. Mai 2026&#8243; font_container=&#8220;tag:h2|font_size:36|text_align:center|color:%23ffffff&#8220; google_fonts=&#8220;font_family:Raleway%3A100%2C200%2C300%2Cregular%2C500%2C600%2C700%2C800%2C900|font_style:500%20bold%20regular%3A500%3Anormal&#8220; css=&#8220;%7B%22default%22%3A%7B%22color%22%3A%22_header_transparent_text%22%7D%7D&#8220;]<\/div><\/div><\/div><\/div><\/div><\/section><section class=\"l-section wpb_row us_custom_da6da72d height_medium\"><div class=\"l-section-h i-cf\"><div class=\"g-cols vc_row via_flex valign_top type_default stacking_default\"><div class=\"vc_col-sm-4 wpb_column vc_column_container\"><div class=\"vc_column-inner\"><div class=\"wpb_wrapper\"><div class=\"w-actionbox color_primary controls_bottom\"><div class=\"w-actionbox-text\"><h3 class=\"w-actionbox-title\">Kalkulieren Sie ein Angebot f\u00fcr Zimmer mit FR\u00dcHST\u00dcCK<\/h3><\/div><div class=\"w-actionbox-controls\"><a class=\"w-btn us-btn-style_3 icon_atleft\" target=\"_blank\" rel=\"nofollow\" href=\"https:\/\/www.garnigarten.it\/de\/anfrage\/\" style=\"font-size:26;\"><i class=\"fas fa-hotel\"><\/i><span class=\"w-btn-label\">Fordern Sie jetzt ein individuelles Angebot an<\/span><\/a><\/div><\/div><\/div><\/div><\/div><div class=\"vc_col-sm-4 wpb_column vc_column_container\"><div class=\"vc_column-inner\"><div class=\"wpb_wrapper\"><div class=\"w-separator size_medium\"><\/div><div class=\"wpb_text_column\"><div class=\"wpb_wrapper\"><p>Willkommen im <strong>Garni Garten in Milano Marittima<\/strong>, nur wenige Schritte vom Meer entfernt, direkt neben dem Hotel Rosen Garden in Milano Marittima.<\/p>\n<p>F\u00fcr Informationen zur <strong>Verf\u00fcgbarkeit<\/strong>, f\u00fcllen Sie bitte folgendes <a href=\"https:\/\/www.garnigarten.it\/de\/anfrage\/\"> Anfrageformular aus. <\/a><\/p>\n<p><em>Familie Pellacani w\u00fcnscht euch frohe Ferien! <\/em><\/p>\n<\/div><\/div><\/div><\/div><\/div><div class=\"vc_col-sm-4 wpb_column vc_column_container\"><div class=\"vc_column-inner\"><div class=\"wpb_wrapper\"><div class=\"w-actionbox color_primary controls_bottom\"><div class=\"w-actionbox-text\"><h2 class=\"w-actionbox-title\">Kalkulieren Sie das Angebot ALL INCLUSIVE<\/h2><\/div><div class=\"w-actionbox-controls\"><a class=\"w-btn us-btn-style_3 icon_atleft\" target=\"_blank\" rel=\"nofollow\" href=\"https:\/\/www.garnigarten.it\/de\/hotel-all-inklusive-milano-marittima\/\" style=\"font-size:20;\"><i class=\"fas fa-hotel\"><\/i><span class=\"w-btn-label\">Entdecken Sie das ALL-INCLUSIVE-Paket<\/span><\/a><\/div><\/div><\/div><\/div><\/div><\/div><\/div><\/section><!-- Row Backgrounds --><div class=\"upb_color\" data-bg-override=\"0\" data-bg-color=\"#e6e3da\" data-fadeout=\"\" data-fadeout-percentage=\"30\" data-parallax-content=\"\" data-parallax-content-sense=\"30\" data-row-effect-mobile-disable=\"true\" data-img-parallax-mobile-disable=\"true\" data-rtl=\"false\"  data-custom-vc-row=\"\"  data-vc=\"8.7.2\"  data-is_old_vc=\"\"  data-theme-support=\"\"   data-overlay=\"false\" data-overlay-color=\"\" data-overlay-pattern=\"\" data-overlay-pattern-opacity=\"\" data-overlay-pattern-size=\"\"    ><\/div><section class=\"l-section wpb_row us_custom_8535c5f4 height_medium\"><div class=\"l-section-h i-cf\"><div class=\"g-cols vc_row via_flex valign_top type_default stacking_default\"><div class=\"vc_col-sm-4 wpb_column vc_column_container\"><div class=\"vc_column-inner\"><div class=\"wpb_wrapper\"><div tabindex=\"0\" class=\"ult-new-ib ult-ib-effect-style10  ult-ib-resp  \" data-min-width=\"768\" data-max-width=\"900\" style=\"background:#000000;\" data-opacity=\"1\" data-hover-opacity=\"0.9\" ><img decoding=\"async\" class=\"ult-new-ib-img\" style=\"opacity:1;\" alt=\"\" src=\"https:\/\/www.garnigarten.it\/wp-content\/uploads\/2019\/11\/garni-garten-milano-marittima.jpg\"   \/><div id=\"interactive-banner-wrap-2239\" class=\"ult-new-ib-desc\" style=\"\"><h2 class=\"ult-new-ib-title ult-responsive\"  data-ultimate-target='#interactive-banner-wrap-2239 .ult-new-ib-title'  data-responsive-json-new='{\"font-size\":\"\",\"line-height\":\"\"}'  style=\"font-weight:normal;\"><\/h2><div class=\"ult-new-ib-content ult-responsive\"  data-ultimate-target='#interactive-banner-wrap-2239 .ult-new-ib-content'  data-responsive-json-new='{\"font-size\":\"desktop:20px;\",\"line-height\":\"\"}'  style=\"font-style:italic;font-weight:normal;\"><p>Scopri di pi\u00f9<\/p><\/div><\/div><a class=\"ult-new-ib-link\" href=\"https:\/\/www.garnigarten.it\/garni-garten-milano-marittima\/\"  ><\/a><\/div>[vc_custom_heading text=&#8220;Garni Garten&#8220; font_container=&#8220;tag:h2|font_size:32|text_align:center|color:%23599e41&#8243; google_fonts=&#8220;font_family:Raleway%3A100%2C200%2C300%2Cregular%2C500%2C600%2C700%2C800%2C900|font_style:200%20light%20regular%3A200%3Anormal&#8220; css=&#8220;%7B%22default%22%3A%7B%22color%22%3A%22%23599e41%22%2C%22font-size%22%3A%2232%22%2C%22margin-top%22%3A%22-45px%22%7D%7D&#8220; link=&#8220;url:https%3A%2F%2Fwww.garnigarten.it%2Fgarni-garten-milano-marittima%2F||&#8220;]<\/div><\/div><\/div><div class=\"vc_col-sm-4 wpb_column vc_column_container\"><div class=\"vc_column-inner\"><div class=\"wpb_wrapper\"><div tabindex=\"0\" class=\"ult-new-ib ult-ib-effect-style10  ult-ib-resp  \" data-min-width=\"768\" data-max-width=\"900\" style=\"background:#000000;\" data-opacity=\"1\" data-hover-opacity=\"0.9\" ><img decoding=\"async\" class=\"ult-new-ib-img\" style=\"opacity:1;\" alt=\"\" src=\"https:\/\/www.garnigarten.it\/wp-content\/uploads\/2019\/11\/camera-309.jpg\"   \/><div id=\"interactive-banner-wrap-5838\" class=\"ult-new-ib-desc\" style=\"\"><h2 class=\"ult-new-ib-title ult-responsive\"  data-ultimate-target='#interactive-banner-wrap-5838 .ult-new-ib-title'  data-responsive-json-new='{\"font-size\":\"\",\"line-height\":\"\"}'  style=\"font-weight:normal;\"><\/h2><div class=\"ult-new-ib-content ult-responsive\"  data-ultimate-target='#interactive-banner-wrap-5838 .ult-new-ib-content'  data-responsive-json-new='{\"font-size\":\"desktop:20px;\",\"line-height\":\"\"}'  style=\"font-style:italic;font-weight:normal;\"><p>vai alle nostre Camere<\/p><\/div><\/div><a class=\"ult-new-ib-link\" href=\"https:\/\/www.garnigarten.it\/camere-beb-milano-marittima\/\"  ><\/a><\/div>[vc_custom_heading text=&#8220;Unser Zimmer&#8220; font_container=&#8220;tag:h2|text_align:center&#8220; google_fonts=&#8220;font_family:Raleway%3A100%2C200%2C300%2Cregular%2C500%2C600%2C700%2C800%2C900|font_style:200%20light%20regular%3A200%3Anormal&#8220; css=&#8220;%7B%22default%22%3A%7B%22color%22%3A%22%23599e41%22%2C%22font-size%22%3A%2232%22%2C%22margin-top%22%3A%22-45px%22%7D%7D&#8220; link=&#8220;url:https%3A%2F%2Fwww.garnigarten.it%2Fcamere-beb-milano-marittima%2F||&#8220;]<\/div><\/div><\/div><div class=\"vc_col-sm-4 wpb_column vc_column_container\"><div class=\"vc_column-inner\"><div class=\"wpb_wrapper\"><div tabindex=\"0\" class=\"ult-new-ib ult-ib-effect-style10  ult-ib-resp  \" data-min-width=\"768\" data-max-width=\"900\" style=\"background:#000000;\" data-opacity=\"1\" data-hover-opacity=\"0.9\" ><img decoding=\"async\" class=\"ult-new-ib-img\" style=\"opacity:1;\" alt=\"\" src=\"https:\/\/www.garnigarten.it\/wp-content\/uploads\/2016\/01\/spiaggia-rosenbeach.jpg\"   \/><div id=\"interactive-banner-wrap-4483\" class=\"ult-new-ib-desc\" style=\"\"><h2 class=\"ult-new-ib-title ult-responsive\"  data-ultimate-target='#interactive-banner-wrap-4483 .ult-new-ib-title'  data-responsive-json-new='{\"font-size\":\"\",\"line-height\":\"\"}'  style=\"font-weight:normal;\"><\/h2><div class=\"ult-new-ib-content ult-responsive\"  data-ultimate-target='#interactive-banner-wrap-4483 .ult-new-ib-content'  data-responsive-json-new='{\"font-size\":\"desktop:20px;\",\"line-height\":\"\"}'  style=\"font-style:italic;font-weight:normal;\"><p>Scopri di pi\u00f9<\/p><\/div><\/div><a class=\"ult-new-ib-link\" href=\"https:\/\/www.garnigarten.it\/de\/strand-rosen-beach-milano-marittima\/\"  ><\/a><\/div>[vc_custom_heading text=&#8220;Unser Strand&#8220; font_container=&#8220;tag:h2|font_size:32|text_align:center|color:%23599e41&#8243; google_fonts=&#8220;font_family:Raleway%3A100%2C200%2C300%2Cregular%2C500%2C600%2C700%2C800%2C900|font_style:200%20light%20regular%3A200%3Anormal&#8220; css=&#8220;%7B%22default%22%3A%7B%22color%22%3A%22%23599e41%22%2C%22font-size%22%3A%2232%22%2C%22margin-top%22%3A%22-45px%22%7D%7D&#8220; link=&#8220;url:https%3A%2F%2Fwww.garnigarten.it%2Fde%2Fstrand-rosen-beach-milano-marittima%2F&#8220;]<\/div><\/div><\/div><\/div><\/div><\/section><section class=\"l-section wpb_row us_custom_5cd26a65 height_medium\"><div class=\"l-section-h i-cf\"><div class=\"g-cols vc_row via_flex valign_top type_default stacking_default\"><div class=\"vc_col-sm-12 wpb_column vc_column_container\"><div class=\"vc_column-inner\"><div class=\"wpb_wrapper\"><div class=\"w-separator size_small\"><\/div><div class=\"wpb_text_column\"><div class=\"wpb_wrapper\"><p><strong>Bed and breakfast Milano Marittima<\/strong> 200 m vom Meer entfernt, mit <strong>privatem Strand<\/strong> und einem bewaldeten Garten, in dem man ein gutes Buch lesen kann, sich mit Freunden oder Verwandten unterhalten kann und das Ritual des Aperitifs genie\u00dft.<\/p>\n<p><strong>Alle Zimmer im B&amp;B<\/strong> sind klimatisiert und verf\u00fcgen \u00fcber einen TV, einen Safe, ein eigenes Bad mit einer Wanddusche sowie kostenloses WLAN. Aber es ist mehr: Garn\u00ec Garten ist einer der wenigen <strong>B&amp;B Milano Marittima<\/strong> zu bieten <strong>Fr\u00fchst\u00fcck am Strand<\/strong>! In der Bar des Badezimmers Rosen Garden k\u00f6nnen Sie jeden Morgen und bis sp\u00e4t (letzter Anruf: 11.00 Uhr) ein spektakul\u00e4res Fr\u00fchst\u00fcck mit Meerblick genie\u00dfen.<\/p>\n<p>Spektakul\u00e4r ist es wirklich! Sowohl f\u00fcr die atemberaubende Aussicht, als auch bis zum Horizont, wo Meer und Himmel verschmelzen. Ob f\u00fcr den Gaumen: hausgemachte Desserts, Brioches, warme Bagels oder Toast, Br\u00f6tchen, Aufschnitt und K\u00e4se aus der Region sind der richtige Treibstoff, um Ihren Tag zu beginnen!<\/p>\n<\/div><\/div><\/div><\/div><\/div><\/div><\/div><\/section><section class=\"l-section wpb_row us_custom_31d229e2 height_medium\"><div class=\"l-section-h i-cf\"><div class=\"g-cols vc_row via_flex valign_top type_default stacking_default\"><div class=\"vc_col-sm-8 wpb_column vc_column_container\"><div class=\"vc_column-inner\"><div class=\"wpb_wrapper\"><div class=\"w-image align_none\"><div class=\"w-image-h\"><img decoding=\"async\" width=\"1024\" height=\"373\" src=\"https:\/\/www.garnigarten.it\/wp-content\/uploads\/2016\/01\/min_-ragazzaspiaggia-1024x373.jpg\" class=\"attachment-large size-large\" alt=\"\" loading=\"lazy\" srcset=\"https:\/\/www.garnigarten.it\/wp-content\/uploads\/2016\/01\/min_-ragazzaspiaggia-1024x373.jpg 1024w, https:\/\/www.garnigarten.it\/wp-content\/uploads\/2016\/01\/min_-ragazzaspiaggia-300x109.jpg 300w, https:\/\/www.garnigarten.it\/wp-content\/uploads\/2016\/01\/min_-ragazzaspiaggia-768x280.jpg 768w, https:\/\/www.garnigarten.it\/wp-content\/uploads\/2016\/01\/min_-ragazzaspiaggia-600x219.jpg 600w, https:\/\/www.garnigarten.it\/wp-content\/uploads\/2016\/01\/min_-ragazzaspiaggia.jpg 1920w\" sizes=\"auto, (max-width: 1024px) 100vw, 1024px\" \/><\/div><\/div><\/div><\/div><\/div><div class=\"vc_col-sm-4 wpb_column vc_column_container\"><div class=\"vc_column-inner\"><div class=\"wpb_wrapper\"><div class=\"wpb_text_column\"><div class=\"wpb_wrapper\"><p><span style=\"color: #599e41; font-weight: bold;\">Das Garn\u00ec Garten<\/span> befindet sich im selben grossen Garten wie das Hotel Rosen Garden***S und bietet eine einfache Unterkunft in Ein-Stern-Zimmern.<\/p>\n<p><span style=\"color: #599e41; font-weight: bold;\">Fr\u00fchst\u00fcck<\/span> am <strong>Rosen Beach<\/strong>. Die <span style=\"color: #599e41; font-weight: bold;\">Familie Pellacani<\/span> und das gesamte Team verbinden einen herzlichen und aufrichtigen famili\u00e4ren Empfang, einen aufmerksamen und hochwertigen Service. Sch\u00f6ne Ferien<\/p>\n<\/div><\/div><\/div><\/div><\/div><\/div><\/div><\/section><!-- Row Backgrounds --><div class=\"upb_color\" data-bg-override=\"0\" data-bg-color=\"#e6e3da\" data-fadeout=\"\" data-fadeout-percentage=\"30\" data-parallax-content=\"\" data-parallax-content-sense=\"30\" data-row-effect-mobile-disable=\"true\" data-img-parallax-mobile-disable=\"true\" data-rtl=\"false\"  data-custom-vc-row=\"\"  data-vc=\"8.7.2\"  data-is_old_vc=\"\"  data-theme-support=\"\"   data-overlay=\"false\" data-overlay-color=\"\" data-overlay-pattern=\"\" data-overlay-pattern-opacity=\"\" data-overlay-pattern-size=\"\"    ><\/div>\n","protected":false},"excerpt":{"rendered":"[vc_custom_heading text=\"Ihre Ferien in Milano Marittima: Er\u00f6ffnung am 21. Mai 2026\" font_container=\"tag:h2|font_size:36|text_align:center|color:%23ffffff\" google_fonts=\"font_family:Raleway%3A100%2C200%2C300%2Cregular%2C500%2C600%2C700%2C800%2C900|font_style:500%20bold%20regular%3A500%3Anormal\" css=\"%7B%22default%22%3A%7B%22color%22%3A%22_header_transparent_text%22%7D%7D\"]Kalkulieren Sie ein Angebot f\u00fcr Zimmer mit FR\u00dcHST\u00dcCKFordern Sie jetzt ein individuelles Angebot anWillkommen im Garni Garten in Milano Marittima, nur wenige Schritte vom Meer entfernt, direkt neben dem Hotel Rosen Garden in Milano Marittima. F\u00fcr Informationen zur Verf\u00fcgbarkeit, f\u00fcllen Sie bitte...","protected":false},"author":1,"featured_media":0,"parent":0,"menu_order":0,"comment_status":"closed","ping_status":"closed","template":"","meta":{"footnotes":""},"class_list":["post-2794","page","type-page","status-publish","hentry"],"yoast_head":"<!-- This site is optimized with the Yoast SEO plugin v27.4 - https:\/\/yoast.com\/product\/yoast-seo-wordpress\/ -->\n<title>Bed and Breakfast Milano Marittima, Garni Garten<\/title>\n<meta name=\"description\" content=\"Garni Garten a Milano Marittima, bed and breakfast economico; con Piscina, Giardino vicino Pineta, Spiaggia privata Rosen Beach, a soli 80 metri. Possibilit\u00e0 di Pensione completa con Hotel Rosen Garden adiacente.\" \/>\n<meta name=\"robots\" content=\"index, follow, max-snippet:-1, max-image-preview:large, max-video-preview:-1\" \/>\n<link rel=\"canonical\" href=\"https:\/\/www.garnigarten.it\/de\/\" \/>\n<meta property=\"og:locale\" content=\"de_DE\" \/>\n<meta property=\"og:type\" content=\"article\" \/>\n<meta property=\"og:title\" content=\"Bed and Breakfast Milano Marittima, Garni Garten\" \/>\n<meta property=\"og:description\" content=\"Garni Garten a Milano Marittima, bed and breakfast economico; con Piscina, Giardino vicino Pineta, Spiaggia privata Rosen Beach, a soli 80 metri. Possibilit\u00e0 di Pensione completa con Hotel Rosen Garden adiacente.\" \/>\n<meta property=\"og:url\" content=\"https:\/\/www.garnigarten.it\/de\/\" \/>\n<meta property=\"og:site_name\" content=\"Garni Garten Milano Marittima\" \/>\n<meta property=\"article:modified_time\" content=\"2026-04-17T08:54:31+00:00\" \/>\n<meta name=\"twitter:card\" content=\"summary_large_image\" \/>\n<meta name=\"twitter:label1\" content=\"Gesch\u00e4tzte Lesezeit\" \/>\n\t<meta name=\"twitter:data1\" content=\"2\u00a0Minuten\" \/>\n<script type=\"application\/ld+json\" class=\"yoast-schema-graph\">{\"@context\":\"https:\\\/\\\/schema.org\",\"@graph\":[{\"@type\":\"WebPage\",\"@id\":\"https:\\\/\\\/www.garnigarten.it\\\/de\\\/\",\"url\":\"https:\\\/\\\/www.garnigarten.it\\\/de\\\/\",\"name\":\"Bed and Breakfast Milano Marittima, Garni Garten\",\"isPartOf\":{\"@id\":\"https:\\\/\\\/www.garnigarten.it\\\/de\\\/#website\"},\"datePublished\":\"2016-01-31T13:43:49+00:00\",\"dateModified\":\"2026-04-17T08:54:31+00:00\",\"description\":\"Garni Garten a Milano Marittima, bed and breakfast economico; con Piscina, Giardino vicino Pineta, Spiaggia privata Rosen Beach, a soli 80 metri. Possibilit\u00e0 di Pensione completa con Hotel Rosen Garden adiacente.\",\"breadcrumb\":{\"@id\":\"https:\\\/\\\/www.garnigarten.it\\\/de\\\/#breadcrumb\"},\"inLanguage\":\"de\",\"potentialAction\":[{\"@type\":\"ReadAction\",\"target\":[\"https:\\\/\\\/www.garnigarten.it\\\/de\\\/\"]}]},{\"@type\":\"BreadcrumbList\",\"@id\":\"https:\\\/\\\/www.garnigarten.it\\\/de\\\/#breadcrumb\",\"itemListElement\":[{\"@type\":\"ListItem\",\"position\":1,\"name\":\"Home\",\"item\":\"https:\\\/\\\/www.garnigarten.it\\\/de\\\/\"},{\"@type\":\"ListItem\",\"position\":2,\"name\":\"Bed and Breakfast Milano Marittima, Garni Garten\"}]},{\"@type\":\"WebSite\",\"@id\":\"https:\\\/\\\/www.garnigarten.it\\\/de\\\/#website\",\"url\":\"https:\\\/\\\/www.garnigarten.it\\\/de\\\/\",\"name\":\"Garni Garten Milano Marittima\",\"description\":\"\",\"potentialAction\":[{\"@type\":\"SearchAction\",\"target\":{\"@type\":\"EntryPoint\",\"urlTemplate\":\"https:\\\/\\\/www.garnigarten.it\\\/de\\\/?s={search_term_string}\"},\"query-input\":{\"@type\":\"PropertyValueSpecification\",\"valueRequired\":true,\"valueName\":\"search_term_string\"}}],\"inLanguage\":\"de\"}]}<\/script>\n<!-- \/ Yoast SEO plugin. -->","yoast_head_json":{"title":"Bed and Breakfast Milano Marittima, Garni Garten","description":"Garni Garten a Milano Marittima, bed and breakfast economico; con Piscina, Giardino vicino Pineta, Spiaggia privata Rosen Beach, a soli 80 metri. Possibilit\u00e0 di Pensione completa con Hotel Rosen Garden adiacente.","robots":{"index":"index","follow":"follow","max-snippet":"max-snippet:-1","max-image-preview":"max-image-preview:large","max-video-preview":"max-video-preview:-1"},"canonical":"https:\/\/www.garnigarten.it\/de\/","og_locale":"de_DE","og_type":"article","og_title":"Bed and Breakfast Milano Marittima, Garni Garten","og_description":"Garni Garten a Milano Marittima, bed and breakfast economico; con Piscina, Giardino vicino Pineta, Spiaggia privata Rosen Beach, a soli 80 metri. Possibilit\u00e0 di Pensione completa con Hotel Rosen Garden adiacente.","og_url":"https:\/\/www.garnigarten.it\/de\/","og_site_name":"Garni Garten Milano Marittima","article_modified_time":"2026-04-17T08:54:31+00:00","twitter_card":"summary_large_image","twitter_misc":{"Gesch\u00e4tzte Lesezeit":"2\u00a0Minuten"},"schema":{"@context":"https:\/\/schema.org","@graph":[{"@type":"WebPage","@id":"https:\/\/www.garnigarten.it\/de\/","url":"https:\/\/www.garnigarten.it\/de\/","name":"Bed and Breakfast Milano Marittima, Garni Garten","isPartOf":{"@id":"https:\/\/www.garnigarten.it\/de\/#website"},"datePublished":"2016-01-31T13:43:49+00:00","dateModified":"2026-04-17T08:54:31+00:00","description":"Garni Garten a Milano Marittima, bed and breakfast economico; con Piscina, Giardino vicino Pineta, Spiaggia privata Rosen Beach, a soli 80 metri. Possibilit\u00e0 di Pensione completa con Hotel Rosen Garden adiacente.","breadcrumb":{"@id":"https:\/\/www.garnigarten.it\/de\/#breadcrumb"},"inLanguage":"de","potentialAction":[{"@type":"ReadAction","target":["https:\/\/www.garnigarten.it\/de\/"]}]},{"@type":"BreadcrumbList","@id":"https:\/\/www.garnigarten.it\/de\/#breadcrumb","itemListElement":[{"@type":"ListItem","position":1,"name":"Home","item":"https:\/\/www.garnigarten.it\/de\/"},{"@type":"ListItem","position":2,"name":"Bed and Breakfast Milano Marittima, Garni Garten"}]},{"@type":"WebSite","@id":"https:\/\/www.garnigarten.it\/de\/#website","url":"https:\/\/www.garnigarten.it\/de\/","name":"Garni Garten Milano Marittima","description":"","potentialAction":[{"@type":"SearchAction","target":{"@type":"EntryPoint","urlTemplate":"https:\/\/www.garnigarten.it\/de\/?s={search_term_string}"},"query-input":{"@type":"PropertyValueSpecification","valueRequired":true,"valueName":"search_term_string"}}],"inLanguage":"de"}]}},"_links":{"self":[{"href":"https:\/\/www.garnigarten.it\/de\/wp-json\/wp\/v2\/pages\/2794","targetHints":{"allow":["GET"]}}],"collection":[{"href":"https:\/\/www.garnigarten.it\/de\/wp-json\/wp\/v2\/pages"}],"about":[{"href":"https:\/\/www.garnigarten.it\/de\/wp-json\/wp\/v2\/types\/page"}],"author":[{"embeddable":true,"href":"https:\/\/www.garnigarten.it\/de\/wp-json\/wp\/v2\/users\/1"}],"replies":[{"embeddable":true,"href":"https:\/\/www.garnigarten.it\/de\/wp-json\/wp\/v2\/comments?post=2794"}],"version-history":[{"count":9,"href":"https:\/\/www.garnigarten.it\/de\/wp-json\/wp\/v2\/pages\/2794\/revisions"}],"predecessor-version":[{"id":3107,"href":"https:\/\/www.garnigarten.it\/de\/wp-json\/wp\/v2\/pages\/2794\/revisions\/3107"}],"wp:attachment":[{"href":"https:\/\/www.garnigarten.it\/de\/wp-json\/wp\/v2\/media?parent=2794"}],"curies":[{"name":"wp","href":"https:\/\/api.w.org\/{rel}","templated":true}]}}