{"id":2939,"date":"2024-12-13T10:10:30","date_gmt":"2024-12-13T10:10:30","guid":{"rendered":"https:\/\/www.garnigarten.it\/?page_id=2939"},"modified":"2024-12-13T10:18:52","modified_gmt":"2024-12-13T10:18:52","slug":"garni-garten-milano-marittima","status":"publish","type":"page","link":"https:\/\/www.garnigarten.it\/de\/garni-garten-milano-marittima\/","title":{"rendered":"Garni Garten Milano Marittima"},"content":{"rendered":"<section class=\"l-section wpb_row height_auto full_height valign_center width_full with_img parallax_ver\"><div class=\"l-section-img\" role=\"img\" aria-label=\"Bild\" data-img-width=\"2500\" data-img-height=\"1875\" style=\"background-image: url(https:\/\/www.garnigarten.it\/wp-content\/uploads\/2023\/01\/1677-bar-spiaggia-grande.jpg);background-repeat: no-repeat;background-size: auto;\"><\/div><div class=\"l-section-h i-cf\"><div class=\"g-cols vc_row via_flex valign_top type_default stacking_default\"><div class=\"vc_col-sm-12 wpb_column vc_column_container\"><div class=\"vc_column-inner\"><div class=\"wpb_wrapper\"><\/div><\/div><\/div><\/div><\/div><\/section><section class=\"l-section wpb_row height_medium\"><div class=\"l-section-h i-cf\"><div class=\"g-cols vc_row via_flex valign_top type_default stacking_default\"><div class=\"vc_col-sm-4 wpb_column vc_column_container\"><div class=\"vc_column-inner\"><div class=\"wpb_wrapper\"><div class=\"w-separator size_custom\" style=\"height:20px\"><\/div>[vc_custom_heading text=&#8220;Willkommen im Garn\u00ec Garten in Milano Marittima, wo Sie einen Aufenthalt im Zeichen der echten Romagna-Gastfreundschaft, gutem Essen und Entspannung verbringen k\u00f6nnen. Informationen f\u00fcr Angebote und Aktionen anfordern.&#8220; font_container=&#8220;tag:h2|font_size:22|text_align:center|color:%23599e41&#8243; google_fonts=&#8220;font_family:Raleway%3A100%2C200%2C300%2Cregular%2C500%2C600%2C700%2C800%2C900|font_style:300%20light%20regular%3A300%3Anormal&#8220; css=&#8220;%7B%22default%22%3A%7B%22color%22%3A%22%23599e41%22%2C%22font-size%22%3A%2222%22%7D%7D&#8220;]<div class=\"w-separator size_medium\"><\/div><div class=\"w-image align_none\"><div class=\"w-image-h\"><img decoding=\"async\" width=\"1024\" height=\"682\" src=\"https:\/\/www.garnigarten.it\/wp-content\/uploads\/2016\/02\/milanomarittimahall-1024x682.jpg\" class=\"attachment-large size-large\" alt=\"\" loading=\"lazy\" srcset=\"https:\/\/www.garnigarten.it\/wp-content\/uploads\/2016\/02\/milanomarittimahall-1024x682.jpg 1024w, https:\/\/www.garnigarten.it\/wp-content\/uploads\/2016\/02\/milanomarittimahall-300x200.jpg 300w, https:\/\/www.garnigarten.it\/wp-content\/uploads\/2016\/02\/milanomarittimahall-768x512.jpg 768w, https:\/\/www.garnigarten.it\/wp-content\/uploads\/2016\/02\/milanomarittimahall-600x400.jpg 600w, https:\/\/www.garnigarten.it\/wp-content\/uploads\/2016\/02\/milanomarittimahall.jpg 1250w\" sizes=\"auto, (max-width: 1024px) 100vw, 1024px\" \/><\/div><\/div><div class=\"w-separator size_medium\"><\/div><div class=\"w-btn-wrapper align_center\"><a class=\"w-btn us-btn-style_3\" href=\"https:\/\/www.garnigarten.it\/de\/anfrage\/\"><span class=\"w-btn-label\">Anfrage<\/span><\/a><\/div><\/div><\/div><\/div><div class=\"vc_col-sm-8 wpb_column vc_column_container\"><div class=\"vc_column-inner\"><div class=\"wpb_wrapper\"><div class=\"w-separator size_custom\" style=\"height:25px\"><\/div><div class=\"w-image align_none\"><a ref=\"magnificPopup\" href=\"https:\/\/www.garnigarten.it\/wp-content\/uploads\/2019\/11\/garni-garten-milano-marittima.jpg\" aria-label=\"garni-garten-milano-marittima\" class=\"w-image-h\"><img decoding=\"async\" width=\"783\" height=\"660\" src=\"https:\/\/www.garnigarten.it\/wp-content\/uploads\/2019\/11\/garni-garten-milano-marittima.jpg\" class=\"attachment-large size-large\" alt=\"\" loading=\"lazy\" srcset=\"https:\/\/www.garnigarten.it\/wp-content\/uploads\/2019\/11\/garni-garten-milano-marittima.jpg 783w, https:\/\/www.garnigarten.it\/wp-content\/uploads\/2019\/11\/garni-garten-milano-marittima-300x253.jpg 300w, https:\/\/www.garnigarten.it\/wp-content\/uploads\/2019\/11\/garni-garten-milano-marittima-600x506.jpg 600w, https:\/\/www.garnigarten.it\/wp-content\/uploads\/2019\/11\/garni-garten-milano-marittima-768x647.jpg 768w\" sizes=\"auto, (max-width: 783px) 100vw, 783px\" \/><\/a><\/div><\/div><\/div><\/div><\/div><\/div><\/section><section class=\"l-section wpb_row us_custom_33fe73d0 height_medium\"><div class=\"l-section-h i-cf\"><div class=\"g-cols vc_row via_flex valign_top type_default stacking_default\"><div class=\"vc_col-sm-12 wpb_column vc_column_container\"><div class=\"vc_column-inner\"><div class=\"wpb_wrapper\">[vc_custom_heading text=&#8220;\u00dcbernachtung mit Fr\u00fchst\u00fcck am Strand&#8220; font_container=&#8220;tag:h2|text_align:center&#8220; google_fonts=&#8220;font_family:Raleway%3A100%2C200%2C300%2Cregular%2C500%2C600%2C700%2C800%2C900|font_style:300%20light%20regular%3A300%3Anormal&#8220; css=&#8220;%7B%22default%22%3A%7B%22color%22%3A%22%23599e41%22%2C%22font-size%22%3A%2226%22%2C%22margin-top%22%3A%2220px%22%7D%7D&#8220;]<\/div><\/div><\/div><\/div><\/div><\/section><section class=\"l-section wpb_row us_custom_da6da72d height_auto\" id=\"camere\"><div class=\"l-section-h i-cf\"><div class=\"g-cols vc_row via_flex valign_top type_default stacking_default\"><div class=\"vc_col-sm-12 wpb_column vc_column_container\"><div class=\"vc_column-inner\"><div class=\"wpb_wrapper\"><div class=\"g-cols wpb_row us_custom_916d5e53 via_flex valign_top type_default stacking_default\"><div class=\"vc_col-sm-6 wpb_column vc_column_container\"><div class=\"vc_column-inner\"><div class=\"wpb_wrapper\">[vc_custom_heading text=&#8220;Inklusivleistungen im B&amp;B:&#8220; font_container=&#8220;tag:h2|text_align:center&#8220; google_fonts=&#8220;font_family:Raleway%3A100%2C200%2C300%2Cregular%2C500%2C600%2C700%2C800%2C900|font_style:200%20light%20regular%3A200%3Anormal&#8220; css=&#8220;%7B%22default%22%3A%7B%22font-size%22%3A%2222%22%7D%7D&#8220;]<div class=\"wpb_text_column\"><div class=\"wpb_wrapper\"><ul>\n<li style=\"text-align: left;\">\u00dcbernachtung im GARNI GARTEN<\/li>\n<li style=\"text-align: left;\">Einstern-Zimmer (Einzel-, Doppel-, Dreibett-, Vierbett- oder Verbindungszimmer)<\/li>\n<li style=\"text-align: left;\">TV, Klimaanlage, Safe<\/li>\n<li style=\"text-align: left;\">Bad mit Duschwand, Pflegeprodukte<\/li>\n<li style=\"text-align: left;\">F\u00f6n auf Anfrage<\/li>\n<li style=\"text-align: left;\"><strong>FR\u00dcHST\u00dcCK<\/strong> (S\u00fcssspeise oder Salatmen\u00fc), serviert im <strong>Bain Rosen Beach<\/strong>, nur 80 m entfernt und ohne Strassen\u00fcberquerung erreichbar<\/li>\n<li style=\"text-align: left;\">Gratis WLAN<\/li>\n<li>Ohne Velofahren und Autoabstellplatz<\/li>\n<\/ul>\n<\/div><\/div><div class=\"w-btn-wrapper align_center\"><a class=\"w-btn us-btn-style_3\" href=\"https:\/\/www.garnigarten.it\/de\/anfrage\"><span class=\"w-btn-label\">\u00dcbernachtung mit Fr\u00fchst\u00fcck<\/span><\/a><\/div><div class=\"w-separator size_small\"><\/div><\/div><\/div><\/div><div class=\"vc_col-sm-6 wpb_column vc_column_container\"><div class=\"vc_column-inner\"><div class=\"wpb_wrapper\">[vc_custom_heading text=&#8220;Zus\u00e4tzliche Leistungen, gegen Geb\u00fchr:&#8220; font_container=&#8220;tag:h2|text_align:center&#8220; google_fonts=&#8220;font_family:Raleway%3A100%2C200%2C300%2Cregular%2C500%2C600%2C700%2C800%2C900|font_style:200%20light%20regular%3A200%3Anormal&#8220; css=&#8220;%7B%22default%22%3A%7B%22font-size%22%3A%2222%22%7D%7D&#8220;]<div class=\"wpb_text_column\"><div class=\"wpb_wrapper\"><ul>\n<li style=\"text-align: left;\"><strong>STRANDSERVICE<\/strong> im Rosen Beach Bad (ein Sonnenschirm und 2 Liegen)<\/li>\n<li style=\"text-align: left;\"><strong>SCHWIMMBAD<\/strong> des angrenzenden Hotels Rosen Garden***S (im selben grossen Garten)<\/li>\n<li style=\"text-align: left;\">Ortstaxe<\/li>\n<\/ul>\n<\/div><\/div><div class=\"w-btn-wrapper align_center\"><a class=\"w-btn us-btn-style_3\" href=\"https:\/\/www.garnigarten.it\/de\/anfrage\/\"><span class=\"w-btn-label\">\u00dcbernachtung mit Fr\u00fchst\u00fcck mit ZUS\u00c4TZLICHEN DIENSTLEISTUNGEN (Strand, Parkplatz)<\/span><\/a><\/div><\/div><\/div><\/div><\/div><\/div><\/div><\/div><\/div><\/div><\/section><!-- Row Backgrounds --><div class=\"upb_color\" data-bg-override=\"0\" data-bg-color=\"#e6e3da\" data-fadeout=\"\" data-fadeout-percentage=\"30\" data-parallax-content=\"\" data-parallax-content-sense=\"30\" data-row-effect-mobile-disable=\"true\" data-img-parallax-mobile-disable=\"true\" data-rtl=\"false\"  data-custom-vc-row=\"\"  data-vc=\"8.7.2\"  data-is_old_vc=\"\"  data-theme-support=\"\"   data-overlay=\"false\" data-overlay-color=\"\" data-overlay-pattern=\"\" data-overlay-pattern-opacity=\"\" data-overlay-pattern-size=\"\"    ><\/div><section class=\"l-section wpb_row height_medium\"><div class=\"l-section-h i-cf\"><div class=\"g-cols vc_row via_flex valign_top type_default stacking_default\"><div class=\"vc_col-sm-12 wpb_column vc_column_container\"><div class=\"vc_column-inner\"><div class=\"wpb_wrapper\">[vc_custom_heading text=&#8220;Gro\u00dfer Garten und Strand&#8220; font_container=&#8220;tag:h2|text_align:center&#8220; google_fonts=&#8220;font_family:Raleway%3A100%2C200%2C300%2Cregular%2C500%2C600%2C700%2C800%2C900|font_style:200%20light%20regular%3A200%3Anormal&#8220; css=&#8220;%7B%22default%22%3A%7B%22font-size%22%3A%2242%22%7D%7D&#8220;]<div class=\"wpb_text_column\"><div class=\"wpb_wrapper\"><p><strong>Garten<\/strong> von 500 qm unter den Seekiefern im angrenzenden Hotel Rosen Garden 3* sup.<\/p>\n<p><strong>Strand<\/strong> mit einem Sonnenschirm und zwei Liegest\u00fchlen in unserem Rosen Beach Resort (Strandservice im Rahmen der All-Inclusive-Behandlung, mit t\u00e4glichem Zuschlag im Rahmen der Bed and Breakfast-Behandlung).<\/p>\n<\/div><\/div><div class=\"w-grid type_masonry layout_gallery_default cols_3 preload_style_spinner with_isotope\" id=\"us_grid_1\" style=\"--columns:3;--gap:5px;\" data-filterable=\"true\"><style>@media (max-width:600px){#us_grid_1{--columns:2!important}}.layout_gallery_default .w-grid-item-h{}<\/style><div class=\"w-grid-list\">\t<article class=\"w-grid-item size_1x1 post-2944 attachment type-attachment status-inherit hentry\" data-id=\"2944\">\n\t\t<div class=\"w-grid-item-h\">\n\t\t\t\t\t\t\t<a ref=\"magnificPopupGrid\" href=\"https:\/\/www.garnigarten.it\/wp-content\/uploads\/2024\/12\/giardino-rosengarden-0056.jpg\" class=\"w-grid-item-anchor\" aria-label=\"giardino-rosengarden-0056\"><\/a>\n\t\t\t\t\t\t<div class=\"w-post-elm post_image usg_post_image_1 stretched\"><img loading=\"lazy\" decoding=\"async\" width=\"600\" height=\"400\" src=\"https:\/\/www.garnigarten.it\/wp-content\/uploads\/2024\/12\/giardino-rosengarden-0056-600x400.jpg\" class=\"attachment-us_600_400_crop size-us_600_400_crop\" alt=\"\" srcset=\"https:\/\/www.garnigarten.it\/wp-content\/uploads\/2024\/12\/giardino-rosengarden-0056-600x400.jpg 600w, https:\/\/www.garnigarten.it\/wp-content\/uploads\/2024\/12\/giardino-rosengarden-0056-300x199.jpg 300w\" sizes=\"auto, (max-width: 600px) 100vw, 600px\" \/><\/div>\t\t<\/div>\n\t\t\t<\/article>\n\t<article class=\"w-grid-item size_1x1 post-2947 attachment type-attachment status-inherit hentry\" data-id=\"2947\">\n\t\t<div class=\"w-grid-item-h\">\n\t\t\t\t\t\t\t<a ref=\"magnificPopupGrid\" href=\"https:\/\/www.garnigarten.it\/wp-content\/uploads\/2024\/12\/rosenbeach-milano-marittima.jpg\" class=\"w-grid-item-anchor\" aria-label=\"rosenbeach-milano-marittima\"><\/a>\n\t\t\t\t\t\t<div class=\"w-post-elm post_image usg_post_image_1 stretched\"><img loading=\"lazy\" decoding=\"async\" width=\"600\" height=\"400\" src=\"https:\/\/www.garnigarten.it\/wp-content\/uploads\/2024\/12\/rosenbeach-milano-marittima-600x400.jpg\" class=\"attachment-us_600_400_crop size-us_600_400_crop\" alt=\"\" srcset=\"https:\/\/www.garnigarten.it\/wp-content\/uploads\/2024\/12\/rosenbeach-milano-marittima-600x400.jpg 600w, https:\/\/www.garnigarten.it\/wp-content\/uploads\/2024\/12\/rosenbeach-milano-marittima-300x199.jpg 300w\" sizes=\"auto, (max-width: 600px) 100vw, 600px\" \/><\/div>\t\t<\/div>\n\t\t\t<\/article>\n\t<article class=\"w-grid-item size_1x1 post-2950 attachment type-attachment status-inherit hentry\" data-id=\"2950\">\n\t\t<div class=\"w-grid-item-h\">\n\t\t\t\t\t\t\t<a ref=\"magnificPopupGrid\" href=\"https:\/\/www.garnigarten.it\/wp-content\/uploads\/2024\/12\/tavolini-pineta-milano-marittima-0079.jpg\" class=\"w-grid-item-anchor\" aria-label=\"tavolini-pineta-milano-marittima-0079\"><\/a>\n\t\t\t\t\t\t<div class=\"w-post-elm post_image usg_post_image_1 stretched\"><img loading=\"lazy\" decoding=\"async\" width=\"600\" height=\"400\" src=\"https:\/\/www.garnigarten.it\/wp-content\/uploads\/2024\/12\/tavolini-pineta-milano-marittima-0079-600x400.jpg\" class=\"attachment-us_600_400_crop size-us_600_400_crop\" alt=\"\" srcset=\"https:\/\/www.garnigarten.it\/wp-content\/uploads\/2024\/12\/tavolini-pineta-milano-marittima-0079-600x400.jpg 600w, https:\/\/www.garnigarten.it\/wp-content\/uploads\/2024\/12\/tavolini-pineta-milano-marittima-0079-300x199.jpg 300w\" sizes=\"auto, (max-width: 600px) 100vw, 600px\" \/><\/div>\t\t<\/div>\n\t\t\t<\/article>\n\t<article class=\"w-grid-item size_1x1 post-2953 attachment type-attachment status-inherit hentry\" data-id=\"2953\">\n\t\t<div class=\"w-grid-item-h\">\n\t\t\t\t\t\t\t<a ref=\"magnificPopupGrid\" href=\"https:\/\/www.garnigarten.it\/wp-content\/uploads\/2024\/12\/spiaggia-alba-milano-marittima.jpg\" class=\"w-grid-item-anchor\" aria-label=\"spiaggia-alba-milano-marittima\"><\/a>\n\t\t\t\t\t\t<div class=\"w-post-elm post_image usg_post_image_1 stretched\"><img loading=\"lazy\" decoding=\"async\" width=\"600\" height=\"400\" src=\"https:\/\/www.garnigarten.it\/wp-content\/uploads\/2024\/12\/spiaggia-alba-milano-marittima-600x400.jpg\" class=\"attachment-us_600_400_crop size-us_600_400_crop\" alt=\"\" srcset=\"https:\/\/www.garnigarten.it\/wp-content\/uploads\/2024\/12\/spiaggia-alba-milano-marittima-600x400.jpg 600w, https:\/\/www.garnigarten.it\/wp-content\/uploads\/2024\/12\/spiaggia-alba-milano-marittima-300x199.jpg 300w\" sizes=\"auto, (max-width: 600px) 100vw, 600px\" \/><\/div>\t\t<\/div>\n\t\t\t<\/article>\n\t<article class=\"w-grid-item size_1x1 post-2956 attachment type-attachment status-inherit hentry\" data-id=\"2956\">\n\t\t<div class=\"w-grid-item-h\">\n\t\t\t\t\t\t\t<a ref=\"magnificPopupGrid\" href=\"https:\/\/www.garnigarten.it\/wp-content\/uploads\/2024\/12\/spiaggia-rosenbeach3.jpg\" class=\"w-grid-item-anchor\" aria-label=\"spiaggia-rosenbeach3\"><\/a>\n\t\t\t\t\t\t<div class=\"w-post-elm post_image usg_post_image_1 stretched\"><img loading=\"lazy\" decoding=\"async\" width=\"600\" height=\"400\" src=\"https:\/\/www.garnigarten.it\/wp-content\/uploads\/2024\/12\/spiaggia-rosenbeach3-600x400.jpg\" class=\"attachment-us_600_400_crop size-us_600_400_crop\" alt=\"\" srcset=\"https:\/\/www.garnigarten.it\/wp-content\/uploads\/2024\/12\/spiaggia-rosenbeach3-600x400.jpg 600w, https:\/\/www.garnigarten.it\/wp-content\/uploads\/2024\/12\/spiaggia-rosenbeach3-300x199.jpg 300w\" sizes=\"auto, (max-width: 600px) 100vw, 600px\" \/><\/div>\t\t<\/div>\n\t\t\t<\/article>\n\t<article class=\"w-grid-item size_1x1 post-2959 attachment type-attachment status-inherit hentry\" data-id=\"2959\">\n\t\t<div class=\"w-grid-item-h\">\n\t\t\t\t\t\t\t<a ref=\"magnificPopupGrid\" href=\"https:\/\/www.garnigarten.it\/wp-content\/uploads\/2024\/12\/giardino-rosengarden-milano-marittima-0067.jpg\" class=\"w-grid-item-anchor\" aria-label=\"giardino-rosengarden-milano-marittima-0067\"><\/a>\n\t\t\t\t\t\t<div class=\"w-post-elm post_image usg_post_image_1 stretched\"><img loading=\"lazy\" decoding=\"async\" width=\"600\" height=\"400\" src=\"https:\/\/www.garnigarten.it\/wp-content\/uploads\/2024\/12\/giardino-rosengarden-milano-marittima-0067-600x400.jpg\" class=\"attachment-us_600_400_crop size-us_600_400_crop\" alt=\"\" srcset=\"https:\/\/www.garnigarten.it\/wp-content\/uploads\/2024\/12\/giardino-rosengarden-milano-marittima-0067-600x400.jpg 600w, https:\/\/www.garnigarten.it\/wp-content\/uploads\/2024\/12\/giardino-rosengarden-milano-marittima-0067-300x199.jpg 300w\" sizes=\"auto, (max-width: 600px) 100vw, 600px\" \/><\/div>\t\t<\/div>\n\t\t\t<\/article>\n<\/div><div class=\"w-grid-preloader\">\t<div class=\"g-preloader type_1\">\n\t\t<div><\/div>\n\t<\/div>\n\t<\/div>\t<div class=\"w-grid-json hidden\" onclick='return {&quot;action&quot;:&quot;us_ajax_grid&quot;,&quot;infinite_scroll&quot;:0,&quot;max_num_pages&quot;:1,&quot;pagination&quot;:&quot;none&quot;,&quot;template_vars&quot;:{&quot;columns&quot;:&quot;3&quot;,&quot;exclude_items&quot;:&quot;none&quot;,&quot;img_size&quot;:&quot;us_600_400_crop&quot;,&quot;ignore_items_size&quot;:0,&quot;items_layout&quot;:&quot;gallery_default&quot;,&quot;items_offset&quot;:&quot;1&quot;,&quot;load_animation&quot;:&quot;none&quot;,&quot;overriding_link&quot;:&quot;%7B%22type%22%3A%22popup_image%22%7D&quot;,&quot;post_id&quot;:0,&quot;query_args&quot;:{&quot;post_type&quot;:[&quot;attachment&quot;],&quot;post__in&quot;:[&quot;2944&quot;,&quot;2947&quot;,&quot;2950&quot;,&quot;2953&quot;,&quot;2956&quot;,&quot;2959&quot;],&quot;post_status&quot;:&quot;inherit&quot;,&quot;post_mime_type&quot;:&quot;image&quot;,&quot;posts_per_page&quot;:&quot;10&quot;},&quot;orderby_query_args&quot;:{&quot;orderby&quot;:{&quot;post__in&quot;:&quot;ASC&quot;},&quot;order&quot;:&quot;ASC&quot;},&quot;type&quot;:&quot;masonry&quot;,&quot;us_grid_post_type&quot;:&quot;attachment&quot;,&quot;us_grid_ajax_index&quot;:1,&quot;us_grid_filter_query_string&quot;:null,&quot;us_grid_index&quot;:1,&quot;page_args&quot;:[],&quot;lang&quot;:&quot;de&quot;}}'><\/div>\n\t<\/div><\/div><\/div><\/div><\/div><\/div><\/section>\n","protected":false},"excerpt":{"rendered":"","protected":false},"author":2,"featured_media":0,"parent":0,"menu_order":0,"comment_status":"closed","ping_status":"closed","template":"","meta":{"footnotes":""},"class_list":["post-2939","page","type-page","status-publish","hentry"],"yoast_head":"<!-- This site is optimized with the Yoast SEO plugin v27.4 - https:\/\/yoast.com\/product\/yoast-seo-wordpress\/ -->\n<title>Garni Garten Milano Marittima<\/title>\n<meta name=\"description\" content=\"Garni Garten Milano Marittima\" \/>\n<meta name=\"robots\" content=\"index, follow, max-snippet:-1, max-image-preview:large, max-video-preview:-1\" \/>\n<link rel=\"canonical\" href=\"https:\/\/www.garnigarten.it\/de\/garni-garten-milano-marittima\/\" \/>\n<meta property=\"og:locale\" content=\"de_DE\" \/>\n<meta property=\"og:type\" content=\"article\" \/>\n<meta property=\"og:title\" content=\"Garni Garten Milano Marittima\" \/>\n<meta property=\"og:description\" content=\"Garni Garten Milano Marittima\" \/>\n<meta property=\"og:url\" content=\"https:\/\/www.garnigarten.it\/de\/garni-garten-milano-marittima\/\" \/>\n<meta property=\"og:site_name\" content=\"Garni Garten Milano Marittima\" \/>\n<meta property=\"article:modified_time\" content=\"2024-12-13T10:18:52+00:00\" \/>\n<meta name=\"twitter:card\" content=\"summary_large_image\" \/>\n<meta name=\"twitter:label1\" content=\"Gesch\u00e4tzte Lesezeit\" \/>\n\t<meta name=\"twitter:data1\" content=\"2\u00a0Minuten\" \/>\n<script type=\"application\/ld+json\" class=\"yoast-schema-graph\">{\"@context\":\"https:\\\/\\\/schema.org\",\"@graph\":[{\"@type\":\"WebPage\",\"@id\":\"https:\\\/\\\/www.garnigarten.it\\\/de\\\/garni-garten-milano-marittima\\\/\",\"url\":\"https:\\\/\\\/www.garnigarten.it\\\/de\\\/garni-garten-milano-marittima\\\/\",\"name\":\"Garni Garten Milano Marittima\",\"isPartOf\":{\"@id\":\"https:\\\/\\\/www.garnigarten.it\\\/de\\\/#website\"},\"datePublished\":\"2024-12-13T10:10:30+00:00\",\"dateModified\":\"2024-12-13T10:18:52+00:00\",\"description\":\"Garni Garten Milano Marittima\",\"breadcrumb\":{\"@id\":\"https:\\\/\\\/www.garnigarten.it\\\/de\\\/garni-garten-milano-marittima\\\/#breadcrumb\"},\"inLanguage\":\"de\",\"potentialAction\":[{\"@type\":\"ReadAction\",\"target\":[\"https:\\\/\\\/www.garnigarten.it\\\/de\\\/garni-garten-milano-marittima\\\/\"]}]},{\"@type\":\"BreadcrumbList\",\"@id\":\"https:\\\/\\\/www.garnigarten.it\\\/de\\\/garni-garten-milano-marittima\\\/#breadcrumb\",\"itemListElement\":[{\"@type\":\"ListItem\",\"position\":1,\"name\":\"Home\",\"item\":\"https:\\\/\\\/www.garnigarten.it\\\/de\\\/\"},{\"@type\":\"ListItem\",\"position\":2,\"name\":\"Garni Garten Milano Marittima\"}]},{\"@type\":\"WebSite\",\"@id\":\"https:\\\/\\\/www.garnigarten.it\\\/de\\\/#website\",\"url\":\"https:\\\/\\\/www.garnigarten.it\\\/de\\\/\",\"name\":\"Garni Garten Milano Marittima\",\"description\":\"\",\"potentialAction\":[{\"@type\":\"SearchAction\",\"target\":{\"@type\":\"EntryPoint\",\"urlTemplate\":\"https:\\\/\\\/www.garnigarten.it\\\/de\\\/?s={search_term_string}\"},\"query-input\":{\"@type\":\"PropertyValueSpecification\",\"valueRequired\":true,\"valueName\":\"search_term_string\"}}],\"inLanguage\":\"de\"}]}<\/script>\n<!-- \/ Yoast SEO plugin. -->","yoast_head_json":{"title":"Garni Garten Milano Marittima","description":"Garni Garten Milano Marittima","robots":{"index":"index","follow":"follow","max-snippet":"max-snippet:-1","max-image-preview":"max-image-preview:large","max-video-preview":"max-video-preview:-1"},"canonical":"https:\/\/www.garnigarten.it\/de\/garni-garten-milano-marittima\/","og_locale":"de_DE","og_type":"article","og_title":"Garni Garten Milano Marittima","og_description":"Garni Garten Milano Marittima","og_url":"https:\/\/www.garnigarten.it\/de\/garni-garten-milano-marittima\/","og_site_name":"Garni Garten Milano Marittima","article_modified_time":"2024-12-13T10:18:52+00:00","twitter_card":"summary_large_image","twitter_misc":{"Gesch\u00e4tzte Lesezeit":"2\u00a0Minuten"},"schema":{"@context":"https:\/\/schema.org","@graph":[{"@type":"WebPage","@id":"https:\/\/www.garnigarten.it\/de\/garni-garten-milano-marittima\/","url":"https:\/\/www.garnigarten.it\/de\/garni-garten-milano-marittima\/","name":"Garni Garten Milano Marittima","isPartOf":{"@id":"https:\/\/www.garnigarten.it\/de\/#website"},"datePublished":"2024-12-13T10:10:30+00:00","dateModified":"2024-12-13T10:18:52+00:00","description":"Garni Garten Milano Marittima","breadcrumb":{"@id":"https:\/\/www.garnigarten.it\/de\/garni-garten-milano-marittima\/#breadcrumb"},"inLanguage":"de","potentialAction":[{"@type":"ReadAction","target":["https:\/\/www.garnigarten.it\/de\/garni-garten-milano-marittima\/"]}]},{"@type":"BreadcrumbList","@id":"https:\/\/www.garnigarten.it\/de\/garni-garten-milano-marittima\/#breadcrumb","itemListElement":[{"@type":"ListItem","position":1,"name":"Home","item":"https:\/\/www.garnigarten.it\/de\/"},{"@type":"ListItem","position":2,"name":"Garni Garten Milano Marittima"}]},{"@type":"WebSite","@id":"https:\/\/www.garnigarten.it\/de\/#website","url":"https:\/\/www.garnigarten.it\/de\/","name":"Garni Garten Milano Marittima","description":"","potentialAction":[{"@type":"SearchAction","target":{"@type":"EntryPoint","urlTemplate":"https:\/\/www.garnigarten.it\/de\/?s={search_term_string}"},"query-input":{"@type":"PropertyValueSpecification","valueRequired":true,"valueName":"search_term_string"}}],"inLanguage":"de"}]}},"_links":{"self":[{"href":"https:\/\/www.garnigarten.it\/de\/wp-json\/wp\/v2\/pages\/2939","targetHints":{"allow":["GET"]}}],"collection":[{"href":"https:\/\/www.garnigarten.it\/de\/wp-json\/wp\/v2\/pages"}],"about":[{"href":"https:\/\/www.garnigarten.it\/de\/wp-json\/wp\/v2\/types\/page"}],"author":[{"embeddable":true,"href":"https:\/\/www.garnigarten.it\/de\/wp-json\/wp\/v2\/users\/2"}],"replies":[{"embeddable":true,"href":"https:\/\/www.garnigarten.it\/de\/wp-json\/wp\/v2\/comments?post=2939"}],"version-history":[{"count":5,"href":"https:\/\/www.garnigarten.it\/de\/wp-json\/wp\/v2\/pages\/2939\/revisions"}],"predecessor-version":[{"id":2962,"href":"https:\/\/www.garnigarten.it\/de\/wp-json\/wp\/v2\/pages\/2939\/revisions\/2962"}],"wp:attachment":[{"href":"https:\/\/www.garnigarten.it\/de\/wp-json\/wp\/v2\/media?parent=2939"}],"curies":[{"name":"wp","href":"https:\/\/api.w.org\/{rel}","templated":true}]}}